{"id":17707,"date":"2014-05-27T13:18:58","date_gmt":"2014-05-27T13:18:58","guid":{"rendered":"http:\/\/wpresidence.net\/?page_id=201"},"modified":"2025-09-12T00:24:55","modified_gmt":"2025-09-12T03:24:55","slug":"homepage","status":"publish","type":"page","link":"https:\/\/www.praiadaferrugem.net\/aluguel\/","title":{"rendered":"Homepage"},"content":{"rendered":"[vc_row full_width=&#8221;stretch_row_content_no_spaces&#8221; bg_type=&#8221;bg_color&#8221; bg_color_value=&#8221;#ffffff&#8221;][vc_column]<div class=\"spacer\" style=\"height:40px;\"><\/div><div id=\"ultimate-heading-883369f1a7429c2fc\" class=\"uvc-heading ult-adjust-bottom-margin ultimate-heading-883369f1a7429c2fc uvc-26 \" data-hspacer=\"no_spacer\"  data-halign=\"center\" style=\"text-align:center\"><div class=\"uvc-heading-spacer no_spacer\" style=\"top\"><\/div><div class=\"uvc-main-heading ult-responsive\"  data-ultimate-target='.uvc-heading.ultimate-heading-883369f1a7429c2fc h2'  data-responsive-json-new='{\"font-size\":\"\",\"line-height\":\"\"}' ><h2 style=\"font-weight:normal;\">Im\u00f3veis em Destaque<\/h2><\/div><div class=\"uvc-sub-heading ult-responsive\"  data-ultimate-target='.uvc-heading.ultimate-heading-883369f1a7429c2fc .uvc-sub-heading '  data-responsive-json-new='{\"font-size\":\"\",\"line-height\":\"\"}'  style=\"font-weight:normal;margin-bottom:20px;\">Os Im\u00f3veis mais procurados em nosso site s\u00e3o estes \ud83d\ude42<\/div><\/div><div class=\"article_container slider_container bottom-estate_property nobutton  \" ><div class=\"shortcode_slider_wrapper\" ><div class=\"shortcode_slider_list slider_no62813 arrow_class_top \" data-items-per-row=\"3\"  data-auto=\"2000\" ><div class=\" slider_prop_wrapper   three_per_row  \" >  \n\n<div class=\"col-md- shortcode-col has_prop_slider  listing_wrapper \" \n    data-org=\"6\"   \n    data-main-modal=\"https:\/\/www.praiadaferrugem.net\/aluguel\/wp-content\/uploads\/2024\/12\/IMG_3595-835x467.jpg\"\n    data-modal-title=\"Apartamento t\u00e9rreo p\/ 2\/3 pessoas\"\n    data-modal-link=\"https:\/\/www.praiadaferrugem.net\/aluguel\/imovel\/ref71\/\"\n    data-listid=\"32253\" >    \n    \n        \n    <div class=\"property_listing  property_card_default property_listing_custom_design \" \n         data-link=\"\">    \n        \n        <div class=\"property_unit_custom row_no_1 col-md-12  \"><div class=\"property_unit_custom_element image unit_element_94767 \"><div class=\"listing-unit-img-wrapper\">\n                <div id=\"property_unit_carousel_69f1a742b09e0\" class=\"carousel property_unit_carousel slide \" data-ride=\"carousel\" data-interval=\"false\">\n                    <div class=\"carousel-inner\">         \n                        <div class=\"item active\">    \n                            <a href=\"https:\/\/www.praiadaferrugem.net\/aluguel\/imovel\/ref71\/\"><img width=\"525\" height=\"328\" src=\"https:\/\/www.praiadaferrugem.net\/aluguel\/wp-content\/uploads\/2024\/12\/IMG_3595-525x328.jpg\" class=\"lazyload img-responsive wp-post-image\" alt=\"\" loading=\"lazy\" data-original=\"https:\/\/www.praiadaferrugem.net\/aluguel\/wp-content\/uploads\/2024\/12\/IMG_3595-525x328.jpg\" \/><\/a>     \n                        <\/div>\n                        <div class=\"item lazy-load-item\">\n                                        <a href=\"https:\/\/www.praiadaferrugem.net\/aluguel\/imovel\/ref71\/\"><img  data-lazy-load-src=\"https:\/\/www.praiadaferrugem.net\/aluguel\/wp-content\/uploads\/2024\/12\/IMG_3621-525x328.jpg\" alt=\"Apartamento t\u00e9rreo p\/ 2\/3 pessoas\" class=\"img-responsive\" \/><\/a>\n                                    <\/div><div class=\"item lazy-load-item\">\n                                        <a href=\"https:\/\/www.praiadaferrugem.net\/aluguel\/imovel\/ref71\/\"><img  data-lazy-load-src=\"https:\/\/www.praiadaferrugem.net\/aluguel\/wp-content\/uploads\/2024\/12\/IMG_8149-525x328.jpg\" alt=\"Apartamento t\u00e9rreo p\/ 2\/3 pessoas\" class=\"img-responsive\" \/><\/a>\n                                    <\/div><div class=\"item lazy-load-item\">\n                                        <a href=\"https:\/\/www.praiadaferrugem.net\/aluguel\/imovel\/ref71\/\"><img  data-lazy-load-src=\"https:\/\/www.praiadaferrugem.net\/aluguel\/wp-content\/uploads\/2024\/12\/IMG_8165-525x328.jpg\" alt=\"Apartamento t\u00e9rreo p\/ 2\/3 pessoas\" class=\"img-responsive\" \/><\/a>\n                                    <\/div><div class=\"item lazy-load-item\">\n                                        <a href=\"https:\/\/www.praiadaferrugem.net\/aluguel\/imovel\/ref71\/\"><img  data-lazy-load-src=\"https:\/\/www.praiadaferrugem.net\/aluguel\/wp-content\/uploads\/2024\/12\/IMG_8162-525x328.jpg\" alt=\"Apartamento t\u00e9rreo p\/ 2\/3 pessoas\" class=\"img-responsive\" \/><\/a>\n                                    <\/div><div class=\"item lazy-load-item\">\n                                        <a href=\"https:\/\/www.praiadaferrugem.net\/aluguel\/imovel\/ref71\/\"><img  data-lazy-load-src=\"https:\/\/www.praiadaferrugem.net\/aluguel\/wp-content\/uploads\/2024\/12\/IMG_8158-525x328.jpg\" alt=\"Apartamento t\u00e9rreo p\/ 2\/3 pessoas\" class=\"img-responsive\" \/><\/a>\n                                    <\/div><div class=\"item lazy-load-item\">\n                                        <a href=\"https:\/\/www.praiadaferrugem.net\/aluguel\/imovel\/ref71\/\"><img  data-lazy-load-src=\"https:\/\/www.praiadaferrugem.net\/aluguel\/wp-content\/uploads\/2024\/12\/IMG_8156-525x328.jpg\" alt=\"Apartamento t\u00e9rreo p\/ 2\/3 pessoas\" class=\"img-responsive\" \/><\/a>\n                                    <\/div><div class=\"item lazy-load-item\">\n                                        <a href=\"https:\/\/www.praiadaferrugem.net\/aluguel\/imovel\/ref71\/\"><img  data-lazy-load-src=\"https:\/\/www.praiadaferrugem.net\/aluguel\/wp-content\/uploads\/2024\/12\/IMG_8154-525x328.jpg\" alt=\"Apartamento t\u00e9rreo p\/ 2\/3 pessoas\" class=\"img-responsive\" \/><\/a>\n                                    <\/div><div class=\"item lazy-load-item\">\n                                        <a href=\"https:\/\/www.praiadaferrugem.net\/aluguel\/imovel\/ref71\/\"><img  data-lazy-load-src=\"https:\/\/www.praiadaferrugem.net\/aluguel\/wp-content\/uploads\/2024\/12\/IMG_8147-525x328.jpg\" alt=\"Apartamento t\u00e9rreo p\/ 2\/3 pessoas\" class=\"img-responsive\" \/><\/a>\n                                    <\/div><div class=\"item lazy-load-item\">\n                                        <a href=\"https:\/\/www.praiadaferrugem.net\/aluguel\/imovel\/ref71\/\"><img  data-lazy-load-src=\"https:\/\/www.praiadaferrugem.net\/aluguel\/wp-content\/uploads\/2024\/12\/IMG_3586-525x328.jpg\" alt=\"Apartamento t\u00e9rreo p\/ 2\/3 pessoas\" class=\"img-responsive\" \/><\/a>\n                                    <\/div><div class=\"item lazy-load-item\">\n                                        <a href=\"https:\/\/www.praiadaferrugem.net\/aluguel\/imovel\/ref71\/\"><img  data-lazy-load-src=\"https:\/\/www.praiadaferrugem.net\/aluguel\/wp-content\/uploads\/2024\/12\/IMG_8152-525x328.jpg\" alt=\"Apartamento t\u00e9rreo p\/ 2\/3 pessoas\" class=\"img-responsive\" \/><\/a>\n                                    <\/div><div class=\"item lazy-load-item\">\n                                        <a href=\"https:\/\/www.praiadaferrugem.net\/aluguel\/imovel\/ref71\/\"><img  data-lazy-load-src=\"https:\/\/www.praiadaferrugem.net\/aluguel\/wp-content\/uploads\/2024\/12\/IMG_8151-525x328.jpg\" alt=\"Apartamento t\u00e9rreo p\/ 2\/3 pessoas\" class=\"img-responsive\" \/><\/a>\n                                    <\/div><div class=\"item lazy-load-item\">\n                                        <a href=\"https:\/\/www.praiadaferrugem.net\/aluguel\/imovel\/ref71\/\"><img  data-lazy-load-src=\"https:\/\/www.praiadaferrugem.net\/aluguel\/wp-content\/uploads\/2024\/12\/IMG_3618-525x328.jpg\" alt=\"Apartamento t\u00e9rreo p\/ 2\/3 pessoas\" class=\"img-responsive\" \/><\/a>\n                                    <\/div><div class=\"item lazy-load-item\">\n                                        <a href=\"https:\/\/www.praiadaferrugem.net\/aluguel\/imovel\/ref71\/\"><img  data-lazy-load-src=\"https:\/\/www.praiadaferrugem.net\/aluguel\/wp-content\/uploads\/2024\/12\/IMG_3617-525x328.jpg\" alt=\"Apartamento t\u00e9rreo p\/ 2\/3 pessoas\" class=\"img-responsive\" \/><\/a>\n                                    <\/div><div class=\"item lazy-load-item\">\n                                        <a href=\"https:\/\/www.praiadaferrugem.net\/aluguel\/imovel\/ref71\/\"><img  data-lazy-load-src=\"https:\/\/www.praiadaferrugem.net\/aluguel\/wp-content\/uploads\/2024\/12\/IMG_3615-525x328.jpg\" alt=\"Apartamento t\u00e9rreo p\/ 2\/3 pessoas\" class=\"img-responsive\" \/><\/a>\n                                    <\/div><div class=\"item lazy-load-item\">\n                                        <a href=\"https:\/\/www.praiadaferrugem.net\/aluguel\/imovel\/ref71\/\"><img  data-lazy-load-src=\"https:\/\/www.praiadaferrugem.net\/aluguel\/wp-content\/uploads\/2024\/12\/IMG_3614-525x328.jpg\" alt=\"Apartamento t\u00e9rreo p\/ 2\/3 pessoas\" class=\"img-responsive\" \/><\/a>\n                                    <\/div><div class=\"item lazy-load-item\">\n                                        <a href=\"https:\/\/www.praiadaferrugem.net\/aluguel\/imovel\/ref71\/\"><img  data-lazy-load-src=\"https:\/\/www.praiadaferrugem.net\/aluguel\/wp-content\/uploads\/2024\/12\/IMG_3612-525x328.jpg\" alt=\"Apartamento t\u00e9rreo p\/ 2\/3 pessoas\" class=\"img-responsive\" \/><\/a>\n                                    <\/div><div class=\"item lazy-load-item\">\n                                        <a href=\"https:\/\/www.praiadaferrugem.net\/aluguel\/imovel\/ref71\/\"><img  data-lazy-load-src=\"https:\/\/www.praiadaferrugem.net\/aluguel\/wp-content\/uploads\/2024\/12\/IMG_3606-525x328.jpg\" alt=\"Apartamento t\u00e9rreo p\/ 2\/3 pessoas\" class=\"img-responsive\" \/><\/a>\n                                    <\/div><div class=\"item lazy-load-item\">\n                                        <a href=\"https:\/\/www.praiadaferrugem.net\/aluguel\/imovel\/ref71\/\"><img  data-lazy-load-src=\"https:\/\/www.praiadaferrugem.net\/aluguel\/wp-content\/uploads\/2024\/12\/IMG_3603-525x328.jpg\" alt=\"Apartamento t\u00e9rreo p\/ 2\/3 pessoas\" class=\"img-responsive\" \/><\/a>\n                                    <\/div><div class=\"item lazy-load-item\">\n                                        <a href=\"https:\/\/www.praiadaferrugem.net\/aluguel\/imovel\/ref71\/\"><img  data-lazy-load-src=\"https:\/\/www.praiadaferrugem.net\/aluguel\/wp-content\/uploads\/2024\/12\/IMG_3600-525x328.jpg\" alt=\"Apartamento t\u00e9rreo p\/ 2\/3 pessoas\" class=\"img-responsive\" \/><\/a>\n                                    <\/div><div class=\"item lazy-load-item\">\n                                        <a href=\"https:\/\/www.praiadaferrugem.net\/aluguel\/imovel\/ref71\/\"><img  data-lazy-load-src=\"https:\/\/www.praiadaferrugem.net\/aluguel\/wp-content\/uploads\/2024\/12\/IMG_3594-525x328.jpg\" alt=\"Apartamento t\u00e9rreo p\/ 2\/3 pessoas\" class=\"img-responsive\" \/><\/a>\n                                    <\/div><div class=\"item lazy-load-item\">\n                                        <a href=\"https:\/\/www.praiadaferrugem.net\/aluguel\/imovel\/ref71\/\"><img  data-lazy-load-src=\"https:\/\/www.praiadaferrugem.net\/aluguel\/wp-content\/uploads\/2024\/12\/IMG_3592-525x328.jpg\" alt=\"Apartamento t\u00e9rreo p\/ 2\/3 pessoas\" class=\"img-responsive\" \/><\/a>\n                                    <\/div>\n                    <\/div>\n\n\n\n\n                    <a href=\"https:\/\/www.praiadaferrugem.net\/aluguel\/imovel\/ref71\/\"> <\/a><a class=\"left  carousel-control\" href=\"#property_unit_carousel_69f1a742b09e0\" data-slide=\"prev\">\n                            <i class=\"fas fa-angle-left\"><\/i>\n                        <\/a>\n\n                        <a class=\"right  carousel-control\" href=\"#property_unit_carousel_69f1a742b09e0\" data-slide=\"next\">\n                            <i class=\"fas fa-angle-right\"><\/i>\n                        <\/a>\n                <\/div><\/div><\/div><div class=\"property_unit_custom_element text unit_element_56983 \">REF<\/div><div class=\"property_unit_custom_element property-manual-id unit_element_62814 \">71<\/div><div class=\"property_unit_custom_element featured_icon unit_element_96450 \"><i class=\"fa fa-star\" aria-hidden=\"true\"><\/i><\/div><\/div><div class=\"property_unit_custom row_no_2 col-md-12  \"><div class=\"property_unit_custom_element title unit_element_8863 normal\" style=\" width:100%; \" ><h4><a href=\"https:\/\/www.praiadaferrugem.net\/aluguel\/imovel\/ref71\/\" target=\"_blank\" >Apartamento t\u00e9rreo p\/ 2\/3 pessoas<\/a><\/h4><\/div><div class=\"property_unit_custom_element property_address unit_element_68937 \" style=\" width:100%; \" >Praia da Ferrugem, Garopaba\/SC<\/div><div class=\"property_unit_custom_element textominiaaturas unit_element_53439 bold\" style=\" width:100%; \" >AR | WIFI | PISCINA ANEXO<\/div><\/div><div class=\"property_unit_custom row_no_3 col-md-12  \"><\/div><div class=\"property_unit_custom row_no_4 col-md-12  \"><div class=\"property_unit_custom_element icon unit_element_91418 \"><img src=\"http:\/\/www.praiadaferrugem.net\/aluguel\/icon_bed.png\" alt=\"featured icon\"><\/div><div class=\"property_unit_custom_element property_bedrooms unit_element_97441 \">1<\/div><div class=\"property_unit_custom_element text unit_element_28906 \"><\/div><div class=\"property_unit_custom_element icon unit_element_73983 \"><img src=\"http:\/\/www.praiadaferrugem.net\/aluguel\/icon_bath.png\" alt=\"featured icon\"><\/div><div class=\"property_unit_custom_element property_bathrooms unit_element_48632 \">1<\/div><div class=\"property_unit_custom_element text unit_element_32943 \"><\/div><div class=\"property_unit_custom_element icon unit_element_16610 \"><img src=\"http:\/\/www.praiadaferrugem.net\/aluguel\/icon_wave.png\" alt=\"featured icon\"><\/div><div class=\"property_unit_custom_element property_price unit_element_479 \">500 m <span class=\"price_label\">\/praia<\/span><\/div><\/div><div class=\"property_unit_custom row_no_5 col-md-12  \"><div class=\"property_unit_custom_element text  \"><\/div><\/div>        <\/div>             \n    <\/div><\/div><div class=\" slider_prop_wrapper   three_per_row  \" >  \n\n<div class=\"col-md- shortcode-col has_prop_slider  listing_wrapper \" \n    data-org=\"6\"   \n    data-main-modal=\"https:\/\/www.praiadaferrugem.net\/aluguel\/wp-content\/uploads\/2024\/12\/IMG_8669-835x467.jpg\"\n    data-modal-title=\"Apartamento p\/ 6\/8 pessoas\"\n    data-modal-link=\"https:\/\/www.praiadaferrugem.net\/aluguel\/imovel\/ref509\/\"\n    data-listid=\"32184\" >    \n    \n        \n    <div class=\"property_listing  property_card_default property_listing_custom_design \" \n         data-link=\"\">    \n        \n        <div class=\"property_unit_custom row_no_1 col-md-12  \"><div class=\"property_unit_custom_element image unit_element_94767 \"><div class=\"listing-unit-img-wrapper\">\n                <div id=\"property_unit_carousel_69f1a742b3cd8\" class=\"carousel property_unit_carousel slide \" data-ride=\"carousel\" data-interval=\"false\">\n                    <div class=\"carousel-inner\">         \n                        <div class=\"item active\">    \n                            <a href=\"https:\/\/www.praiadaferrugem.net\/aluguel\/imovel\/ref509\/\"><img width=\"525\" height=\"328\" src=\"https:\/\/www.praiadaferrugem.net\/aluguel\/wp-content\/uploads\/2024\/12\/IMG_8669-525x328.jpg\" class=\"lazyload img-responsive wp-post-image\" alt=\"\" loading=\"lazy\" data-original=\"https:\/\/www.praiadaferrugem.net\/aluguel\/wp-content\/uploads\/2024\/12\/IMG_8669-525x328.jpg\" \/><\/a>     \n                        <\/div>\n                        <div class=\"item lazy-load-item\">\n                                        <a href=\"https:\/\/www.praiadaferrugem.net\/aluguel\/imovel\/ref509\/\"><img  data-lazy-load-src=\"https:\/\/www.praiadaferrugem.net\/aluguel\/wp-content\/uploads\/2024\/12\/5-525x328.jpg\" alt=\"Apartamento p\/ 6\/8 pessoas\" class=\"img-responsive\" \/><\/a>\n                                    <\/div><div class=\"item lazy-load-item\">\n                                        <a href=\"https:\/\/www.praiadaferrugem.net\/aluguel\/imovel\/ref509\/\"><img  data-lazy-load-src=\"https:\/\/www.praiadaferrugem.net\/aluguel\/wp-content\/uploads\/2024\/12\/2-525x328.jpg\" alt=\"Apartamento p\/ 6\/8 pessoas\" class=\"img-responsive\" \/><\/a>\n                                    <\/div><div class=\"item lazy-load-item\">\n                                        <a href=\"https:\/\/www.praiadaferrugem.net\/aluguel\/imovel\/ref509\/\"><img  data-lazy-load-src=\"https:\/\/www.praiadaferrugem.net\/aluguel\/wp-content\/uploads\/2024\/12\/IMG_6840-525x328.jpg\" alt=\"Apartamento p\/ 6\/8 pessoas\" class=\"img-responsive\" \/><\/a>\n                                    <\/div><div class=\"item lazy-load-item\">\n                                        <a href=\"https:\/\/www.praiadaferrugem.net\/aluguel\/imovel\/ref509\/\"><img  data-lazy-load-src=\"https:\/\/www.praiadaferrugem.net\/aluguel\/wp-content\/uploads\/2024\/12\/IMG_6837-525x328.jpg\" alt=\"Apartamento p\/ 6\/8 pessoas\" class=\"img-responsive\" \/><\/a>\n                                    <\/div><div class=\"item lazy-load-item\">\n                                        <a href=\"https:\/\/www.praiadaferrugem.net\/aluguel\/imovel\/ref509\/\"><img  data-lazy-load-src=\"https:\/\/www.praiadaferrugem.net\/aluguel\/wp-content\/uploads\/2024\/12\/IMG_6833-525x328.jpg\" alt=\"Apartamento p\/ 6\/8 pessoas\" class=\"img-responsive\" \/><\/a>\n                                    <\/div><div class=\"item lazy-load-item\">\n                                        <a href=\"https:\/\/www.praiadaferrugem.net\/aluguel\/imovel\/ref509\/\"><img  data-lazy-load-src=\"https:\/\/www.praiadaferrugem.net\/aluguel\/wp-content\/uploads\/2024\/12\/IMG_6836-525x328.jpg\" alt=\"Apartamento p\/ 6\/8 pessoas\" class=\"img-responsive\" \/><\/a>\n                                    <\/div><div class=\"item lazy-load-item\">\n                                        <a href=\"https:\/\/www.praiadaferrugem.net\/aluguel\/imovel\/ref509\/\"><img  data-lazy-load-src=\"https:\/\/www.praiadaferrugem.net\/aluguel\/wp-content\/uploads\/2024\/12\/IMG_6838-525x328.jpg\" alt=\"Apartamento p\/ 6\/8 pessoas\" class=\"img-responsive\" \/><\/a>\n                                    <\/div><div class=\"item lazy-load-item\">\n                                        <a href=\"https:\/\/www.praiadaferrugem.net\/aluguel\/imovel\/ref509\/\"><img  data-lazy-load-src=\"https:\/\/www.praiadaferrugem.net\/aluguel\/wp-content\/uploads\/2024\/12\/IMG_6852-525x328.jpg\" alt=\"Apartamento p\/ 6\/8 pessoas\" class=\"img-responsive\" \/><\/a>\n                                    <\/div><div class=\"item lazy-load-item\">\n                                        <a href=\"https:\/\/www.praiadaferrugem.net\/aluguel\/imovel\/ref509\/\"><img  data-lazy-load-src=\"https:\/\/www.praiadaferrugem.net\/aluguel\/wp-content\/uploads\/2024\/12\/IMG_6854-525x328.jpg\" alt=\"Apartamento p\/ 6\/8 pessoas\" class=\"img-responsive\" \/><\/a>\n                                    <\/div><div class=\"item lazy-load-item\">\n                                        <a href=\"https:\/\/www.praiadaferrugem.net\/aluguel\/imovel\/ref509\/\"><img  data-lazy-load-src=\"https:\/\/www.praiadaferrugem.net\/aluguel\/wp-content\/uploads\/2024\/12\/IMG_6850-525x328.jpg\" alt=\"Apartamento p\/ 6\/8 pessoas\" class=\"img-responsive\" \/><\/a>\n                                    <\/div><div class=\"item lazy-load-item\">\n                                        <a href=\"https:\/\/www.praiadaferrugem.net\/aluguel\/imovel\/ref509\/\"><img  data-lazy-load-src=\"https:\/\/www.praiadaferrugem.net\/aluguel\/wp-content\/uploads\/2024\/12\/IMG_6848-525x328.jpg\" alt=\"Apartamento p\/ 6\/8 pessoas\" class=\"img-responsive\" \/><\/a>\n                                    <\/div><div class=\"item lazy-load-item\">\n                                        <a href=\"https:\/\/www.praiadaferrugem.net\/aluguel\/imovel\/ref509\/\"><img  data-lazy-load-src=\"https:\/\/www.praiadaferrugem.net\/aluguel\/wp-content\/uploads\/2024\/12\/IMG_6846-525x328.jpg\" alt=\"Apartamento p\/ 6\/8 pessoas\" class=\"img-responsive\" \/><\/a>\n                                    <\/div><div class=\"item lazy-load-item\">\n                                        <a href=\"https:\/\/www.praiadaferrugem.net\/aluguel\/imovel\/ref509\/\"><img  data-lazy-load-src=\"https:\/\/www.praiadaferrugem.net\/aluguel\/wp-content\/uploads\/2024\/12\/IMG_6843-525x328.jpg\" alt=\"Apartamento p\/ 6\/8 pessoas\" class=\"img-responsive\" \/><\/a>\n                                    <\/div><div class=\"item lazy-load-item\">\n                                        <a href=\"https:\/\/www.praiadaferrugem.net\/aluguel\/imovel\/ref509\/\"><img  data-lazy-load-src=\"https:\/\/www.praiadaferrugem.net\/aluguel\/wp-content\/uploads\/2024\/12\/IMG_6130-2-525x328.jpg\" alt=\"Apartamento p\/ 6\/8 pessoas\" class=\"img-responsive\" \/><\/a>\n                                    <\/div><div class=\"item lazy-load-item\">\n                                        <a href=\"https:\/\/www.praiadaferrugem.net\/aluguel\/imovel\/ref509\/\"><img  data-lazy-load-src=\"https:\/\/www.praiadaferrugem.net\/aluguel\/wp-content\/uploads\/2024\/12\/IMG_6135-3-525x328.jpg\" alt=\"Apartamento p\/ 6\/8 pessoas\" class=\"img-responsive\" \/><\/a>\n                                    <\/div><div class=\"item lazy-load-item\">\n                                        <a href=\"https:\/\/www.praiadaferrugem.net\/aluguel\/imovel\/ref509\/\"><img  data-lazy-load-src=\"https:\/\/www.praiadaferrugem.net\/aluguel\/wp-content\/uploads\/2024\/12\/IMG_6127-3-525x328.jpg\" alt=\"Apartamento p\/ 6\/8 pessoas\" class=\"img-responsive\" \/><\/a>\n                                    <\/div><div class=\"item lazy-load-item\">\n                                        <a href=\"https:\/\/www.praiadaferrugem.net\/aluguel\/imovel\/ref509\/\"><img  data-lazy-load-src=\"https:\/\/www.praiadaferrugem.net\/aluguel\/wp-content\/uploads\/2024\/12\/IMG_6133-3-525x328.jpg\" alt=\"Apartamento p\/ 6\/8 pessoas\" class=\"img-responsive\" \/><\/a>\n                                    <\/div><div class=\"item lazy-load-item\">\n                                        <a href=\"https:\/\/www.praiadaferrugem.net\/aluguel\/imovel\/ref509\/\"><img  data-lazy-load-src=\"https:\/\/www.praiadaferrugem.net\/aluguel\/wp-content\/uploads\/2024\/12\/IMG_6132-3-525x328.jpg\" alt=\"Apartamento p\/ 6\/8 pessoas\" class=\"img-responsive\" \/><\/a>\n                                    <\/div><div class=\"item lazy-load-item\">\n                                        <a href=\"https:\/\/www.praiadaferrugem.net\/aluguel\/imovel\/ref509\/\"><img  data-lazy-load-src=\"https:\/\/www.praiadaferrugem.net\/aluguel\/wp-content\/uploads\/2024\/12\/1-525x328.jpg\" alt=\"Apartamento p\/ 6\/8 pessoas\" class=\"img-responsive\" \/><\/a>\n                                    <\/div><div class=\"item lazy-load-item\">\n                                        <a href=\"https:\/\/www.praiadaferrugem.net\/aluguel\/imovel\/ref509\/\"><img  data-lazy-load-src=\"https:\/\/www.praiadaferrugem.net\/aluguel\/wp-content\/uploads\/2024\/12\/3-525x328.jpg\" alt=\"Apartamento p\/ 6\/8 pessoas\" class=\"img-responsive\" \/><\/a>\n                                    <\/div><div class=\"item lazy-load-item\">\n                                        <a href=\"https:\/\/www.praiadaferrugem.net\/aluguel\/imovel\/ref509\/\"><img  data-lazy-load-src=\"https:\/\/www.praiadaferrugem.net\/aluguel\/wp-content\/uploads\/2024\/12\/4-525x328.jpg\" alt=\"Apartamento p\/ 6\/8 pessoas\" class=\"img-responsive\" \/><\/a>\n                                    <\/div><div class=\"item lazy-load-item\">\n                                        <a href=\"https:\/\/www.praiadaferrugem.net\/aluguel\/imovel\/ref509\/\"><img  data-lazy-load-src=\"https:\/\/www.praiadaferrugem.net\/aluguel\/wp-content\/uploads\/2024\/12\/6-525x328.jpg\" alt=\"Apartamento p\/ 6\/8 pessoas\" class=\"img-responsive\" \/><\/a>\n                                    <\/div><div class=\"item lazy-load-item\">\n                                        <a href=\"https:\/\/www.praiadaferrugem.net\/aluguel\/imovel\/ref509\/\"><img  data-lazy-load-src=\"https:\/\/www.praiadaferrugem.net\/aluguel\/wp-content\/uploads\/2024\/12\/IMG_8669-4-525x328.jpg\" alt=\"Apartamento p\/ 6\/8 pessoas\" class=\"img-responsive\" \/><\/a>\n                                    <\/div>\n                    <\/div>\n\n\n\n\n                    <a href=\"https:\/\/www.praiadaferrugem.net\/aluguel\/imovel\/ref509\/\"> <\/a><a class=\"left  carousel-control\" href=\"#property_unit_carousel_69f1a742b3cd8\" data-slide=\"prev\">\n                            <i class=\"fas fa-angle-left\"><\/i>\n                        <\/a>\n\n                        <a class=\"right  carousel-control\" href=\"#property_unit_carousel_69f1a742b3cd8\" data-slide=\"next\">\n                            <i class=\"fas fa-angle-right\"><\/i>\n                        <\/a>\n                <\/div><\/div><\/div><div class=\"property_unit_custom_element text unit_element_56983 \">REF<\/div><div class=\"property_unit_custom_element property-manual-id unit_element_62814 \">509<\/div><div class=\"property_unit_custom_element featured_icon unit_element_96450 \"><i class=\"fa fa-star\" aria-hidden=\"true\"><\/i><\/div><\/div><div class=\"property_unit_custom row_no_2 col-md-12  \"><div class=\"property_unit_custom_element title unit_element_8863 normal\" style=\" width:100%; \" ><h4><a href=\"https:\/\/www.praiadaferrugem.net\/aluguel\/imovel\/ref509\/\" target=\"_blank\" >Apartamento p\/ 6\/8 pessoas<\/a><\/h4><\/div><div class=\"property_unit_custom_element property_address unit_element_68937 \" style=\" width:100%; \" >Praia da Ferrugem, Garopaba\/SC<\/div><div class=\"property_unit_custom_element textominiaaturas unit_element_53439 bold\" style=\" width:100%; \" >AR | TV LED | 1 QUADRA MAR<\/div><\/div><div class=\"property_unit_custom row_no_3 col-md-12  \"><\/div><div class=\"property_unit_custom row_no_4 col-md-12  \"><div class=\"property_unit_custom_element icon unit_element_91418 \"><img src=\"http:\/\/www.praiadaferrugem.net\/aluguel\/icon_bed.png\" alt=\"featured icon\"><\/div><div class=\"property_unit_custom_element property_bedrooms unit_element_97441 \">2<\/div><div class=\"property_unit_custom_element text unit_element_28906 \"><\/div><div class=\"property_unit_custom_element icon unit_element_73983 \"><img src=\"http:\/\/www.praiadaferrugem.net\/aluguel\/icon_bath.png\" alt=\"featured icon\"><\/div><div class=\"property_unit_custom_element property_bathrooms unit_element_48632 \">1<\/div><div class=\"property_unit_custom_element text unit_element_32943 \"><\/div><div class=\"property_unit_custom_element icon unit_element_16610 \"><img src=\"http:\/\/www.praiadaferrugem.net\/aluguel\/icon_wave.png\" alt=\"featured icon\"><\/div><div class=\"property_unit_custom_element property_price unit_element_479 \">80 m <span class=\"price_label\">\/praia<\/span><\/div><\/div><div class=\"property_unit_custom row_no_5 col-md-12  \"><div class=\"property_unit_custom_element text  \"><\/div><\/div>        <\/div>             \n    <\/div><\/div><div class=\" slider_prop_wrapper   three_per_row  \" >  \n\n<div class=\"col-md- shortcode-col has_prop_slider  listing_wrapper \" \n    data-org=\"6\"   \n    data-main-modal=\"https:\/\/www.praiadaferrugem.net\/aluguel\/wp-content\/uploads\/2018\/06\/IMG_5253-3-835x467.jpg\"\n    data-modal-title=\"Su\u00edte Master Lagoa T\u00e9rrea 2\/6 pessoas\"\n    data-modal-link=\"https:\/\/www.praiadaferrugem.net\/aluguel\/imovel\/ref610\/\"\n    data-listid=\"31089\" >    \n    \n        \n    <div class=\"property_listing  property_card_default property_listing_custom_design \" \n         data-link=\"\">    \n        \n        <div class=\"property_unit_custom row_no_1 col-md-12  \"><div class=\"property_unit_custom_element image unit_element_94767 \"><div class=\"listing-unit-img-wrapper\">\n                <div id=\"property_unit_carousel_69f1a742b6e53\" class=\"carousel property_unit_carousel slide \" data-ride=\"carousel\" data-interval=\"false\">\n                    <div class=\"carousel-inner\">         \n                        <div class=\"item active\">    \n                            <a href=\"https:\/\/www.praiadaferrugem.net\/aluguel\/imovel\/ref610\/\"><img width=\"525\" height=\"328\" src=\"https:\/\/www.praiadaferrugem.net\/aluguel\/wp-content\/uploads\/2018\/06\/IMG_5253-3-525x328.jpg\" class=\"lazyload img-responsive wp-post-image\" alt=\"\" loading=\"lazy\" data-original=\"https:\/\/www.praiadaferrugem.net\/aluguel\/wp-content\/uploads\/2018\/06\/IMG_5253-3-525x328.jpg\" \/><\/a>     \n                        <\/div>\n                        <div class=\"item lazy-load-item\">\n                                        <a href=\"https:\/\/www.praiadaferrugem.net\/aluguel\/imovel\/ref610\/\"><img  data-lazy-load-src=\"https:\/\/www.praiadaferrugem.net\/aluguel\/wp-content\/uploads\/2022\/11\/IMG_5247-525x328.jpg\" alt=\"Su\u00edte Master Lagoa T\u00e9rrea 2\/6 pessoas\" class=\"img-responsive\" \/><\/a>\n                                    <\/div><div class=\"item lazy-load-item\">\n                                        <a href=\"https:\/\/www.praiadaferrugem.net\/aluguel\/imovel\/ref610\/\"><img  data-lazy-load-src=\"https:\/\/www.praiadaferrugem.net\/aluguel\/wp-content\/uploads\/2022\/11\/GOPR8870-525x328.jpg\" alt=\"Su\u00edte Master Lagoa T\u00e9rrea 2\/6 pessoas\" class=\"img-responsive\" \/><\/a>\n                                    <\/div><div class=\"item lazy-load-item\">\n                                        <a href=\"https:\/\/www.praiadaferrugem.net\/aluguel\/imovel\/ref610\/\"><img  data-lazy-load-src=\"https:\/\/www.praiadaferrugem.net\/aluguel\/wp-content\/uploads\/2022\/11\/GOPR8868-525x328.jpg\" alt=\"Su\u00edte Master Lagoa T\u00e9rrea 2\/6 pessoas\" class=\"img-responsive\" \/><\/a>\n                                    <\/div><div class=\"item lazy-load-item\">\n                                        <a href=\"https:\/\/www.praiadaferrugem.net\/aluguel\/imovel\/ref610\/\"><img  data-lazy-load-src=\"https:\/\/www.praiadaferrugem.net\/aluguel\/wp-content\/uploads\/2022\/11\/GOPR8871-525x328.jpg\" alt=\"Su\u00edte Master Lagoa T\u00e9rrea 2\/6 pessoas\" class=\"img-responsive\" \/><\/a>\n                                    <\/div><div class=\"item lazy-load-item\">\n                                        <a href=\"https:\/\/www.praiadaferrugem.net\/aluguel\/imovel\/ref610\/\"><img  data-lazy-load-src=\"https:\/\/www.praiadaferrugem.net\/aluguel\/wp-content\/uploads\/2022\/11\/GOPR8862-525x328.jpg\" alt=\"Su\u00edte Master Lagoa T\u00e9rrea 2\/6 pessoas\" class=\"img-responsive\" \/><\/a>\n                                    <\/div><div class=\"item lazy-load-item\">\n                                        <a href=\"https:\/\/www.praiadaferrugem.net\/aluguel\/imovel\/ref610\/\"><img  data-lazy-load-src=\"https:\/\/www.praiadaferrugem.net\/aluguel\/wp-content\/uploads\/2022\/11\/GOPR8864-525x328.jpg\" alt=\"Su\u00edte Master Lagoa T\u00e9rrea 2\/6 pessoas\" class=\"img-responsive\" \/><\/a>\n                                    <\/div><div class=\"item lazy-load-item\">\n                                        <a href=\"https:\/\/www.praiadaferrugem.net\/aluguel\/imovel\/ref610\/\"><img  data-lazy-load-src=\"https:\/\/www.praiadaferrugem.net\/aluguel\/wp-content\/uploads\/2022\/11\/GOPR8866-525x328.jpg\" alt=\"Su\u00edte Master Lagoa T\u00e9rrea 2\/6 pessoas\" class=\"img-responsive\" \/><\/a>\n                                    <\/div><div class=\"item lazy-load-item\">\n                                        <a href=\"https:\/\/www.praiadaferrugem.net\/aluguel\/imovel\/ref610\/\"><img  data-lazy-load-src=\"https:\/\/www.praiadaferrugem.net\/aluguel\/wp-content\/uploads\/2022\/11\/GOPR8859-525x328.jpg\" alt=\"Su\u00edte Master Lagoa T\u00e9rrea 2\/6 pessoas\" class=\"img-responsive\" \/><\/a>\n                                    <\/div><div class=\"item lazy-load-item\">\n                                        <a href=\"https:\/\/www.praiadaferrugem.net\/aluguel\/imovel\/ref610\/\"><img  data-lazy-load-src=\"https:\/\/www.praiadaferrugem.net\/aluguel\/wp-content\/uploads\/2022\/11\/IMG_2725-525x328.jpg\" alt=\"Su\u00edte Master Lagoa T\u00e9rrea 2\/6 pessoas\" class=\"img-responsive\" \/><\/a>\n                                    <\/div><div class=\"item lazy-load-item\">\n                                        <a href=\"https:\/\/www.praiadaferrugem.net\/aluguel\/imovel\/ref610\/\"><img  data-lazy-load-src=\"https:\/\/www.praiadaferrugem.net\/aluguel\/wp-content\/uploads\/2022\/11\/IMG_2671-525x328.jpg\" alt=\"Su\u00edte Master Lagoa T\u00e9rrea 2\/6 pessoas\" class=\"img-responsive\" \/><\/a>\n                                    <\/div><div class=\"item lazy-load-item\">\n                                        <a href=\"https:\/\/www.praiadaferrugem.net\/aluguel\/imovel\/ref610\/\"><img  data-lazy-load-src=\"https:\/\/www.praiadaferrugem.net\/aluguel\/wp-content\/uploads\/2022\/11\/GOPR0557-525x328.jpg\" alt=\"Su\u00edte Master Lagoa T\u00e9rrea 2\/6 pessoas\" class=\"img-responsive\" \/><\/a>\n                                    <\/div><div class=\"item lazy-load-item\">\n                                        <a href=\"https:\/\/www.praiadaferrugem.net\/aluguel\/imovel\/ref610\/\"><img  data-lazy-load-src=\"https:\/\/www.praiadaferrugem.net\/aluguel\/wp-content\/uploads\/2022\/11\/GOPR0555-525x328.jpg\" alt=\"Su\u00edte Master Lagoa T\u00e9rrea 2\/6 pessoas\" class=\"img-responsive\" \/><\/a>\n                                    <\/div><div class=\"item lazy-load-item\">\n                                        <a href=\"https:\/\/www.praiadaferrugem.net\/aluguel\/imovel\/ref610\/\"><img  data-lazy-load-src=\"https:\/\/www.praiadaferrugem.net\/aluguel\/wp-content\/uploads\/2022\/11\/GOPR0492-525x328.jpg\" alt=\"Su\u00edte Master Lagoa T\u00e9rrea 2\/6 pessoas\" class=\"img-responsive\" \/><\/a>\n                                    <\/div><div class=\"item lazy-load-item\">\n                                        <a href=\"https:\/\/www.praiadaferrugem.net\/aluguel\/imovel\/ref610\/\"><img  data-lazy-load-src=\"https:\/\/www.praiadaferrugem.net\/aluguel\/wp-content\/uploads\/2022\/11\/GOPR0489-525x328.jpg\" alt=\"Su\u00edte Master Lagoa T\u00e9rrea 2\/6 pessoas\" class=\"img-responsive\" \/><\/a>\n                                    <\/div><div class=\"item lazy-load-item\">\n                                        <a href=\"https:\/\/www.praiadaferrugem.net\/aluguel\/imovel\/ref610\/\"><img  data-lazy-load-src=\"https:\/\/www.praiadaferrugem.net\/aluguel\/wp-content\/uploads\/2022\/11\/GOPR0486-525x328.jpg\" alt=\"Su\u00edte Master Lagoa T\u00e9rrea 2\/6 pessoas\" class=\"img-responsive\" \/><\/a>\n                                    <\/div><div class=\"item lazy-load-item\">\n                                        <a href=\"https:\/\/www.praiadaferrugem.net\/aluguel\/imovel\/ref610\/\"><img  data-lazy-load-src=\"https:\/\/www.praiadaferrugem.net\/aluguel\/wp-content\/uploads\/2022\/11\/GOPR0411-525x328.jpg\" alt=\"Su\u00edte Master Lagoa T\u00e9rrea 2\/6 pessoas\" class=\"img-responsive\" \/><\/a>\n                                    <\/div><div class=\"item lazy-load-item\">\n                                        <a href=\"https:\/\/www.praiadaferrugem.net\/aluguel\/imovel\/ref610\/\"><img  data-lazy-load-src=\"https:\/\/www.praiadaferrugem.net\/aluguel\/wp-content\/uploads\/2022\/11\/GOPR0409-525x328.jpg\" alt=\"Su\u00edte Master Lagoa T\u00e9rrea 2\/6 pessoas\" class=\"img-responsive\" \/><\/a>\n                                    <\/div><div class=\"item lazy-load-item\">\n                                        <a href=\"https:\/\/www.praiadaferrugem.net\/aluguel\/imovel\/ref610\/\"><img  data-lazy-load-src=\"https:\/\/www.praiadaferrugem.net\/aluguel\/wp-content\/uploads\/2022\/11\/GOPR0406-525x328.jpg\" alt=\"Su\u00edte Master Lagoa T\u00e9rrea 2\/6 pessoas\" class=\"img-responsive\" \/><\/a>\n                                    <\/div><div class=\"item lazy-load-item\">\n                                        <a href=\"https:\/\/www.praiadaferrugem.net\/aluguel\/imovel\/ref610\/\"><img  data-lazy-load-src=\"https:\/\/www.praiadaferrugem.net\/aluguel\/wp-content\/uploads\/2022\/11\/GOPR0404-525x328.jpg\" alt=\"Su\u00edte Master Lagoa T\u00e9rrea 2\/6 pessoas\" class=\"img-responsive\" \/><\/a>\n                                    <\/div><div class=\"item lazy-load-item\">\n                                        <a href=\"https:\/\/www.praiadaferrugem.net\/aluguel\/imovel\/ref610\/\"><img  data-lazy-load-src=\"https:\/\/www.praiadaferrugem.net\/aluguel\/wp-content\/uploads\/2022\/11\/IMG_5243-525x328.jpg\" alt=\"Su\u00edte Master Lagoa T\u00e9rrea 2\/6 pessoas\" class=\"img-responsive\" \/><\/a>\n                                    <\/div>\n                    <\/div>\n\n\n\n\n                    <a href=\"https:\/\/www.praiadaferrugem.net\/aluguel\/imovel\/ref610\/\"> <\/a><a class=\"left  carousel-control\" href=\"#property_unit_carousel_69f1a742b6e53\" data-slide=\"prev\">\n                            <i class=\"fas fa-angle-left\"><\/i>\n                        <\/a>\n\n                        <a class=\"right  carousel-control\" href=\"#property_unit_carousel_69f1a742b6e53\" data-slide=\"next\">\n                            <i class=\"fas fa-angle-right\"><\/i>\n                        <\/a>\n                <\/div><\/div><\/div><div class=\"property_unit_custom_element text unit_element_56983 \">REF<\/div><div class=\"property_unit_custom_element property-manual-id unit_element_62814 \">610<\/div><div class=\"property_unit_custom_element featured_icon unit_element_96450 \"><i class=\"fa fa-star\" aria-hidden=\"true\"><\/i><\/div><\/div><div class=\"property_unit_custom row_no_2 col-md-12  \"><div class=\"property_unit_custom_element title unit_element_8863 normal\" style=\" width:100%; \" ><h4><a href=\"https:\/\/www.praiadaferrugem.net\/aluguel\/imovel\/ref610\/\" target=\"_blank\" >Su\u00edte Master Lagoa T\u00e9rrea 2\/6 pessoas<\/a><\/h4><\/div><div class=\"property_unit_custom_element property_address unit_element_68937 \" style=\" width:100%; \" >Praia da Ferrugem, Garopaba\/SC<\/div><div class=\"property_unit_custom_element textominiaaturas unit_element_53439 bold\" style=\" width:100%; \" >AR CONDICIONADO | VISTA LAGOA<\/div><\/div><div class=\"property_unit_custom row_no_3 col-md-12  \"><\/div><div class=\"property_unit_custom row_no_4 col-md-12  \"><div class=\"property_unit_custom_element icon unit_element_91418 \"><img src=\"http:\/\/www.praiadaferrugem.net\/aluguel\/icon_bed.png\" alt=\"featured icon\"><\/div><div class=\"property_unit_custom_element property_bedrooms unit_element_97441 \">1<\/div><div class=\"property_unit_custom_element text unit_element_28906 \"><\/div><div class=\"property_unit_custom_element icon unit_element_73983 \"><img src=\"http:\/\/www.praiadaferrugem.net\/aluguel\/icon_bath.png\" alt=\"featured icon\"><\/div><div class=\"property_unit_custom_element property_bathrooms unit_element_48632 \">1<\/div><div class=\"property_unit_custom_element text unit_element_32943 \"><\/div><div class=\"property_unit_custom_element icon unit_element_16610 \"><img src=\"http:\/\/www.praiadaferrugem.net\/aluguel\/icon_wave.png\" alt=\"featured icon\"><\/div><div class=\"property_unit_custom_element property_price unit_element_479 \">400 m <span class=\"price_label\">\/praia<\/span><\/div><\/div><div class=\"property_unit_custom row_no_5 col-md-12  \"><div class=\"property_unit_custom_element text  \"><\/div><\/div>        <\/div>             \n    <\/div><\/div><div class=\" slider_prop_wrapper   three_per_row  \" >  \n\n<div class=\"col-md- shortcode-col has_prop_slider  listing_wrapper \" \n    data-org=\"6\"   \n    data-main-modal=\"https:\/\/www.praiadaferrugem.net\/aluguel\/wp-content\/uploads\/2022\/08\/GOPR8370-835x467.jpg\"\n    data-modal-title=\"Su\u00edte Garden Superior 2\/4 pessoas\"\n    data-modal-link=\"https:\/\/www.praiadaferrugem.net\/aluguel\/imovel\/ref207\/\"\n    data-listid=\"30618\" >    \n    \n        \n    <div class=\"property_listing  property_card_default property_listing_custom_design \" \n         data-link=\"\">    \n        \n        <div class=\"property_unit_custom row_no_1 col-md-12  \"><div class=\"property_unit_custom_element image unit_element_94767 \"><div class=\"listing-unit-img-wrapper\">\n                <div id=\"property_unit_carousel_69f1a742b9ed7\" class=\"carousel property_unit_carousel slide \" data-ride=\"carousel\" data-interval=\"false\">\n                    <div class=\"carousel-inner\">         \n                        <div class=\"item active\">    \n                            <a href=\"https:\/\/www.praiadaferrugem.net\/aluguel\/imovel\/ref207\/\"><img width=\"525\" height=\"328\" src=\"https:\/\/www.praiadaferrugem.net\/aluguel\/wp-content\/uploads\/2022\/08\/GOPR8370-525x328.jpg\" class=\"lazyload img-responsive wp-post-image\" alt=\"\" loading=\"lazy\" data-original=\"https:\/\/www.praiadaferrugem.net\/aluguel\/wp-content\/uploads\/2022\/08\/GOPR8370-525x328.jpg\" \/><\/a>     \n                        <\/div>\n                        <div class=\"item lazy-load-item\">\n                                        <a href=\"https:\/\/www.praiadaferrugem.net\/aluguel\/imovel\/ref207\/\"><img  data-lazy-load-src=\"https:\/\/www.praiadaferrugem.net\/aluguel\/wp-content\/uploads\/2022\/08\/GOPR8370-3-525x328.jpg\" alt=\"Su\u00edte Garden Superior 2\/4 pessoas\" class=\"img-responsive\" \/><\/a>\n                                    <\/div><div class=\"item lazy-load-item\">\n                                        <a href=\"https:\/\/www.praiadaferrugem.net\/aluguel\/imovel\/ref207\/\"><img  data-lazy-load-src=\"https:\/\/www.praiadaferrugem.net\/aluguel\/wp-content\/uploads\/2022\/08\/GOPR8206-525x328.jpg\" alt=\"Su\u00edte Garden Superior 2\/4 pessoas\" class=\"img-responsive\" \/><\/a>\n                                    <\/div><div class=\"item lazy-load-item\">\n                                        <a href=\"https:\/\/www.praiadaferrugem.net\/aluguel\/imovel\/ref207\/\"><img  data-lazy-load-src=\"https:\/\/www.praiadaferrugem.net\/aluguel\/wp-content\/uploads\/2022\/08\/GOPR8207-525x328.jpg\" alt=\"Su\u00edte Garden Superior 2\/4 pessoas\" class=\"img-responsive\" \/><\/a>\n                                    <\/div><div class=\"item lazy-load-item\">\n                                        <a href=\"https:\/\/www.praiadaferrugem.net\/aluguel\/imovel\/ref207\/\"><img  data-lazy-load-src=\"https:\/\/www.praiadaferrugem.net\/aluguel\/wp-content\/uploads\/2022\/08\/GOPR8200-525x328.jpg\" alt=\"Su\u00edte Garden Superior 2\/4 pessoas\" class=\"img-responsive\" \/><\/a>\n                                    <\/div><div class=\"item lazy-load-item\">\n                                        <a href=\"https:\/\/www.praiadaferrugem.net\/aluguel\/imovel\/ref207\/\"><img  data-lazy-load-src=\"https:\/\/www.praiadaferrugem.net\/aluguel\/wp-content\/uploads\/2022\/08\/GOPR8213-525x328.jpg\" alt=\"Su\u00edte Garden Superior 2\/4 pessoas\" class=\"img-responsive\" \/><\/a>\n                                    <\/div><div class=\"item lazy-load-item\">\n                                        <a href=\"https:\/\/www.praiadaferrugem.net\/aluguel\/imovel\/ref207\/\"><img  data-lazy-load-src=\"https:\/\/www.praiadaferrugem.net\/aluguel\/wp-content\/uploads\/2022\/08\/GOPR8202-525x328.jpg\" alt=\"Su\u00edte Garden Superior 2\/4 pessoas\" class=\"img-responsive\" \/><\/a>\n                                    <\/div><div class=\"item lazy-load-item\">\n                                        <a href=\"https:\/\/www.praiadaferrugem.net\/aluguel\/imovel\/ref207\/\"><img  data-lazy-load-src=\"https:\/\/www.praiadaferrugem.net\/aluguel\/wp-content\/uploads\/2022\/08\/GOPR8215-525x328.jpg\" alt=\"Su\u00edte Garden Superior 2\/4 pessoas\" class=\"img-responsive\" \/><\/a>\n                                    <\/div><div class=\"item lazy-load-item\">\n                                        <a href=\"https:\/\/www.praiadaferrugem.net\/aluguel\/imovel\/ref207\/\"><img  data-lazy-load-src=\"https:\/\/www.praiadaferrugem.net\/aluguel\/wp-content\/uploads\/2022\/08\/GOPR8194-525x328.jpg\" alt=\"Su\u00edte Garden Superior 2\/4 pessoas\" class=\"img-responsive\" \/><\/a>\n                                    <\/div><div class=\"item lazy-load-item\">\n                                        <a href=\"https:\/\/www.praiadaferrugem.net\/aluguel\/imovel\/ref207\/\"><img  data-lazy-load-src=\"https:\/\/www.praiadaferrugem.net\/aluguel\/wp-content\/uploads\/2022\/08\/GOPR8211-525x328.jpg\" alt=\"Su\u00edte Garden Superior 2\/4 pessoas\" class=\"img-responsive\" \/><\/a>\n                                    <\/div><div class=\"item lazy-load-item\">\n                                        <a href=\"https:\/\/www.praiadaferrugem.net\/aluguel\/imovel\/ref207\/\"><img  data-lazy-load-src=\"https:\/\/www.praiadaferrugem.net\/aluguel\/wp-content\/uploads\/2022\/08\/GOPR8204-525x328.jpg\" alt=\"Su\u00edte Garden Superior 2\/4 pessoas\" class=\"img-responsive\" \/><\/a>\n                                    <\/div><div class=\"item lazy-load-item\">\n                                        <a href=\"https:\/\/www.praiadaferrugem.net\/aluguel\/imovel\/ref207\/\"><img  data-lazy-load-src=\"https:\/\/www.praiadaferrugem.net\/aluguel\/wp-content\/uploads\/2022\/08\/GOPR8198-525x328.jpg\" alt=\"Su\u00edte Garden Superior 2\/4 pessoas\" class=\"img-responsive\" \/><\/a>\n                                    <\/div><div class=\"item lazy-load-item\">\n                                        <a href=\"https:\/\/www.praiadaferrugem.net\/aluguel\/imovel\/ref207\/\"><img  data-lazy-load-src=\"https:\/\/www.praiadaferrugem.net\/aluguel\/wp-content\/uploads\/2022\/08\/GOPR8196-525x328.jpg\" alt=\"Su\u00edte Garden Superior 2\/4 pessoas\" class=\"img-responsive\" \/><\/a>\n                                    <\/div><div class=\"item lazy-load-item\">\n                                        <a href=\"https:\/\/www.praiadaferrugem.net\/aluguel\/imovel\/ref207\/\"><img  data-lazy-load-src=\"https:\/\/www.praiadaferrugem.net\/aluguel\/wp-content\/uploads\/2022\/08\/GOPR8340-3-525x328.jpg\" alt=\"Su\u00edte Garden Superior 2\/4 pessoas\" class=\"img-responsive\" \/><\/a>\n                                    <\/div><div class=\"item lazy-load-item\">\n                                        <a href=\"https:\/\/www.praiadaferrugem.net\/aluguel\/imovel\/ref207\/\"><img  data-lazy-load-src=\"https:\/\/www.praiadaferrugem.net\/aluguel\/wp-content\/uploads\/2022\/08\/GOPR8343-3-525x328.jpg\" alt=\"Su\u00edte Garden Superior 2\/4 pessoas\" class=\"img-responsive\" \/><\/a>\n                                    <\/div><div class=\"item lazy-load-item\">\n                                        <a href=\"https:\/\/www.praiadaferrugem.net\/aluguel\/imovel\/ref207\/\"><img  data-lazy-load-src=\"https:\/\/www.praiadaferrugem.net\/aluguel\/wp-content\/uploads\/2022\/08\/GOPR8359-3-525x328.jpg\" alt=\"Su\u00edte Garden Superior 2\/4 pessoas\" class=\"img-responsive\" \/><\/a>\n                                    <\/div><div class=\"item lazy-load-item\">\n                                        <a href=\"https:\/\/www.praiadaferrugem.net\/aluguel\/imovel\/ref207\/\"><img  data-lazy-load-src=\"https:\/\/www.praiadaferrugem.net\/aluguel\/wp-content\/uploads\/2022\/08\/GOPR8362-3-525x328.jpg\" alt=\"Su\u00edte Garden Superior 2\/4 pessoas\" class=\"img-responsive\" \/><\/a>\n                                    <\/div><div class=\"item lazy-load-item\">\n                                        <a href=\"https:\/\/www.praiadaferrugem.net\/aluguel\/imovel\/ref207\/\"><img  data-lazy-load-src=\"https:\/\/www.praiadaferrugem.net\/aluguel\/wp-content\/uploads\/2022\/08\/GOPR8366-3-525x328.jpg\" alt=\"Su\u00edte Garden Superior 2\/4 pessoas\" class=\"img-responsive\" \/><\/a>\n                                    <\/div><div class=\"item lazy-load-item\">\n                                        <a href=\"https:\/\/www.praiadaferrugem.net\/aluguel\/imovel\/ref207\/\"><img  data-lazy-load-src=\"https:\/\/www.praiadaferrugem.net\/aluguel\/wp-content\/uploads\/2022\/08\/GOPR8375-3-525x328.jpg\" alt=\"Su\u00edte Garden Superior 2\/4 pessoas\" class=\"img-responsive\" \/><\/a>\n                                    <\/div><div class=\"item lazy-load-item\">\n                                        <a href=\"https:\/\/www.praiadaferrugem.net\/aluguel\/imovel\/ref207\/\"><img  data-lazy-load-src=\"https:\/\/www.praiadaferrugem.net\/aluguel\/wp-content\/uploads\/2022\/08\/GOPR8379-3-525x328.jpg\" alt=\"Su\u00edte Garden Superior 2\/4 pessoas\" class=\"img-responsive\" \/><\/a>\n                                    <\/div><div class=\"item lazy-load-item\">\n                                        <a href=\"https:\/\/www.praiadaferrugem.net\/aluguel\/imovel\/ref207\/\"><img  data-lazy-load-src=\"https:\/\/www.praiadaferrugem.net\/aluguel\/wp-content\/uploads\/2022\/08\/GOPR8381-3-525x328.jpg\" alt=\"Su\u00edte Garden Superior 2\/4 pessoas\" class=\"img-responsive\" \/><\/a>\n                                    <\/div><div class=\"item lazy-load-item\">\n                                        <a href=\"https:\/\/www.praiadaferrugem.net\/aluguel\/imovel\/ref207\/\"><img  data-lazy-load-src=\"https:\/\/www.praiadaferrugem.net\/aluguel\/wp-content\/uploads\/2022\/08\/GOPR8383-3-525x328.jpg\" alt=\"Su\u00edte Garden Superior 2\/4 pessoas\" class=\"img-responsive\" \/><\/a>\n                                    <\/div><div class=\"item lazy-load-item\">\n                                        <a href=\"https:\/\/www.praiadaferrugem.net\/aluguel\/imovel\/ref207\/\"><img  data-lazy-load-src=\"https:\/\/www.praiadaferrugem.net\/aluguel\/wp-content\/uploads\/2022\/08\/GOPR8387-3-525x328.jpg\" alt=\"Su\u00edte Garden Superior 2\/4 pessoas\" class=\"img-responsive\" \/><\/a>\n                                    <\/div>\n                    <\/div>\n\n\n\n\n                    <a href=\"https:\/\/www.praiadaferrugem.net\/aluguel\/imovel\/ref207\/\"> <\/a><a class=\"left  carousel-control\" href=\"#property_unit_carousel_69f1a742b9ed7\" data-slide=\"prev\">\n                            <i class=\"fas fa-angle-left\"><\/i>\n                        <\/a>\n\n                        <a class=\"right  carousel-control\" href=\"#property_unit_carousel_69f1a742b9ed7\" data-slide=\"next\">\n                            <i class=\"fas fa-angle-right\"><\/i>\n                        <\/a>\n                <\/div><\/div><\/div><div class=\"property_unit_custom_element text unit_element_56983 \">REF<\/div><div class=\"property_unit_custom_element property-manual-id unit_element_62814 \">207<\/div><div class=\"property_unit_custom_element featured_icon unit_element_96450 \"><i class=\"fa fa-star\" aria-hidden=\"true\"><\/i><\/div><\/div><div class=\"property_unit_custom row_no_2 col-md-12  \"><div class=\"property_unit_custom_element title unit_element_8863 normal\" style=\" width:100%; \" ><h4><a href=\"https:\/\/www.praiadaferrugem.net\/aluguel\/imovel\/ref207\/\" target=\"_blank\" >Su\u00edte Garden Superior 2\/4 pessoas<\/a><\/h4><\/div><div class=\"property_unit_custom_element property_address unit_element_68937 \" style=\" width:100%; \" >Praia da Ferrugem, Garopaba\/SC<\/div><div class=\"property_unit_custom_element textominiaaturas unit_element_53439 bold\" style=\" width:100%; \" >PISCINA | WIFI | LED<\/div><\/div><div class=\"property_unit_custom row_no_3 col-md-12  \"><\/div><div class=\"property_unit_custom row_no_4 col-md-12  \"><div class=\"property_unit_custom_element icon unit_element_91418 \"><img src=\"http:\/\/www.praiadaferrugem.net\/aluguel\/icon_bed.png\" alt=\"featured icon\"><\/div><div class=\"property_unit_custom_element property_bedrooms unit_element_97441 \">1<\/div><div class=\"property_unit_custom_element text unit_element_28906 \"><\/div><div class=\"property_unit_custom_element icon unit_element_73983 \"><img src=\"http:\/\/www.praiadaferrugem.net\/aluguel\/icon_bath.png\" alt=\"featured icon\"><\/div><div class=\"property_unit_custom_element property_bathrooms unit_element_48632 \">1<\/div><div class=\"property_unit_custom_element text unit_element_32943 \"><\/div><div class=\"property_unit_custom_element icon unit_element_16610 \"><img src=\"http:\/\/www.praiadaferrugem.net\/aluguel\/icon_wave.png\" alt=\"featured icon\"><\/div><div class=\"property_unit_custom_element property_price unit_element_479 \">300 m <span class=\"price_label\">\/praia<\/span><\/div><\/div><div class=\"property_unit_custom row_no_5 col-md-12  \"><div class=\"property_unit_custom_element text  \"><\/div><\/div>        <\/div>             \n    <\/div><\/div><div class=\" slider_prop_wrapper   three_per_row  \" >  \n\n<div class=\"col-md- shortcode-col has_prop_slider  listing_wrapper \" \n    data-org=\"6\"   \n    data-main-modal=\"https:\/\/www.praiadaferrugem.net\/aluguel\/wp-content\/uploads\/2021\/11\/IMG_8362-835x467.jpg\"\n    data-modal-title=\"Casa p\/ 8\/10 pessoas\"\n    data-modal-link=\"https:\/\/www.praiadaferrugem.net\/aluguel\/imovel\/ref100\/\"\n    data-listid=\"30486\" >    \n    \n        \n    <div class=\"property_listing  property_card_default property_listing_custom_design \" \n         data-link=\"\">    \n        \n        <div class=\"property_unit_custom row_no_1 col-md-12  \"><div class=\"property_unit_custom_element image unit_element_94767 \"><div class=\"listing-unit-img-wrapper\">\n                <div id=\"property_unit_carousel_69f1a742bd4f9\" class=\"carousel property_unit_carousel slide \" data-ride=\"carousel\" data-interval=\"false\">\n                    <div class=\"carousel-inner\">         \n                        <div class=\"item active\">    \n                            <a href=\"https:\/\/www.praiadaferrugem.net\/aluguel\/imovel\/ref100\/\"><img width=\"525\" height=\"328\" src=\"https:\/\/www.praiadaferrugem.net\/aluguel\/wp-content\/uploads\/2021\/11\/IMG_8362-525x328.jpg\" class=\"lazyload img-responsive wp-post-image\" alt=\"\" loading=\"lazy\" data-original=\"https:\/\/www.praiadaferrugem.net\/aluguel\/wp-content\/uploads\/2021\/11\/IMG_8362-525x328.jpg\" \/><\/a>     \n                        <\/div>\n                        <div class=\"item lazy-load-item\">\n                                        <a href=\"https:\/\/www.praiadaferrugem.net\/aluguel\/imovel\/ref100\/\"><img  data-lazy-load-src=\"https:\/\/www.praiadaferrugem.net\/aluguel\/wp-content\/uploads\/2021\/11\/piscina-1-525x328.jpg\" alt=\"Casa p\/ 8\/10 pessoas\" class=\"img-responsive\" \/><\/a>\n                                    <\/div><div class=\"item lazy-load-item\">\n                                        <a href=\"https:\/\/www.praiadaferrugem.net\/aluguel\/imovel\/ref100\/\"><img  data-lazy-load-src=\"https:\/\/www.praiadaferrugem.net\/aluguel\/wp-content\/uploads\/2021\/11\/IMG_8302-525x328.jpg\" alt=\"Casa p\/ 8\/10 pessoas\" class=\"img-responsive\" \/><\/a>\n                                    <\/div><div class=\"item lazy-load-item\">\n                                        <a href=\"https:\/\/www.praiadaferrugem.net\/aluguel\/imovel\/ref100\/\"><img  data-lazy-load-src=\"https:\/\/www.praiadaferrugem.net\/aluguel\/wp-content\/uploads\/2021\/11\/IMG_8358-525x328.jpg\" alt=\"Casa p\/ 8\/10 pessoas\" class=\"img-responsive\" \/><\/a>\n                                    <\/div><div class=\"item lazy-load-item\">\n                                        <a href=\"https:\/\/www.praiadaferrugem.net\/aluguel\/imovel\/ref100\/\"><img  data-lazy-load-src=\"https:\/\/www.praiadaferrugem.net\/aluguel\/wp-content\/uploads\/2021\/11\/IMG_8318-525x328.jpg\" alt=\"Casa p\/ 8\/10 pessoas\" class=\"img-responsive\" \/><\/a>\n                                    <\/div><div class=\"item lazy-load-item\">\n                                        <a href=\"https:\/\/www.praiadaferrugem.net\/aluguel\/imovel\/ref100\/\"><img  data-lazy-load-src=\"https:\/\/www.praiadaferrugem.net\/aluguel\/wp-content\/uploads\/2021\/11\/IMG_8320-525x328.jpg\" alt=\"Casa p\/ 8\/10 pessoas\" class=\"img-responsive\" \/><\/a>\n                                    <\/div><div class=\"item lazy-load-item\">\n                                        <a href=\"https:\/\/www.praiadaferrugem.net\/aluguel\/imovel\/ref100\/\"><img  data-lazy-load-src=\"https:\/\/www.praiadaferrugem.net\/aluguel\/wp-content\/uploads\/2021\/11\/IMG_8324-525x328.jpg\" alt=\"Casa p\/ 8\/10 pessoas\" class=\"img-responsive\" \/><\/a>\n                                    <\/div><div class=\"item lazy-load-item\">\n                                        <a href=\"https:\/\/www.praiadaferrugem.net\/aluguel\/imovel\/ref100\/\"><img  data-lazy-load-src=\"https:\/\/www.praiadaferrugem.net\/aluguel\/wp-content\/uploads\/2021\/11\/IMG_8326-525x328.jpg\" alt=\"Casa p\/ 8\/10 pessoas\" class=\"img-responsive\" \/><\/a>\n                                    <\/div><div class=\"item lazy-load-item\">\n                                        <a href=\"https:\/\/www.praiadaferrugem.net\/aluguel\/imovel\/ref100\/\"><img  data-lazy-load-src=\"https:\/\/www.praiadaferrugem.net\/aluguel\/wp-content\/uploads\/2021\/11\/IMG_8329-525x328.jpg\" alt=\"Casa p\/ 8\/10 pessoas\" class=\"img-responsive\" \/><\/a>\n                                    <\/div><div class=\"item lazy-load-item\">\n                                        <a href=\"https:\/\/www.praiadaferrugem.net\/aluguel\/imovel\/ref100\/\"><img  data-lazy-load-src=\"https:\/\/www.praiadaferrugem.net\/aluguel\/wp-content\/uploads\/2021\/11\/IMG_8370-525x328.jpg\" alt=\"Casa p\/ 8\/10 pessoas\" class=\"img-responsive\" \/><\/a>\n                                    <\/div><div class=\"item lazy-load-item\">\n                                        <a href=\"https:\/\/www.praiadaferrugem.net\/aluguel\/imovel\/ref100\/\"><img  data-lazy-load-src=\"https:\/\/www.praiadaferrugem.net\/aluguel\/wp-content\/uploads\/2021\/11\/IMG_8369-525x328.jpg\" alt=\"Casa p\/ 8\/10 pessoas\" class=\"img-responsive\" \/><\/a>\n                                    <\/div><div class=\"item lazy-load-item\">\n                                        <a href=\"https:\/\/www.praiadaferrugem.net\/aluguel\/imovel\/ref100\/\"><img  data-lazy-load-src=\"https:\/\/www.praiadaferrugem.net\/aluguel\/wp-content\/uploads\/2021\/11\/IMG_8365-525x328.jpg\" alt=\"Casa p\/ 8\/10 pessoas\" class=\"img-responsive\" \/><\/a>\n                                    <\/div><div class=\"item lazy-load-item\">\n                                        <a href=\"https:\/\/www.praiadaferrugem.net\/aluguel\/imovel\/ref100\/\"><img  data-lazy-load-src=\"https:\/\/www.praiadaferrugem.net\/aluguel\/wp-content\/uploads\/2021\/11\/IMG_8357-525x328.jpg\" alt=\"Casa p\/ 8\/10 pessoas\" class=\"img-responsive\" \/><\/a>\n                                    <\/div><div class=\"item lazy-load-item\">\n                                        <a href=\"https:\/\/www.praiadaferrugem.net\/aluguel\/imovel\/ref100\/\"><img  data-lazy-load-src=\"https:\/\/www.praiadaferrugem.net\/aluguel\/wp-content\/uploads\/2021\/11\/IMG_8353-525x328.jpg\" alt=\"Casa p\/ 8\/10 pessoas\" class=\"img-responsive\" \/><\/a>\n                                    <\/div><div class=\"item lazy-load-item\">\n                                        <a href=\"https:\/\/www.praiadaferrugem.net\/aluguel\/imovel\/ref100\/\"><img  data-lazy-load-src=\"https:\/\/www.praiadaferrugem.net\/aluguel\/wp-content\/uploads\/2021\/11\/IMG_8352-525x328.jpg\" alt=\"Casa p\/ 8\/10 pessoas\" class=\"img-responsive\" \/><\/a>\n                                    <\/div><div class=\"item lazy-load-item\">\n                                        <a href=\"https:\/\/www.praiadaferrugem.net\/aluguel\/imovel\/ref100\/\"><img  data-lazy-load-src=\"https:\/\/www.praiadaferrugem.net\/aluguel\/wp-content\/uploads\/2021\/11\/IMG_8346-525x328.jpg\" alt=\"Casa p\/ 8\/10 pessoas\" class=\"img-responsive\" \/><\/a>\n                                    <\/div><div class=\"item lazy-load-item\">\n                                        <a href=\"https:\/\/www.praiadaferrugem.net\/aluguel\/imovel\/ref100\/\"><img  data-lazy-load-src=\"https:\/\/www.praiadaferrugem.net\/aluguel\/wp-content\/uploads\/2021\/11\/IMG_8344-525x328.jpg\" alt=\"Casa p\/ 8\/10 pessoas\" class=\"img-responsive\" \/><\/a>\n                                    <\/div><div class=\"item lazy-load-item\">\n                                        <a href=\"https:\/\/www.praiadaferrugem.net\/aluguel\/imovel\/ref100\/\"><img  data-lazy-load-src=\"https:\/\/www.praiadaferrugem.net\/aluguel\/wp-content\/uploads\/2021\/11\/IMG_8342-525x328.jpg\" alt=\"Casa p\/ 8\/10 pessoas\" class=\"img-responsive\" \/><\/a>\n                                    <\/div><div class=\"item lazy-load-item\">\n                                        <a href=\"https:\/\/www.praiadaferrugem.net\/aluguel\/imovel\/ref100\/\"><img  data-lazy-load-src=\"https:\/\/www.praiadaferrugem.net\/aluguel\/wp-content\/uploads\/2021\/11\/IMG_8340-525x328.jpg\" alt=\"Casa p\/ 8\/10 pessoas\" class=\"img-responsive\" \/><\/a>\n                                    <\/div><div class=\"item lazy-load-item\">\n                                        <a href=\"https:\/\/www.praiadaferrugem.net\/aluguel\/imovel\/ref100\/\"><img  data-lazy-load-src=\"https:\/\/www.praiadaferrugem.net\/aluguel\/wp-content\/uploads\/2021\/11\/IMG_8336-525x328.jpg\" alt=\"Casa p\/ 8\/10 pessoas\" class=\"img-responsive\" \/><\/a>\n                                    <\/div><div class=\"item lazy-load-item\">\n                                        <a href=\"https:\/\/www.praiadaferrugem.net\/aluguel\/imovel\/ref100\/\"><img  data-lazy-load-src=\"https:\/\/www.praiadaferrugem.net\/aluguel\/wp-content\/uploads\/2021\/11\/IMG_8335-525x328.jpg\" alt=\"Casa p\/ 8\/10 pessoas\" class=\"img-responsive\" \/><\/a>\n                                    <\/div><div class=\"item lazy-load-item\">\n                                        <a href=\"https:\/\/www.praiadaferrugem.net\/aluguel\/imovel\/ref100\/\"><img  data-lazy-load-src=\"https:\/\/www.praiadaferrugem.net\/aluguel\/wp-content\/uploads\/2021\/11\/IMG_8332-525x328.jpg\" alt=\"Casa p\/ 8\/10 pessoas\" class=\"img-responsive\" \/><\/a>\n                                    <\/div><div class=\"item lazy-load-item\">\n                                        <a href=\"https:\/\/www.praiadaferrugem.net\/aluguel\/imovel\/ref100\/\"><img  data-lazy-load-src=\"https:\/\/www.praiadaferrugem.net\/aluguel\/wp-content\/uploads\/2021\/11\/IMG_8331-525x328.jpg\" alt=\"Casa p\/ 8\/10 pessoas\" class=\"img-responsive\" \/><\/a>\n                                    <\/div><div class=\"item lazy-load-item\">\n                                        <a href=\"https:\/\/www.praiadaferrugem.net\/aluguel\/imovel\/ref100\/\"><img  data-lazy-load-src=\"https:\/\/www.praiadaferrugem.net\/aluguel\/wp-content\/uploads\/2021\/11\/IMG_8327-525x328.jpg\" alt=\"Casa p\/ 8\/10 pessoas\" class=\"img-responsive\" \/><\/a>\n                                    <\/div><div class=\"item lazy-load-item\">\n                                        <a href=\"https:\/\/www.praiadaferrugem.net\/aluguel\/imovel\/ref100\/\"><img  data-lazy-load-src=\"https:\/\/www.praiadaferrugem.net\/aluguel\/wp-content\/uploads\/2021\/11\/IMG_8300-525x328.jpg\" alt=\"Casa p\/ 8\/10 pessoas\" class=\"img-responsive\" \/><\/a>\n                                    <\/div><div class=\"item lazy-load-item\">\n                                        <a href=\"https:\/\/www.praiadaferrugem.net\/aluguel\/imovel\/ref100\/\"><img  data-lazy-load-src=\"https:\/\/www.praiadaferrugem.net\/aluguel\/wp-content\/uploads\/2021\/11\/IMG_8299-525x328.jpg\" alt=\"Casa p\/ 8\/10 pessoas\" class=\"img-responsive\" \/><\/a>\n                                    <\/div>\n                    <\/div>\n\n\n\n\n                    <a href=\"https:\/\/www.praiadaferrugem.net\/aluguel\/imovel\/ref100\/\"> <\/a><a class=\"left  carousel-control\" href=\"#property_unit_carousel_69f1a742bd4f9\" data-slide=\"prev\">\n                            <i class=\"fas fa-angle-left\"><\/i>\n                        <\/a>\n\n                        <a class=\"right  carousel-control\" href=\"#property_unit_carousel_69f1a742bd4f9\" data-slide=\"next\">\n                            <i class=\"fas fa-angle-right\"><\/i>\n                        <\/a>\n                <\/div><\/div><\/div><div class=\"property_unit_custom_element text unit_element_56983 \">REF<\/div><div class=\"property_unit_custom_element property-manual-id unit_element_62814 \">100<\/div><div class=\"property_unit_custom_element featured_icon unit_element_96450 \"><i class=\"fa fa-star\" aria-hidden=\"true\"><\/i><\/div><\/div><div class=\"property_unit_custom row_no_2 col-md-12  \"><div class=\"property_unit_custom_element title unit_element_8863 normal\" style=\" width:100%; \" ><h4><a href=\"https:\/\/www.praiadaferrugem.net\/aluguel\/imovel\/ref100\/\" target=\"_blank\" >Casa p\/ 8\/10 pessoas<\/a><\/h4><\/div><div class=\"property_unit_custom_element property_address unit_element_68937 \" style=\" width:100%; \" >Praia da Ferrugem, Garopaba\/SC<\/div><div class=\"property_unit_custom_element textominiaaturas unit_element_53439 bold\" style=\" width:100%; \" >PISCINA PRIVATIVA<\/div><\/div><div class=\"property_unit_custom row_no_3 col-md-12  \"><\/div><div class=\"property_unit_custom row_no_4 col-md-12  \"><div class=\"property_unit_custom_element icon unit_element_91418 \"><img src=\"http:\/\/www.praiadaferrugem.net\/aluguel\/icon_bed.png\" alt=\"featured icon\"><\/div><div class=\"property_unit_custom_element property_bedrooms unit_element_97441 \">3<\/div><div class=\"property_unit_custom_element text unit_element_28906 \"><\/div><div class=\"property_unit_custom_element icon unit_element_73983 \"><img src=\"http:\/\/www.praiadaferrugem.net\/aluguel\/icon_bath.png\" alt=\"featured icon\"><\/div><div class=\"property_unit_custom_element property_bathrooms unit_element_48632 \">2<\/div><div class=\"property_unit_custom_element text unit_element_32943 \"><\/div><div class=\"property_unit_custom_element icon unit_element_16610 \"><img src=\"http:\/\/www.praiadaferrugem.net\/aluguel\/icon_wave.png\" alt=\"featured icon\"><\/div><div class=\"property_unit_custom_element property_price unit_element_479 \">200 m <span class=\"price_label\">\/praia<\/span><\/div><\/div><div class=\"property_unit_custom row_no_5 col-md-12  \"><div class=\"property_unit_custom_element text  \"><\/div><\/div>        <\/div>             \n    <\/div><\/div><div class=\" slider_prop_wrapper   three_per_row  \" >  \n\n<div class=\"col-md- shortcode-col has_prop_slider  listing_wrapper \" \n    data-org=\"6\"   \n    data-main-modal=\"https:\/\/www.praiadaferrugem.net\/aluguel\/wp-content\/uploads\/2021\/06\/GOPR2918-1-835x467.jpg\"\n    data-modal-title=\"Casa p\/ 8\/10 pessoas (superior)\"\n    data-modal-link=\"https:\/\/www.praiadaferrugem.net\/aluguel\/imovel\/ref7\/\"\n    data-listid=\"29856\" >    \n    \n        \n    <div class=\"property_listing  property_card_default property_listing_custom_design \" \n         data-link=\"\">    \n        \n        <div class=\"property_unit_custom row_no_1 col-md-12  \"><div class=\"property_unit_custom_element image unit_element_94767 \"><div class=\"listing-unit-img-wrapper\">\n                <div id=\"property_unit_carousel_69f1a742bfd72\" class=\"carousel property_unit_carousel slide \" data-ride=\"carousel\" data-interval=\"false\">\n                    <div class=\"carousel-inner\">         \n                        <div class=\"item active\">    \n                            <a href=\"https:\/\/www.praiadaferrugem.net\/aluguel\/imovel\/ref7\/\"><img width=\"525\" height=\"328\" src=\"https:\/\/www.praiadaferrugem.net\/aluguel\/wp-content\/uploads\/2021\/06\/GOPR2918-1-525x328.jpg\" class=\"lazyload img-responsive wp-post-image\" alt=\"\" loading=\"lazy\" data-original=\"https:\/\/www.praiadaferrugem.net\/aluguel\/wp-content\/uploads\/2021\/06\/GOPR2918-1-525x328.jpg\" \/><\/a>     \n                        <\/div>\n                        <div class=\"item lazy-load-item\">\n                                        <a href=\"https:\/\/www.praiadaferrugem.net\/aluguel\/imovel\/ref7\/\"><img  data-lazy-load-src=\"https:\/\/www.praiadaferrugem.net\/aluguel\/wp-content\/uploads\/2021\/06\/GOPR2977-525x328.jpg\" alt=\"Casa p\/ 8\/10 pessoas (superior)\" class=\"img-responsive\" \/><\/a>\n                                    <\/div><div class=\"item lazy-load-item\">\n                                        <a href=\"https:\/\/www.praiadaferrugem.net\/aluguel\/imovel\/ref7\/\"><img  data-lazy-load-src=\"https:\/\/www.praiadaferrugem.net\/aluguel\/wp-content\/uploads\/2021\/06\/GOPR2960-525x328.jpg\" alt=\"Casa p\/ 8\/10 pessoas (superior)\" class=\"img-responsive\" \/><\/a>\n                                    <\/div><div class=\"item lazy-load-item\">\n                                        <a href=\"https:\/\/www.praiadaferrugem.net\/aluguel\/imovel\/ref7\/\"><img  data-lazy-load-src=\"https:\/\/www.praiadaferrugem.net\/aluguel\/wp-content\/uploads\/2021\/06\/GOPR2958-525x328.jpg\" alt=\"Casa p\/ 8\/10 pessoas (superior)\" class=\"img-responsive\" \/><\/a>\n                                    <\/div><div class=\"item lazy-load-item\">\n                                        <a href=\"https:\/\/www.praiadaferrugem.net\/aluguel\/imovel\/ref7\/\"><img  data-lazy-load-src=\"https:\/\/www.praiadaferrugem.net\/aluguel\/wp-content\/uploads\/2021\/06\/GOPR2962-525x328.jpg\" alt=\"Casa p\/ 8\/10 pessoas (superior)\" class=\"img-responsive\" \/><\/a>\n                                    <\/div><div class=\"item lazy-load-item\">\n                                        <a href=\"https:\/\/www.praiadaferrugem.net\/aluguel\/imovel\/ref7\/\"><img  data-lazy-load-src=\"https:\/\/www.praiadaferrugem.net\/aluguel\/wp-content\/uploads\/2021\/06\/GOPR2976-525x328.jpg\" alt=\"Casa p\/ 8\/10 pessoas (superior)\" class=\"img-responsive\" \/><\/a>\n                                    <\/div><div class=\"item lazy-load-item\">\n                                        <a href=\"https:\/\/www.praiadaferrugem.net\/aluguel\/imovel\/ref7\/\"><img  data-lazy-load-src=\"https:\/\/www.praiadaferrugem.net\/aluguel\/wp-content\/uploads\/2021\/06\/GOPR2974-525x328.jpg\" alt=\"Casa p\/ 8\/10 pessoas (superior)\" class=\"img-responsive\" \/><\/a>\n                                    <\/div><div class=\"item lazy-load-item\">\n                                        <a href=\"https:\/\/www.praiadaferrugem.net\/aluguel\/imovel\/ref7\/\"><img  data-lazy-load-src=\"https:\/\/www.praiadaferrugem.net\/aluguel\/wp-content\/uploads\/2021\/06\/GOPR2972-525x328.jpg\" alt=\"Casa p\/ 8\/10 pessoas (superior)\" class=\"img-responsive\" \/><\/a>\n                                    <\/div><div class=\"item lazy-load-item\">\n                                        <a href=\"https:\/\/www.praiadaferrugem.net\/aluguel\/imovel\/ref7\/\"><img  data-lazy-load-src=\"https:\/\/www.praiadaferrugem.net\/aluguel\/wp-content\/uploads\/2021\/06\/GOPR2970-525x328.jpg\" alt=\"Casa p\/ 8\/10 pessoas (superior)\" class=\"img-responsive\" \/><\/a>\n                                    <\/div><div class=\"item lazy-load-item\">\n                                        <a href=\"https:\/\/www.praiadaferrugem.net\/aluguel\/imovel\/ref7\/\"><img  data-lazy-load-src=\"https:\/\/www.praiadaferrugem.net\/aluguel\/wp-content\/uploads\/2021\/06\/GOPR2968-525x328.jpg\" alt=\"Casa p\/ 8\/10 pessoas (superior)\" class=\"img-responsive\" \/><\/a>\n                                    <\/div><div class=\"item lazy-load-item\">\n                                        <a href=\"https:\/\/www.praiadaferrugem.net\/aluguel\/imovel\/ref7\/\"><img  data-lazy-load-src=\"https:\/\/www.praiadaferrugem.net\/aluguel\/wp-content\/uploads\/2021\/06\/GOPR2966-525x328.jpg\" alt=\"Casa p\/ 8\/10 pessoas (superior)\" class=\"img-responsive\" \/><\/a>\n                                    <\/div><div class=\"item lazy-load-item\">\n                                        <a href=\"https:\/\/www.praiadaferrugem.net\/aluguel\/imovel\/ref7\/\"><img  data-lazy-load-src=\"https:\/\/www.praiadaferrugem.net\/aluguel\/wp-content\/uploads\/2021\/06\/GOPR2964-525x328.jpg\" alt=\"Casa p\/ 8\/10 pessoas (superior)\" class=\"img-responsive\" \/><\/a>\n                                    <\/div><div class=\"item lazy-load-item\">\n                                        <a href=\"https:\/\/www.praiadaferrugem.net\/aluguel\/imovel\/ref7\/\"><img  data-lazy-load-src=\"https:\/\/www.praiadaferrugem.net\/aluguel\/wp-content\/uploads\/2021\/06\/GOPR2956-525x328.jpg\" alt=\"Casa p\/ 8\/10 pessoas (superior)\" class=\"img-responsive\" \/><\/a>\n                                    <\/div><div class=\"item lazy-load-item\">\n                                        <a href=\"https:\/\/www.praiadaferrugem.net\/aluguel\/imovel\/ref7\/\"><img  data-lazy-load-src=\"https:\/\/www.praiadaferrugem.net\/aluguel\/wp-content\/uploads\/2021\/06\/GOPR2954-525x328.jpg\" alt=\"Casa p\/ 8\/10 pessoas (superior)\" class=\"img-responsive\" \/><\/a>\n                                    <\/div><div class=\"item lazy-load-item\">\n                                        <a href=\"https:\/\/www.praiadaferrugem.net\/aluguel\/imovel\/ref7\/\"><img  data-lazy-load-src=\"https:\/\/www.praiadaferrugem.net\/aluguel\/wp-content\/uploads\/2021\/06\/GOPR2952-525x328.jpg\" alt=\"Casa p\/ 8\/10 pessoas (superior)\" class=\"img-responsive\" \/><\/a>\n                                    <\/div><div class=\"item lazy-load-item\">\n                                        <a href=\"https:\/\/www.praiadaferrugem.net\/aluguel\/imovel\/ref7\/\"><img  data-lazy-load-src=\"https:\/\/www.praiadaferrugem.net\/aluguel\/wp-content\/uploads\/2021\/06\/GOPR2951-525x328.jpg\" alt=\"Casa p\/ 8\/10 pessoas (superior)\" class=\"img-responsive\" \/><\/a>\n                                    <\/div><div class=\"item lazy-load-item\">\n                                        <a href=\"https:\/\/www.praiadaferrugem.net\/aluguel\/imovel\/ref7\/\"><img  data-lazy-load-src=\"https:\/\/www.praiadaferrugem.net\/aluguel\/wp-content\/uploads\/2021\/06\/GOPR2949-525x328.jpg\" alt=\"Casa p\/ 8\/10 pessoas (superior)\" class=\"img-responsive\" \/><\/a>\n                                    <\/div>\n                    <\/div>\n\n\n\n\n                    <a href=\"https:\/\/www.praiadaferrugem.net\/aluguel\/imovel\/ref7\/\"> <\/a><a class=\"left  carousel-control\" href=\"#property_unit_carousel_69f1a742bfd72\" data-slide=\"prev\">\n                            <i class=\"fas fa-angle-left\"><\/i>\n                        <\/a>\n\n                        <a class=\"right  carousel-control\" href=\"#property_unit_carousel_69f1a742bfd72\" data-slide=\"next\">\n                            <i class=\"fas fa-angle-right\"><\/i>\n                        <\/a>\n                <\/div><\/div><\/div><div class=\"property_unit_custom_element text unit_element_56983 \">REF<\/div><div class=\"property_unit_custom_element property-manual-id unit_element_62814 \">7<\/div><div class=\"property_unit_custom_element featured_icon unit_element_96450 \"><i class=\"fa fa-star\" aria-hidden=\"true\"><\/i><\/div><\/div><div class=\"property_unit_custom row_no_2 col-md-12  \"><div class=\"property_unit_custom_element title unit_element_8863 normal\" style=\" width:100%; \" ><h4><a href=\"https:\/\/www.praiadaferrugem.net\/aluguel\/imovel\/ref7\/\" target=\"_blank\" >Casa p\/ 8\/10 pessoas (superior)<\/a><\/h4><\/div><div class=\"property_unit_custom_element property_address unit_element_68937 \" style=\" width:100%; \" >Praia da Ferrugem, Garopaba\/SC<\/div><div class=\"property_unit_custom_element textominiaaturas unit_element_53439 bold\" style=\" width:100%; \" >WIFI | 2 QUADRAS MAR<\/div><\/div><div class=\"property_unit_custom row_no_3 col-md-12  \"><\/div><div class=\"property_unit_custom row_no_4 col-md-12  \"><div class=\"property_unit_custom_element icon unit_element_91418 \"><img src=\"http:\/\/www.praiadaferrugem.net\/aluguel\/icon_bed.png\" alt=\"featured icon\"><\/div><div class=\"property_unit_custom_element property_bedrooms unit_element_97441 \">3<\/div><div class=\"property_unit_custom_element text unit_element_28906 \"><\/div><div class=\"property_unit_custom_element icon unit_element_73983 \"><img src=\"http:\/\/www.praiadaferrugem.net\/aluguel\/icon_bath.png\" alt=\"featured icon\"><\/div><div class=\"property_unit_custom_element property_bathrooms unit_element_48632 \">2<\/div><div class=\"property_unit_custom_element text unit_element_32943 \"><\/div><div class=\"property_unit_custom_element icon unit_element_16610 \"><img src=\"http:\/\/www.praiadaferrugem.net\/aluguel\/icon_wave.png\" alt=\"featured icon\"><\/div><div class=\"property_unit_custom_element property_price unit_element_479 \">200 m <span class=\"price_label\">\/praia<\/span><\/div><\/div><div class=\"property_unit_custom row_no_5 col-md-12  \"><div class=\"property_unit_custom_element text  \"><\/div><\/div>        <\/div>             \n    <\/div><\/div><div class=\" slider_prop_wrapper   three_per_row  \" >  \n\n<div class=\"col-md- shortcode-col has_prop_slider  listing_wrapper \" \n    data-org=\"6\"   \n    data-main-modal=\"https:\/\/www.praiadaferrugem.net\/aluguel\/wp-content\/uploads\/2019\/09\/GOPR8586-835x467.jpg\"\n    data-modal-title=\"Su\u00edte Master Pool Superior 2\/4 pessoas\"\n    data-modal-link=\"https:\/\/www.praiadaferrugem.net\/aluguel\/imovel\/ref402\/\"\n    data-listid=\"24019\" >    \n    \n        \n    <div class=\"property_listing  property_card_default property_listing_custom_design \" \n         data-link=\"\">    \n        \n        <div class=\"property_unit_custom row_no_1 col-md-12  \"><div class=\"property_unit_custom_element image unit_element_94767 \"><div class=\"listing-unit-img-wrapper\">\n                <div id=\"property_unit_carousel_69f1a742c2fa3\" class=\"carousel property_unit_carousel slide \" data-ride=\"carousel\" data-interval=\"false\">\n                    <div class=\"carousel-inner\">         \n                        <div class=\"item active\">    \n                            <a href=\"https:\/\/www.praiadaferrugem.net\/aluguel\/imovel\/ref402\/\"><img width=\"525\" height=\"328\" src=\"https:\/\/www.praiadaferrugem.net\/aluguel\/wp-content\/uploads\/2019\/09\/GOPR8586-525x328.jpg\" class=\"lazyload img-responsive wp-post-image\" alt=\"\" loading=\"lazy\" data-original=\"https:\/\/www.praiadaferrugem.net\/aluguel\/wp-content\/uploads\/2019\/09\/GOPR8586-525x328.jpg\" \/><\/a>     \n                        <\/div>\n                        <div class=\"item lazy-load-item\">\n                                        <a href=\"https:\/\/www.praiadaferrugem.net\/aluguel\/imovel\/ref402\/\"><img  data-lazy-load-src=\"https:\/\/www.praiadaferrugem.net\/aluguel\/wp-content\/uploads\/2019\/08\/GOPR8622-525x328.jpg\" alt=\"Su\u00edte Master Pool Superior 2\/4 pessoas\" class=\"img-responsive\" \/><\/a>\n                                    <\/div><div class=\"item lazy-load-item\">\n                                        <a href=\"https:\/\/www.praiadaferrugem.net\/aluguel\/imovel\/ref402\/\"><img  data-lazy-load-src=\"https:\/\/www.praiadaferrugem.net\/aluguel\/wp-content\/uploads\/2019\/08\/GOPR8634-525x328.jpg\" alt=\"Su\u00edte Master Pool Superior 2\/4 pessoas\" class=\"img-responsive\" \/><\/a>\n                                    <\/div><div class=\"item lazy-load-item\">\n                                        <a href=\"https:\/\/www.praiadaferrugem.net\/aluguel\/imovel\/ref402\/\"><img  data-lazy-load-src=\"https:\/\/www.praiadaferrugem.net\/aluguel\/wp-content\/uploads\/2019\/08\/GOPR8632-525x328.jpg\" alt=\"Su\u00edte Master Pool Superior 2\/4 pessoas\" class=\"img-responsive\" \/><\/a>\n                                    <\/div><div class=\"item lazy-load-item\">\n                                        <a href=\"https:\/\/www.praiadaferrugem.net\/aluguel\/imovel\/ref402\/\"><img  data-lazy-load-src=\"https:\/\/www.praiadaferrugem.net\/aluguel\/wp-content\/uploads\/2019\/08\/GOPR8563-525x328.jpg\" alt=\"Su\u00edte Master Pool Superior 2\/4 pessoas\" class=\"img-responsive\" \/><\/a>\n                                    <\/div><div class=\"item lazy-load-item\">\n                                        <a href=\"https:\/\/www.praiadaferrugem.net\/aluguel\/imovel\/ref402\/\"><img  data-lazy-load-src=\"https:\/\/www.praiadaferrugem.net\/aluguel\/wp-content\/uploads\/2019\/08\/GOPR8609-525x328.jpg\" alt=\"Su\u00edte Master Pool Superior 2\/4 pessoas\" class=\"img-responsive\" \/><\/a>\n                                    <\/div><div class=\"item lazy-load-item\">\n                                        <a href=\"https:\/\/www.praiadaferrugem.net\/aluguel\/imovel\/ref402\/\"><img  data-lazy-load-src=\"https:\/\/www.praiadaferrugem.net\/aluguel\/wp-content\/uploads\/2019\/08\/GOPR8613-525x328.jpg\" alt=\"Su\u00edte Master Pool Superior 2\/4 pessoas\" class=\"img-responsive\" \/><\/a>\n                                    <\/div><div class=\"item lazy-load-item\">\n                                        <a href=\"https:\/\/www.praiadaferrugem.net\/aluguel\/imovel\/ref402\/\"><img  data-lazy-load-src=\"https:\/\/www.praiadaferrugem.net\/aluguel\/wp-content\/uploads\/2019\/08\/GOPR8620-525x328.jpg\" alt=\"Su\u00edte Master Pool Superior 2\/4 pessoas\" class=\"img-responsive\" \/><\/a>\n                                    <\/div><div class=\"item lazy-load-item\">\n                                        <a href=\"https:\/\/www.praiadaferrugem.net\/aluguel\/imovel\/ref402\/\"><img  data-lazy-load-src=\"https:\/\/www.praiadaferrugem.net\/aluguel\/wp-content\/uploads\/2019\/08\/GOPR8627-525x328.jpg\" alt=\"Su\u00edte Master Pool Superior 2\/4 pessoas\" class=\"img-responsive\" \/><\/a>\n                                    <\/div><div class=\"item lazy-load-item\">\n                                        <a href=\"https:\/\/www.praiadaferrugem.net\/aluguel\/imovel\/ref402\/\"><img  data-lazy-load-src=\"https:\/\/www.praiadaferrugem.net\/aluguel\/wp-content\/uploads\/2019\/08\/GOPR8629-525x328.jpg\" alt=\"Su\u00edte Master Pool Superior 2\/4 pessoas\" class=\"img-responsive\" \/><\/a>\n                                    <\/div><div class=\"item lazy-load-item\">\n                                        <a href=\"https:\/\/www.praiadaferrugem.net\/aluguel\/imovel\/ref402\/\"><img  data-lazy-load-src=\"https:\/\/www.praiadaferrugem.net\/aluguel\/wp-content\/uploads\/2019\/08\/GOPR8636-525x328.jpg\" alt=\"Su\u00edte Master Pool Superior 2\/4 pessoas\" class=\"img-responsive\" \/><\/a>\n                                    <\/div><div class=\"item lazy-load-item\">\n                                        <a href=\"https:\/\/www.praiadaferrugem.net\/aluguel\/imovel\/ref402\/\"><img  data-lazy-load-src=\"https:\/\/www.praiadaferrugem.net\/aluguel\/wp-content\/uploads\/2019\/08\/GOPR8638-525x328.jpg\" alt=\"Su\u00edte Master Pool Superior 2\/4 pessoas\" class=\"img-responsive\" \/><\/a>\n                                    <\/div><div class=\"item lazy-load-item\">\n                                        <a href=\"https:\/\/www.praiadaferrugem.net\/aluguel\/imovel\/ref402\/\"><img  data-lazy-load-src=\"https:\/\/www.praiadaferrugem.net\/aluguel\/wp-content\/uploads\/2019\/08\/GOPR8642-525x328.jpg\" alt=\"Su\u00edte Master Pool Superior 2\/4 pessoas\" class=\"img-responsive\" \/><\/a>\n                                    <\/div><div class=\"item lazy-load-item\">\n                                        <a href=\"https:\/\/www.praiadaferrugem.net\/aluguel\/imovel\/ref402\/\"><img  data-lazy-load-src=\"https:\/\/www.praiadaferrugem.net\/aluguel\/wp-content\/uploads\/2019\/08\/GOPR8581-525x328.jpg\" alt=\"Su\u00edte Master Pool Superior 2\/4 pessoas\" class=\"img-responsive\" \/><\/a>\n                                    <\/div><div class=\"item lazy-load-item\">\n                                        <a href=\"https:\/\/www.praiadaferrugem.net\/aluguel\/imovel\/ref402\/\"><img  data-lazy-load-src=\"https:\/\/www.praiadaferrugem.net\/aluguel\/wp-content\/uploads\/2019\/08\/GOPR8582-525x328.jpg\" alt=\"Su\u00edte Master Pool Superior 2\/4 pessoas\" class=\"img-responsive\" \/><\/a>\n                                    <\/div><div class=\"item lazy-load-item\">\n                                        <a href=\"https:\/\/www.praiadaferrugem.net\/aluguel\/imovel\/ref402\/\"><img  data-lazy-load-src=\"https:\/\/www.praiadaferrugem.net\/aluguel\/wp-content\/uploads\/2019\/08\/GOPR8586-525x328.jpg\" alt=\"Su\u00edte Master Pool Superior 2\/4 pessoas\" class=\"img-responsive\" \/><\/a>\n                                    <\/div><div class=\"item lazy-load-item\">\n                                        <a href=\"https:\/\/www.praiadaferrugem.net\/aluguel\/imovel\/ref402\/\"><img  data-lazy-load-src=\"https:\/\/www.praiadaferrugem.net\/aluguel\/wp-content\/uploads\/2019\/08\/GOPR8594-525x328.jpg\" alt=\"Su\u00edte Master Pool Superior 2\/4 pessoas\" class=\"img-responsive\" \/><\/a>\n                                    <\/div><div class=\"item lazy-load-item\">\n                                        <a href=\"https:\/\/www.praiadaferrugem.net\/aluguel\/imovel\/ref402\/\"><img  data-lazy-load-src=\"https:\/\/www.praiadaferrugem.net\/aluguel\/wp-content\/uploads\/2019\/08\/GOPR8599-525x328.jpg\" alt=\"Su\u00edte Master Pool Superior 2\/4 pessoas\" class=\"img-responsive\" \/><\/a>\n                                    <\/div><div class=\"item lazy-load-item\">\n                                        <a href=\"https:\/\/www.praiadaferrugem.net\/aluguel\/imovel\/ref402\/\"><img  data-lazy-load-src=\"https:\/\/www.praiadaferrugem.net\/aluguel\/wp-content\/uploads\/2019\/08\/GOPR8602-525x328.jpg\" alt=\"Su\u00edte Master Pool Superior 2\/4 pessoas\" class=\"img-responsive\" \/><\/a>\n                                    <\/div><div class=\"item lazy-load-item\">\n                                        <a href=\"https:\/\/www.praiadaferrugem.net\/aluguel\/imovel\/ref402\/\"><img  data-lazy-load-src=\"https:\/\/www.praiadaferrugem.net\/aluguel\/wp-content\/uploads\/2019\/08\/GOPR8604-525x328.jpg\" alt=\"Su\u00edte Master Pool Superior 2\/4 pessoas\" class=\"img-responsive\" \/><\/a>\n                                    <\/div><div class=\"item lazy-load-item\">\n                                        <a href=\"https:\/\/www.praiadaferrugem.net\/aluguel\/imovel\/ref402\/\"><img  data-lazy-load-src=\"https:\/\/www.praiadaferrugem.net\/aluguel\/wp-content\/uploads\/2019\/08\/GOPR8606-525x328.jpg\" alt=\"Su\u00edte Master Pool Superior 2\/4 pessoas\" class=\"img-responsive\" \/><\/a>\n                                    <\/div><div class=\"item lazy-load-item\">\n                                        <a href=\"https:\/\/www.praiadaferrugem.net\/aluguel\/imovel\/ref402\/\"><img  data-lazy-load-src=\"https:\/\/www.praiadaferrugem.net\/aluguel\/wp-content\/uploads\/2019\/08\/GOPR8761-525x328.jpg\" alt=\"Su\u00edte Master Pool Superior 2\/4 pessoas\" class=\"img-responsive\" \/><\/a>\n                                    <\/div><div class=\"item lazy-load-item\">\n                                        <a href=\"https:\/\/www.praiadaferrugem.net\/aluguel\/imovel\/ref402\/\"><img  data-lazy-load-src=\"https:\/\/www.praiadaferrugem.net\/aluguel\/wp-content\/uploads\/2019\/08\/GOPR8763-525x328.jpg\" alt=\"Su\u00edte Master Pool Superior 2\/4 pessoas\" class=\"img-responsive\" \/><\/a>\n                                    <\/div><div class=\"item lazy-load-item\">\n                                        <a href=\"https:\/\/www.praiadaferrugem.net\/aluguel\/imovel\/ref402\/\"><img  data-lazy-load-src=\"https:\/\/www.praiadaferrugem.net\/aluguel\/wp-content\/uploads\/2019\/08\/GOPR8767-525x328.jpg\" alt=\"Su\u00edte Master Pool Superior 2\/4 pessoas\" class=\"img-responsive\" \/><\/a>\n                                    <\/div><div class=\"item lazy-load-item\">\n                                        <a href=\"https:\/\/www.praiadaferrugem.net\/aluguel\/imovel\/ref402\/\"><img  data-lazy-load-src=\"https:\/\/www.praiadaferrugem.net\/aluguel\/wp-content\/uploads\/2019\/08\/GOPR8770-525x328.jpg\" alt=\"Su\u00edte Master Pool Superior 2\/4 pessoas\" class=\"img-responsive\" \/><\/a>\n                                    <\/div><div class=\"item lazy-load-item\">\n                                        <a href=\"https:\/\/www.praiadaferrugem.net\/aluguel\/imovel\/ref402\/\"><img  data-lazy-load-src=\"https:\/\/www.praiadaferrugem.net\/aluguel\/wp-content\/uploads\/2019\/08\/GOPR8773-525x328.jpg\" alt=\"Su\u00edte Master Pool Superior 2\/4 pessoas\" class=\"img-responsive\" \/><\/a>\n                                    <\/div><div class=\"item lazy-load-item\">\n                                        <a href=\"https:\/\/www.praiadaferrugem.net\/aluguel\/imovel\/ref402\/\"><img  data-lazy-load-src=\"https:\/\/www.praiadaferrugem.net\/aluguel\/wp-content\/uploads\/2019\/08\/GOPR8777-525x328.jpg\" alt=\"Su\u00edte Master Pool Superior 2\/4 pessoas\" class=\"img-responsive\" \/><\/a>\n                                    <\/div><div class=\"item lazy-load-item\">\n                                        <a href=\"https:\/\/www.praiadaferrugem.net\/aluguel\/imovel\/ref402\/\"><img  data-lazy-load-src=\"https:\/\/www.praiadaferrugem.net\/aluguel\/wp-content\/uploads\/2019\/08\/GOPR8780-525x328.jpg\" alt=\"Su\u00edte Master Pool Superior 2\/4 pessoas\" class=\"img-responsive\" \/><\/a>\n                                    <\/div><div class=\"item lazy-load-item\">\n                                        <a href=\"https:\/\/www.praiadaferrugem.net\/aluguel\/imovel\/ref402\/\"><img  data-lazy-load-src=\"https:\/\/www.praiadaferrugem.net\/aluguel\/wp-content\/uploads\/2019\/08\/GOPR8782-525x328.jpg\" alt=\"Su\u00edte Master Pool Superior 2\/4 pessoas\" class=\"img-responsive\" \/><\/a>\n                                    <\/div>\n                    <\/div>\n\n\n\n\n                    <a href=\"https:\/\/www.praiadaferrugem.net\/aluguel\/imovel\/ref402\/\"> <\/a><a class=\"left  carousel-control\" href=\"#property_unit_carousel_69f1a742c2fa3\" data-slide=\"prev\">\n                            <i class=\"fas fa-angle-left\"><\/i>\n                        <\/a>\n\n                        <a class=\"right  carousel-control\" href=\"#property_unit_carousel_69f1a742c2fa3\" data-slide=\"next\">\n                            <i class=\"fas fa-angle-right\"><\/i>\n                        <\/a>\n                <\/div><\/div><\/div><div class=\"property_unit_custom_element text unit_element_56983 \">REF<\/div><div class=\"property_unit_custom_element property-manual-id unit_element_62814 \">402<\/div><div class=\"property_unit_custom_element featured_icon unit_element_96450 \"><i class=\"fa fa-star\" aria-hidden=\"true\"><\/i><\/div><\/div><div class=\"property_unit_custom row_no_2 col-md-12  \"><div class=\"property_unit_custom_element title unit_element_8863 normal\" style=\" width:100%; \" ><h4><a href=\"https:\/\/www.praiadaferrugem.net\/aluguel\/imovel\/ref402\/\" target=\"_blank\" >Su\u00edte Master Pool Superior 2\/4 pessoas<\/a><\/h4><\/div><div class=\"property_unit_custom_element property_address unit_element_68937 \" style=\" width:100%; \" >Praia da Ferrugem, Garopaba\/SC<\/div><div class=\"property_unit_custom_element textominiaaturas unit_element_53439 bold\" style=\" width:100%; \" >AR CONDICIONADO | 1 QUADRA MAR<\/div><\/div><div class=\"property_unit_custom row_no_3 col-md-12  \"><\/div><div class=\"property_unit_custom row_no_4 col-md-12  \"><div class=\"property_unit_custom_element icon unit_element_91418 \"><img src=\"http:\/\/www.praiadaferrugem.net\/aluguel\/icon_bed.png\" alt=\"featured icon\"><\/div><div class=\"property_unit_custom_element property_bedrooms unit_element_97441 \">1<\/div><div class=\"property_unit_custom_element text unit_element_28906 \"><\/div><div class=\"property_unit_custom_element icon unit_element_73983 \"><img src=\"http:\/\/www.praiadaferrugem.net\/aluguel\/icon_bath.png\" alt=\"featured icon\"><\/div><div class=\"property_unit_custom_element property_bathrooms unit_element_48632 \">1<\/div><div class=\"property_unit_custom_element text unit_element_32943 \"><\/div><div class=\"property_unit_custom_element icon unit_element_16610 \"><img src=\"http:\/\/www.praiadaferrugem.net\/aluguel\/icon_wave.png\" alt=\"featured icon\"><\/div><div class=\"property_unit_custom_element property_price unit_element_479 \">80 m <span class=\"price_label\">\/praia<\/span><\/div><\/div><div class=\"property_unit_custom row_no_5 col-md-12  \"><div class=\"property_unit_custom_element text  \"><\/div><\/div>        <\/div>             \n    <\/div><\/div><div class=\" slider_prop_wrapper   three_per_row  \" >  \n\n<div class=\"col-md- shortcode-col has_prop_slider  listing_wrapper \" \n    data-org=\"6\"   \n    data-main-modal=\"https:\/\/www.praiadaferrugem.net\/aluguel\/wp-content\/uploads\/2018\/12\/IMG_8669-1-835x467.jpg\"\n    data-modal-title=\"Su\u00edte p\/ 2\/4 pessoas\"\n    data-modal-link=\"https:\/\/www.praiadaferrugem.net\/aluguel\/imovel\/ref501\/\"\n    data-listid=\"23747\" >    \n    \n        \n    <div class=\"property_listing  property_card_default property_listing_custom_design \" \n         data-link=\"\">    \n        \n        <div class=\"property_unit_custom row_no_1 col-md-12  \"><div class=\"property_unit_custom_element image unit_element_94767 \"><div class=\"listing-unit-img-wrapper\">\n                <div id=\"property_unit_carousel_69f1a742c64f8\" class=\"carousel property_unit_carousel slide \" data-ride=\"carousel\" data-interval=\"false\">\n                    <div class=\"carousel-inner\">         \n                        <div class=\"item active\">    \n                            <a href=\"https:\/\/www.praiadaferrugem.net\/aluguel\/imovel\/ref501\/\"><img width=\"525\" height=\"328\" src=\"https:\/\/www.praiadaferrugem.net\/aluguel\/wp-content\/uploads\/2018\/12\/IMG_8669-1-525x328.jpg\" class=\"lazyload img-responsive wp-post-image\" alt=\"\" loading=\"lazy\" data-original=\"https:\/\/www.praiadaferrugem.net\/aluguel\/wp-content\/uploads\/2018\/12\/IMG_8669-1-525x328.jpg\" \/><\/a>     \n                        <\/div>\n                        <div class=\"item lazy-load-item\">\n                                        <a href=\"https:\/\/www.praiadaferrugem.net\/aluguel\/imovel\/ref501\/\"><img  data-lazy-load-src=\"https:\/\/www.praiadaferrugem.net\/aluguel\/wp-content\/uploads\/2018\/12\/2-525x328.jpg\" alt=\"Su\u00edte p\/ 2\/4 pessoas\" class=\"img-responsive\" \/><\/a>\n                                    <\/div><div class=\"item lazy-load-item\">\n                                        <a href=\"https:\/\/www.praiadaferrugem.net\/aluguel\/imovel\/ref501\/\"><img  data-lazy-load-src=\"https:\/\/www.praiadaferrugem.net\/aluguel\/wp-content\/uploads\/2018\/12\/5-525x328.jpg\" alt=\"Su\u00edte p\/ 2\/4 pessoas\" class=\"img-responsive\" \/><\/a>\n                                    <\/div><div class=\"item lazy-load-item\">\n                                        <a href=\"https:\/\/www.praiadaferrugem.net\/aluguel\/imovel\/ref501\/\"><img  data-lazy-load-src=\"https:\/\/www.praiadaferrugem.net\/aluguel\/wp-content\/uploads\/2018\/12\/IMG_6179-525x328.jpg\" alt=\"Su\u00edte p\/ 2\/4 pessoas\" class=\"img-responsive\" \/><\/a>\n                                    <\/div><div class=\"item lazy-load-item\">\n                                        <a href=\"https:\/\/www.praiadaferrugem.net\/aluguel\/imovel\/ref501\/\"><img  data-lazy-load-src=\"https:\/\/www.praiadaferrugem.net\/aluguel\/wp-content\/uploads\/2018\/12\/IMG_6188-525x328.jpg\" alt=\"Su\u00edte p\/ 2\/4 pessoas\" class=\"img-responsive\" \/><\/a>\n                                    <\/div><div class=\"item lazy-load-item\">\n                                        <a href=\"https:\/\/www.praiadaferrugem.net\/aluguel\/imovel\/ref501\/\"><img  data-lazy-load-src=\"https:\/\/www.praiadaferrugem.net\/aluguel\/wp-content\/uploads\/2018\/12\/IMG_6127-525x328.jpg\" alt=\"Su\u00edte p\/ 2\/4 pessoas\" class=\"img-responsive\" \/><\/a>\n                                    <\/div><div class=\"item lazy-load-item\">\n                                        <a href=\"https:\/\/www.praiadaferrugem.net\/aluguel\/imovel\/ref501\/\"><img  data-lazy-load-src=\"https:\/\/www.praiadaferrugem.net\/aluguel\/wp-content\/uploads\/2018\/12\/IMG_6182-525x328.jpg\" alt=\"Su\u00edte p\/ 2\/4 pessoas\" class=\"img-responsive\" \/><\/a>\n                                    <\/div><div class=\"item lazy-load-item\">\n                                        <a href=\"https:\/\/www.praiadaferrugem.net\/aluguel\/imovel\/ref501\/\"><img  data-lazy-load-src=\"https:\/\/www.praiadaferrugem.net\/aluguel\/wp-content\/uploads\/2018\/12\/IMG_6184-525x328.jpg\" alt=\"Su\u00edte p\/ 2\/4 pessoas\" class=\"img-responsive\" \/><\/a>\n                                    <\/div><div class=\"item lazy-load-item\">\n                                        <a href=\"https:\/\/www.praiadaferrugem.net\/aluguel\/imovel\/ref501\/\"><img  data-lazy-load-src=\"https:\/\/www.praiadaferrugem.net\/aluguel\/wp-content\/uploads\/2018\/12\/IMG_6190-525x328.jpg\" alt=\"Su\u00edte p\/ 2\/4 pessoas\" class=\"img-responsive\" \/><\/a>\n                                    <\/div><div class=\"item lazy-load-item\">\n                                        <a href=\"https:\/\/www.praiadaferrugem.net\/aluguel\/imovel\/ref501\/\"><img  data-lazy-load-src=\"https:\/\/www.praiadaferrugem.net\/aluguel\/wp-content\/uploads\/2018\/12\/IMG_6192-525x328.jpg\" alt=\"Su\u00edte p\/ 2\/4 pessoas\" class=\"img-responsive\" \/><\/a>\n                                    <\/div><div class=\"item lazy-load-item\">\n                                        <a href=\"https:\/\/www.praiadaferrugem.net\/aluguel\/imovel\/ref501\/\"><img  data-lazy-load-src=\"https:\/\/www.praiadaferrugem.net\/aluguel\/wp-content\/uploads\/2018\/12\/1-525x328.jpg\" alt=\"Su\u00edte p\/ 2\/4 pessoas\" class=\"img-responsive\" \/><\/a>\n                                    <\/div><div class=\"item lazy-load-item\">\n                                        <a href=\"https:\/\/www.praiadaferrugem.net\/aluguel\/imovel\/ref501\/\"><img  data-lazy-load-src=\"https:\/\/www.praiadaferrugem.net\/aluguel\/wp-content\/uploads\/2018\/12\/IMG_6174-525x328.jpg\" alt=\"Su\u00edte p\/ 2\/4 pessoas\" class=\"img-responsive\" \/><\/a>\n                                    <\/div><div class=\"item lazy-load-item\">\n                                        <a href=\"https:\/\/www.praiadaferrugem.net\/aluguel\/imovel\/ref501\/\"><img  data-lazy-load-src=\"https:\/\/www.praiadaferrugem.net\/aluguel\/wp-content\/uploads\/2018\/12\/IMG_6173-525x328.jpg\" alt=\"Su\u00edte p\/ 2\/4 pessoas\" class=\"img-responsive\" \/><\/a>\n                                    <\/div><div class=\"item lazy-load-item\">\n                                        <a href=\"https:\/\/www.praiadaferrugem.net\/aluguel\/imovel\/ref501\/\"><img  data-lazy-load-src=\"https:\/\/www.praiadaferrugem.net\/aluguel\/wp-content\/uploads\/2018\/12\/IMG_6172-525x328.jpg\" alt=\"Su\u00edte p\/ 2\/4 pessoas\" class=\"img-responsive\" \/><\/a>\n                                    <\/div><div class=\"item lazy-load-item\">\n                                        <a href=\"https:\/\/www.praiadaferrugem.net\/aluguel\/imovel\/ref501\/\"><img  data-lazy-load-src=\"https:\/\/www.praiadaferrugem.net\/aluguel\/wp-content\/uploads\/2018\/12\/IMG_6170-525x328.jpg\" alt=\"Su\u00edte p\/ 2\/4 pessoas\" class=\"img-responsive\" \/><\/a>\n                                    <\/div><div class=\"item lazy-load-item\">\n                                        <a href=\"https:\/\/www.praiadaferrugem.net\/aluguel\/imovel\/ref501\/\"><img  data-lazy-load-src=\"https:\/\/www.praiadaferrugem.net\/aluguel\/wp-content\/uploads\/2018\/12\/IMG_6167-525x328.jpg\" alt=\"Su\u00edte p\/ 2\/4 pessoas\" class=\"img-responsive\" \/><\/a>\n                                    <\/div><div class=\"item lazy-load-item\">\n                                        <a href=\"https:\/\/www.praiadaferrugem.net\/aluguel\/imovel\/ref501\/\"><img  data-lazy-load-src=\"https:\/\/www.praiadaferrugem.net\/aluguel\/wp-content\/uploads\/2018\/12\/IMG_6135-525x328.jpg\" alt=\"Su\u00edte p\/ 2\/4 pessoas\" class=\"img-responsive\" \/><\/a>\n                                    <\/div><div class=\"item lazy-load-item\">\n                                        <a href=\"https:\/\/www.praiadaferrugem.net\/aluguel\/imovel\/ref501\/\"><img  data-lazy-load-src=\"https:\/\/www.praiadaferrugem.net\/aluguel\/wp-content\/uploads\/2018\/12\/IMG_6132-525x328.jpg\" alt=\"Su\u00edte p\/ 2\/4 pessoas\" class=\"img-responsive\" \/><\/a>\n                                    <\/div><div class=\"item lazy-load-item\">\n                                        <a href=\"https:\/\/www.praiadaferrugem.net\/aluguel\/imovel\/ref501\/\"><img  data-lazy-load-src=\"https:\/\/www.praiadaferrugem.net\/aluguel\/wp-content\/uploads\/2018\/12\/3-525x328.jpg\" alt=\"Su\u00edte p\/ 2\/4 pessoas\" class=\"img-responsive\" \/><\/a>\n                                    <\/div><div class=\"item lazy-load-item\">\n                                        <a href=\"https:\/\/www.praiadaferrugem.net\/aluguel\/imovel\/ref501\/\"><img  data-lazy-load-src=\"https:\/\/www.praiadaferrugem.net\/aluguel\/wp-content\/uploads\/2018\/12\/4-525x328.jpg\" alt=\"Su\u00edte p\/ 2\/4 pessoas\" class=\"img-responsive\" \/><\/a>\n                                    <\/div><div class=\"item lazy-load-item\">\n                                        <a href=\"https:\/\/www.praiadaferrugem.net\/aluguel\/imovel\/ref501\/\"><img  data-lazy-load-src=\"https:\/\/www.praiadaferrugem.net\/aluguel\/wp-content\/uploads\/2018\/12\/6-525x328.jpg\" alt=\"Su\u00edte p\/ 2\/4 pessoas\" class=\"img-responsive\" \/><\/a>\n                                    <\/div>\n                    <\/div>\n\n\n\n\n                    <a href=\"https:\/\/www.praiadaferrugem.net\/aluguel\/imovel\/ref501\/\"> <\/a><a class=\"left  carousel-control\" href=\"#property_unit_carousel_69f1a742c64f8\" data-slide=\"prev\">\n                            <i class=\"fas fa-angle-left\"><\/i>\n                        <\/a>\n\n                        <a class=\"right  carousel-control\" href=\"#property_unit_carousel_69f1a742c64f8\" data-slide=\"next\">\n                            <i class=\"fas fa-angle-right\"><\/i>\n                        <\/a>\n                <\/div><\/div><\/div><div class=\"property_unit_custom_element text unit_element_56983 \">REF<\/div><div class=\"property_unit_custom_element property-manual-id unit_element_62814 \">501<\/div><div class=\"property_unit_custom_element featured_icon unit_element_96450 \"><i class=\"fa fa-star\" aria-hidden=\"true\"><\/i><\/div><\/div><div class=\"property_unit_custom row_no_2 col-md-12  \"><div class=\"property_unit_custom_element title unit_element_8863 normal\" style=\" width:100%; \" ><h4><a href=\"https:\/\/www.praiadaferrugem.net\/aluguel\/imovel\/ref501\/\" target=\"_blank\" >Su\u00edte p\/ 2\/4 pessoas<\/a><\/h4><\/div><div class=\"property_unit_custom_element property_address unit_element_68937 \" style=\" width:100%; \" >Praia da Ferrugem, Garopaba\/SC<\/div><div class=\"property_unit_custom_element textominiaaturas unit_element_53439 bold\" style=\" width:100%; \" >AR | WIFI | 1 QUADRA MAR<\/div><\/div><div class=\"property_unit_custom row_no_3 col-md-12  \"><\/div><div class=\"property_unit_custom row_no_4 col-md-12  \"><div class=\"property_unit_custom_element icon unit_element_91418 \"><img src=\"http:\/\/www.praiadaferrugem.net\/aluguel\/icon_bed.png\" alt=\"featured icon\"><\/div><div class=\"property_unit_custom_element property_bedrooms unit_element_97441 \">1<\/div><div class=\"property_unit_custom_element text unit_element_28906 \"><\/div><div class=\"property_unit_custom_element icon unit_element_73983 \"><img src=\"http:\/\/www.praiadaferrugem.net\/aluguel\/icon_bath.png\" alt=\"featured icon\"><\/div><div class=\"property_unit_custom_element property_bathrooms unit_element_48632 \">1<\/div><div class=\"property_unit_custom_element text unit_element_32943 \"><\/div><div class=\"property_unit_custom_element icon unit_element_16610 \"><img src=\"http:\/\/www.praiadaferrugem.net\/aluguel\/icon_wave.png\" alt=\"featured icon\"><\/div><div class=\"property_unit_custom_element property_price unit_element_479 \">80 m <span class=\"price_label\">\/praia<\/span><\/div><\/div><div class=\"property_unit_custom row_no_5 col-md-12  \"><div class=\"property_unit_custom_element text  \"><\/div><\/div>        <\/div>             \n    <\/div><\/div><div class=\" slider_prop_wrapper   three_per_row  \" >  \n\n<div class=\"col-md- shortcode-col has_prop_slider  listing_wrapper \" \n    data-org=\"6\"   \n    data-main-modal=\"https:\/\/www.praiadaferrugem.net\/aluguel\/wp-content\/uploads\/2018\/06\/5-835x467.jpg\"\n    data-modal-title=\"Apartamento p\/ 4\/6 pessoas\"\n    data-modal-link=\"https:\/\/www.praiadaferrugem.net\/aluguel\/imovel\/ref2\/\"\n    data-listid=\"19335\" >    \n    \n        \n    <div class=\"property_listing  property_card_default property_listing_custom_design \" \n         data-link=\"\">    \n        \n        <div class=\"property_unit_custom row_no_1 col-md-12  \"><div class=\"property_unit_custom_element image unit_element_94767 \"><div class=\"listing-unit-img-wrapper\">\n                <div id=\"property_unit_carousel_69f1a742c9fbf\" class=\"carousel property_unit_carousel slide \" data-ride=\"carousel\" data-interval=\"false\">\n                    <div class=\"carousel-inner\">         \n                        <div class=\"item active\">    \n                            <a href=\"https:\/\/www.praiadaferrugem.net\/aluguel\/imovel\/ref2\/\"><img width=\"525\" height=\"328\" src=\"https:\/\/www.praiadaferrugem.net\/aluguel\/wp-content\/uploads\/2018\/06\/5-525x328.jpg\" class=\"lazyload img-responsive wp-post-image\" alt=\"\" loading=\"lazy\" data-original=\"https:\/\/www.praiadaferrugem.net\/aluguel\/wp-content\/uploads\/2018\/06\/5-525x328.jpg\" \/><\/a>     \n                        <\/div>\n                        <div class=\"item lazy-load-item\">\n                                        <a href=\"https:\/\/www.praiadaferrugem.net\/aluguel\/imovel\/ref2\/\"><img  data-lazy-load-src=\"https:\/\/www.praiadaferrugem.net\/aluguel\/wp-content\/uploads\/2018\/07\/IMG_7248-1-525x328.jpg\" alt=\"Apartamento p\/ 4\/6 pessoas\" class=\"img-responsive\" \/><\/a>\n                                    <\/div><div class=\"item lazy-load-item\">\n                                        <a href=\"https:\/\/www.praiadaferrugem.net\/aluguel\/imovel\/ref2\/\"><img  data-lazy-load-src=\"https:\/\/www.praiadaferrugem.net\/aluguel\/wp-content\/uploads\/2018\/07\/2-2-525x328.jpg\" alt=\"Apartamento p\/ 4\/6 pessoas\" class=\"img-responsive\" \/><\/a>\n                                    <\/div><div class=\"item lazy-load-item\">\n                                        <a href=\"https:\/\/www.praiadaferrugem.net\/aluguel\/imovel\/ref2\/\"><img  data-lazy-load-src=\"https:\/\/www.praiadaferrugem.net\/aluguel\/wp-content\/uploads\/2018\/07\/7-2-525x328.jpg\" alt=\"Apartamento p\/ 4\/6 pessoas\" class=\"img-responsive\" \/><\/a>\n                                    <\/div><div class=\"item lazy-load-item\">\n                                        <a href=\"https:\/\/www.praiadaferrugem.net\/aluguel\/imovel\/ref2\/\"><img  data-lazy-load-src=\"https:\/\/www.praiadaferrugem.net\/aluguel\/wp-content\/uploads\/2018\/07\/IMG_7232-1-525x328.jpg\" alt=\"Apartamento p\/ 4\/6 pessoas\" class=\"img-responsive\" \/><\/a>\n                                    <\/div><div class=\"item lazy-load-item\">\n                                        <a href=\"https:\/\/www.praiadaferrugem.net\/aluguel\/imovel\/ref2\/\"><img  data-lazy-load-src=\"https:\/\/www.praiadaferrugem.net\/aluguel\/wp-content\/uploads\/2018\/07\/IMG_7239-1-525x328.jpg\" alt=\"Apartamento p\/ 4\/6 pessoas\" class=\"img-responsive\" \/><\/a>\n                                    <\/div><div class=\"item lazy-load-item\">\n                                        <a href=\"https:\/\/www.praiadaferrugem.net\/aluguel\/imovel\/ref2\/\"><img  data-lazy-load-src=\"https:\/\/www.praiadaferrugem.net\/aluguel\/wp-content\/uploads\/2018\/07\/IMG_7246-1-525x328.jpg\" alt=\"Apartamento p\/ 4\/6 pessoas\" class=\"img-responsive\" \/><\/a>\n                                    <\/div><div class=\"item lazy-load-item\">\n                                        <a href=\"https:\/\/www.praiadaferrugem.net\/aluguel\/imovel\/ref2\/\"><img  data-lazy-load-src=\"https:\/\/www.praiadaferrugem.net\/aluguel\/wp-content\/uploads\/2018\/07\/IMG_7066-525x328.jpg\" alt=\"Apartamento p\/ 4\/6 pessoas\" class=\"img-responsive\" \/><\/a>\n                                    <\/div><div class=\"item lazy-load-item\">\n                                        <a href=\"https:\/\/www.praiadaferrugem.net\/aluguel\/imovel\/ref2\/\"><img  data-lazy-load-src=\"https:\/\/www.praiadaferrugem.net\/aluguel\/wp-content\/uploads\/2018\/07\/IMG_7056-525x328.jpg\" alt=\"Apartamento p\/ 4\/6 pessoas\" class=\"img-responsive\" \/><\/a>\n                                    <\/div><div class=\"item lazy-load-item\">\n                                        <a href=\"https:\/\/www.praiadaferrugem.net\/aluguel\/imovel\/ref2\/\"><img  data-lazy-load-src=\"https:\/\/www.praiadaferrugem.net\/aluguel\/wp-content\/uploads\/2018\/07\/IMG_7063-525x328.jpg\" alt=\"Apartamento p\/ 4\/6 pessoas\" class=\"img-responsive\" \/><\/a>\n                                    <\/div><div class=\"item lazy-load-item\">\n                                        <a href=\"https:\/\/www.praiadaferrugem.net\/aluguel\/imovel\/ref2\/\"><img  data-lazy-load-src=\"https:\/\/www.praiadaferrugem.net\/aluguel\/wp-content\/uploads\/2018\/07\/IMG_7084-525x328.jpg\" alt=\"Apartamento p\/ 4\/6 pessoas\" class=\"img-responsive\" \/><\/a>\n                                    <\/div><div class=\"item lazy-load-item\">\n                                        <a href=\"https:\/\/www.praiadaferrugem.net\/aluguel\/imovel\/ref2\/\"><img  data-lazy-load-src=\"https:\/\/www.praiadaferrugem.net\/aluguel\/wp-content\/uploads\/2018\/07\/IMG_7072-525x328.jpg\" alt=\"Apartamento p\/ 4\/6 pessoas\" class=\"img-responsive\" \/><\/a>\n                                    <\/div><div class=\"item lazy-load-item\">\n                                        <a href=\"https:\/\/www.praiadaferrugem.net\/aluguel\/imovel\/ref2\/\"><img  data-lazy-load-src=\"https:\/\/www.praiadaferrugem.net\/aluguel\/wp-content\/uploads\/2018\/07\/IMG_7075-525x328.jpg\" alt=\"Apartamento p\/ 4\/6 pessoas\" class=\"img-responsive\" \/><\/a>\n                                    <\/div><div class=\"item lazy-load-item\">\n                                        <a href=\"https:\/\/www.praiadaferrugem.net\/aluguel\/imovel\/ref2\/\"><img  data-lazy-load-src=\"https:\/\/www.praiadaferrugem.net\/aluguel\/wp-content\/uploads\/2018\/07\/IMG_7068-525x328.jpg\" alt=\"Apartamento p\/ 4\/6 pessoas\" class=\"img-responsive\" \/><\/a>\n                                    <\/div><div class=\"item lazy-load-item\">\n                                        <a href=\"https:\/\/www.praiadaferrugem.net\/aluguel\/imovel\/ref2\/\"><img  data-lazy-load-src=\"https:\/\/www.praiadaferrugem.net\/aluguel\/wp-content\/uploads\/2018\/07\/IMG_7082-525x328.jpg\" alt=\"Apartamento p\/ 4\/6 pessoas\" class=\"img-responsive\" \/><\/a>\n                                    <\/div><div class=\"item lazy-load-item\">\n                                        <a href=\"https:\/\/www.praiadaferrugem.net\/aluguel\/imovel\/ref2\/\"><img  data-lazy-load-src=\"https:\/\/www.praiadaferrugem.net\/aluguel\/wp-content\/uploads\/2018\/07\/IMG_7079-525x328.jpg\" alt=\"Apartamento p\/ 4\/6 pessoas\" class=\"img-responsive\" \/><\/a>\n                                    <\/div><div class=\"item lazy-load-item\">\n                                        <a href=\"https:\/\/www.praiadaferrugem.net\/aluguel\/imovel\/ref2\/\"><img  data-lazy-load-src=\"https:\/\/www.praiadaferrugem.net\/aluguel\/wp-content\/uploads\/2018\/07\/IMG_7077-525x328.jpg\" alt=\"Apartamento p\/ 4\/6 pessoas\" class=\"img-responsive\" \/><\/a>\n                                    <\/div><div class=\"item lazy-load-item\">\n                                        <a href=\"https:\/\/www.praiadaferrugem.net\/aluguel\/imovel\/ref2\/\"><img  data-lazy-load-src=\"https:\/\/www.praiadaferrugem.net\/aluguel\/wp-content\/uploads\/2018\/07\/IMG_7233-1-525x328.jpg\" alt=\"Apartamento p\/ 4\/6 pessoas\" class=\"img-responsive\" \/><\/a>\n                                    <\/div><div class=\"item lazy-load-item\">\n                                        <a href=\"https:\/\/www.praiadaferrugem.net\/aluguel\/imovel\/ref2\/\"><img  data-lazy-load-src=\"https:\/\/www.praiadaferrugem.net\/aluguel\/wp-content\/uploads\/2018\/07\/IMG_7060-525x328.jpg\" alt=\"Apartamento p\/ 4\/6 pessoas\" class=\"img-responsive\" \/><\/a>\n                                    <\/div><div class=\"item lazy-load-item\">\n                                        <a href=\"https:\/\/www.praiadaferrugem.net\/aluguel\/imovel\/ref2\/\"><img  data-lazy-load-src=\"https:\/\/www.praiadaferrugem.net\/aluguel\/wp-content\/uploads\/2018\/07\/IMG_7243-1-525x328.jpg\" alt=\"Apartamento p\/ 4\/6 pessoas\" class=\"img-responsive\" \/><\/a>\n                                    <\/div><div class=\"item lazy-load-item\">\n                                        <a href=\"https:\/\/www.praiadaferrugem.net\/aluguel\/imovel\/ref2\/\"><img  data-lazy-load-src=\"https:\/\/www.praiadaferrugem.net\/aluguel\/wp-content\/uploads\/2018\/07\/IMG_7231-1-525x328.jpg\" alt=\"Apartamento p\/ 4\/6 pessoas\" class=\"img-responsive\" \/><\/a>\n                                    <\/div><div class=\"item lazy-load-item\">\n                                        <a href=\"https:\/\/www.praiadaferrugem.net\/aluguel\/imovel\/ref2\/\"><img  data-lazy-load-src=\"https:\/\/www.praiadaferrugem.net\/aluguel\/wp-content\/uploads\/2018\/07\/IMG_7230-1-525x328.jpg\" alt=\"Apartamento p\/ 4\/6 pessoas\" class=\"img-responsive\" \/><\/a>\n                                    <\/div><div class=\"item lazy-load-item\">\n                                        <a href=\"https:\/\/www.praiadaferrugem.net\/aluguel\/imovel\/ref2\/\"><img  data-lazy-load-src=\"https:\/\/www.praiadaferrugem.net\/aluguel\/wp-content\/uploads\/2018\/07\/IMG_7227-1-525x328.jpg\" alt=\"Apartamento p\/ 4\/6 pessoas\" class=\"img-responsive\" \/><\/a>\n                                    <\/div><div class=\"item lazy-load-item\">\n                                        <a href=\"https:\/\/www.praiadaferrugem.net\/aluguel\/imovel\/ref2\/\"><img  data-lazy-load-src=\"https:\/\/www.praiadaferrugem.net\/aluguel\/wp-content\/uploads\/2018\/07\/IMG_7208-1-525x328.jpg\" alt=\"Apartamento p\/ 4\/6 pessoas\" class=\"img-responsive\" \/><\/a>\n                                    <\/div><div class=\"item lazy-load-item\">\n                                        <a href=\"https:\/\/www.praiadaferrugem.net\/aluguel\/imovel\/ref2\/\"><img  data-lazy-load-src=\"https:\/\/www.praiadaferrugem.net\/aluguel\/wp-content\/uploads\/2018\/07\/1-2-525x328.jpg\" alt=\"Apartamento p\/ 4\/6 pessoas\" class=\"img-responsive\" \/><\/a>\n                                    <\/div><div class=\"item lazy-load-item\">\n                                        <a href=\"https:\/\/www.praiadaferrugem.net\/aluguel\/imovel\/ref2\/\"><img  data-lazy-load-src=\"https:\/\/www.praiadaferrugem.net\/aluguel\/wp-content\/uploads\/2018\/07\/3-3-525x328.jpg\" alt=\"Apartamento p\/ 4\/6 pessoas\" class=\"img-responsive\" \/><\/a>\n                                    <\/div><div class=\"item lazy-load-item\">\n                                        <a href=\"https:\/\/www.praiadaferrugem.net\/aluguel\/imovel\/ref2\/\"><img  data-lazy-load-src=\"https:\/\/www.praiadaferrugem.net\/aluguel\/wp-content\/uploads\/2018\/07\/4-2-525x328.jpg\" alt=\"Apartamento p\/ 4\/6 pessoas\" class=\"img-responsive\" \/><\/a>\n                                    <\/div><div class=\"item lazy-load-item\">\n                                        <a href=\"https:\/\/www.praiadaferrugem.net\/aluguel\/imovel\/ref2\/\"><img  data-lazy-load-src=\"https:\/\/www.praiadaferrugem.net\/aluguel\/wp-content\/uploads\/2018\/07\/5-2-525x328.jpg\" alt=\"Apartamento p\/ 4\/6 pessoas\" class=\"img-responsive\" \/><\/a>\n                                    <\/div><div class=\"item lazy-load-item\">\n                                        <a href=\"https:\/\/www.praiadaferrugem.net\/aluguel\/imovel\/ref2\/\"><img  data-lazy-load-src=\"https:\/\/www.praiadaferrugem.net\/aluguel\/wp-content\/uploads\/2018\/07\/6-2-525x328.jpg\" alt=\"Apartamento p\/ 4\/6 pessoas\" class=\"img-responsive\" \/><\/a>\n                                    <\/div>\n                    <\/div>\n\n\n\n\n                    <a href=\"https:\/\/www.praiadaferrugem.net\/aluguel\/imovel\/ref2\/\"> <\/a><a class=\"left  carousel-control\" href=\"#property_unit_carousel_69f1a742c9fbf\" data-slide=\"prev\">\n                            <i class=\"fas fa-angle-left\"><\/i>\n                        <\/a>\n\n                        <a class=\"right  carousel-control\" href=\"#property_unit_carousel_69f1a742c9fbf\" data-slide=\"next\">\n                            <i class=\"fas fa-angle-right\"><\/i>\n                        <\/a>\n                <\/div><\/div><\/div><div class=\"property_unit_custom_element text unit_element_56983 \">REF<\/div><div class=\"property_unit_custom_element property-manual-id unit_element_62814 \">2<\/div><div class=\"property_unit_custom_element featured_icon unit_element_96450 \"><i class=\"fa fa-star\" aria-hidden=\"true\"><\/i><\/div><\/div><div class=\"property_unit_custom row_no_2 col-md-12  \"><div class=\"property_unit_custom_element title unit_element_8863 normal\" style=\" width:100%; \" ><h4><a href=\"https:\/\/www.praiadaferrugem.net\/aluguel\/imovel\/ref2\/\" target=\"_blank\" >Apartamento p\/ 4\/6 pessoas<\/a><\/h4><\/div><div class=\"property_unit_custom_element property_address unit_element_68937 \" style=\" width:100%; \" >Praia da Ferrugem, Garopaba\/SC<\/div><div class=\"property_unit_custom_element textominiaaturas unit_element_53439 bold\" style=\" width:100%; \" >AR | TV LED | 1 QUADRA MAR<\/div><\/div><div class=\"property_unit_custom row_no_3 col-md-12  \"><\/div><div class=\"property_unit_custom row_no_4 col-md-12  \"><div class=\"property_unit_custom_element icon unit_element_91418 \"><img src=\"http:\/\/www.praiadaferrugem.net\/aluguel\/icon_bed.png\" alt=\"featured icon\"><\/div><div class=\"property_unit_custom_element property_bedrooms unit_element_97441 \">1<\/div><div class=\"property_unit_custom_element text unit_element_28906 \"><\/div><div class=\"property_unit_custom_element icon unit_element_73983 \"><img src=\"http:\/\/www.praiadaferrugem.net\/aluguel\/icon_bath.png\" alt=\"featured icon\"><\/div><div class=\"property_unit_custom_element property_bathrooms unit_element_48632 \">1<\/div><div class=\"property_unit_custom_element text unit_element_32943 \"><\/div><div class=\"property_unit_custom_element icon unit_element_16610 \"><img src=\"http:\/\/www.praiadaferrugem.net\/aluguel\/icon_wave.png\" alt=\"featured icon\"><\/div><div class=\"property_unit_custom_element property_price unit_element_479 \">80 m <span class=\"price_label\">\/praia<\/span><\/div><\/div><div class=\"property_unit_custom row_no_5 col-md-12  \"><div class=\"property_unit_custom_element text  \"><\/div><\/div>        <\/div>             \n    <\/div><\/div><div class=\" slider_prop_wrapper   three_per_row  \" >  \n\n<div class=\"col-md- shortcode-col has_prop_slider  listing_wrapper \" \n    data-org=\"6\"   \n    data-main-modal=\"https:\/\/www.praiadaferrugem.net\/aluguel\/wp-content\/uploads\/2018\/06\/5-835x467.jpg\"\n    data-modal-title=\"Apartamento p\/ 4\/6 pessoas\"\n    data-modal-link=\"https:\/\/www.praiadaferrugem.net\/aluguel\/imovel\/ref1\/\"\n    data-listid=\"19309\" >    \n    \n        \n    <div class=\"property_listing  property_card_default property_listing_custom_design \" \n         data-link=\"\">    \n        \n        <div class=\"property_unit_custom row_no_1 col-md-12  \"><div class=\"property_unit_custom_element image unit_element_94767 \"><div class=\"listing-unit-img-wrapper\">\n                <div id=\"property_unit_carousel_69f1a742cd24a\" class=\"carousel property_unit_carousel slide \" data-ride=\"carousel\" data-interval=\"false\">\n                    <div class=\"carousel-inner\">         \n                        <div class=\"item active\">    \n                            <a href=\"https:\/\/www.praiadaferrugem.net\/aluguel\/imovel\/ref1\/\"><img width=\"525\" height=\"328\" src=\"https:\/\/www.praiadaferrugem.net\/aluguel\/wp-content\/uploads\/2018\/06\/5-525x328.jpg\" class=\"lazyload img-responsive wp-post-image\" alt=\"\" loading=\"lazy\" data-original=\"https:\/\/www.praiadaferrugem.net\/aluguel\/wp-content\/uploads\/2018\/06\/5-525x328.jpg\" \/><\/a>     \n                        <\/div>\n                        <div class=\"item lazy-load-item\">\n                                        <a href=\"https:\/\/www.praiadaferrugem.net\/aluguel\/imovel\/ref1\/\"><img  data-lazy-load-src=\"https:\/\/www.praiadaferrugem.net\/aluguel\/wp-content\/uploads\/2018\/07\/3-1-525x328.jpg\" alt=\"Apartamento p\/ 4\/6 pessoas\" class=\"img-responsive\" \/><\/a>\n                                    <\/div><div class=\"item lazy-load-item\">\n                                        <a href=\"https:\/\/www.praiadaferrugem.net\/aluguel\/imovel\/ref1\/\"><img  data-lazy-load-src=\"https:\/\/www.praiadaferrugem.net\/aluguel\/wp-content\/uploads\/2018\/07\/1-1-525x328.jpg\" alt=\"Apartamento p\/ 4\/6 pessoas\" class=\"img-responsive\" \/><\/a>\n                                    <\/div><div class=\"item lazy-load-item\">\n                                        <a href=\"https:\/\/www.praiadaferrugem.net\/aluguel\/imovel\/ref1\/\"><img  data-lazy-load-src=\"https:\/\/www.praiadaferrugem.net\/aluguel\/wp-content\/uploads\/2018\/07\/IMG_7243-525x328.jpg\" alt=\"Apartamento p\/ 4\/6 pessoas\" class=\"img-responsive\" \/><\/a>\n                                    <\/div><div class=\"item lazy-load-item\">\n                                        <a href=\"https:\/\/www.praiadaferrugem.net\/aluguel\/imovel\/ref1\/\"><img  data-lazy-load-src=\"https:\/\/www.praiadaferrugem.net\/aluguel\/wp-content\/uploads\/2018\/07\/2-1-525x328.jpg\" alt=\"Apartamento p\/ 4\/6 pessoas\" class=\"img-responsive\" \/><\/a>\n                                    <\/div><div class=\"item lazy-load-item\">\n                                        <a href=\"https:\/\/www.praiadaferrugem.net\/aluguel\/imovel\/ref1\/\"><img  data-lazy-load-src=\"https:\/\/www.praiadaferrugem.net\/aluguel\/wp-content\/uploads\/2018\/07\/IMG_7208-525x328.jpg\" alt=\"Apartamento p\/ 4\/6 pessoas\" class=\"img-responsive\" \/><\/a>\n                                    <\/div><div class=\"item lazy-load-item\">\n                                        <a href=\"https:\/\/www.praiadaferrugem.net\/aluguel\/imovel\/ref1\/\"><img  data-lazy-load-src=\"https:\/\/www.praiadaferrugem.net\/aluguel\/wp-content\/uploads\/2018\/07\/IMG_7230-525x328.jpg\" alt=\"Apartamento p\/ 4\/6 pessoas\" class=\"img-responsive\" \/><\/a>\n                                    <\/div><div class=\"item lazy-load-item\">\n                                        <a href=\"https:\/\/www.praiadaferrugem.net\/aluguel\/imovel\/ref1\/\"><img  data-lazy-load-src=\"https:\/\/www.praiadaferrugem.net\/aluguel\/wp-content\/uploads\/2018\/07\/IMG_7239-525x328.jpg\" alt=\"Apartamento p\/ 4\/6 pessoas\" class=\"img-responsive\" \/><\/a>\n                                    <\/div><div class=\"item lazy-load-item\">\n                                        <a href=\"https:\/\/www.praiadaferrugem.net\/aluguel\/imovel\/ref1\/\"><img  data-lazy-load-src=\"https:\/\/www.praiadaferrugem.net\/aluguel\/wp-content\/uploads\/2018\/07\/IMG_7093-525x328.jpg\" alt=\"Apartamento p\/ 4\/6 pessoas\" class=\"img-responsive\" \/><\/a>\n                                    <\/div><div class=\"item lazy-load-item\">\n                                        <a href=\"https:\/\/www.praiadaferrugem.net\/aluguel\/imovel\/ref1\/\"><img  data-lazy-load-src=\"https:\/\/www.praiadaferrugem.net\/aluguel\/wp-content\/uploads\/2018\/07\/IMG_7119-525x328.jpg\" alt=\"Apartamento p\/ 4\/6 pessoas\" class=\"img-responsive\" \/><\/a>\n                                    <\/div><div class=\"item lazy-load-item\">\n                                        <a href=\"https:\/\/www.praiadaferrugem.net\/aluguel\/imovel\/ref1\/\"><img  data-lazy-load-src=\"https:\/\/www.praiadaferrugem.net\/aluguel\/wp-content\/uploads\/2018\/07\/IMG_7101-525x328.jpg\" alt=\"Apartamento p\/ 4\/6 pessoas\" class=\"img-responsive\" \/><\/a>\n                                    <\/div><div class=\"item lazy-load-item\">\n                                        <a href=\"https:\/\/www.praiadaferrugem.net\/aluguel\/imovel\/ref1\/\"><img  data-lazy-load-src=\"https:\/\/www.praiadaferrugem.net\/aluguel\/wp-content\/uploads\/2018\/07\/IMG_7098-525x328.jpg\" alt=\"Apartamento p\/ 4\/6 pessoas\" class=\"img-responsive\" \/><\/a>\n                                    <\/div><div class=\"item lazy-load-item\">\n                                        <a href=\"https:\/\/www.praiadaferrugem.net\/aluguel\/imovel\/ref1\/\"><img  data-lazy-load-src=\"https:\/\/www.praiadaferrugem.net\/aluguel\/wp-content\/uploads\/2018\/07\/IMG_7116-525x328.jpg\" alt=\"Apartamento p\/ 4\/6 pessoas\" class=\"img-responsive\" \/><\/a>\n                                    <\/div><div class=\"item lazy-load-item\">\n                                        <a href=\"https:\/\/www.praiadaferrugem.net\/aluguel\/imovel\/ref1\/\"><img  data-lazy-load-src=\"https:\/\/www.praiadaferrugem.net\/aluguel\/wp-content\/uploads\/2018\/07\/IMG_7114-525x328.jpg\" alt=\"Apartamento p\/ 4\/6 pessoas\" class=\"img-responsive\" \/><\/a>\n                                    <\/div><div class=\"item lazy-load-item\">\n                                        <a href=\"https:\/\/www.praiadaferrugem.net\/aluguel\/imovel\/ref1\/\"><img  data-lazy-load-src=\"https:\/\/www.praiadaferrugem.net\/aluguel\/wp-content\/uploads\/2018\/07\/IMG_7112-525x328.jpg\" alt=\"Apartamento p\/ 4\/6 pessoas\" class=\"img-responsive\" \/><\/a>\n                                    <\/div><div class=\"item lazy-load-item\">\n                                        <a href=\"https:\/\/www.praiadaferrugem.net\/aluguel\/imovel\/ref1\/\"><img  data-lazy-load-src=\"https:\/\/www.praiadaferrugem.net\/aluguel\/wp-content\/uploads\/2018\/07\/IMG_7110-525x328.jpg\" alt=\"Apartamento p\/ 4\/6 pessoas\" class=\"img-responsive\" \/><\/a>\n                                    <\/div><div class=\"item lazy-load-item\">\n                                        <a href=\"https:\/\/www.praiadaferrugem.net\/aluguel\/imovel\/ref1\/\"><img  data-lazy-load-src=\"https:\/\/www.praiadaferrugem.net\/aluguel\/wp-content\/uploads\/2018\/07\/IMG_7108-525x328.jpg\" alt=\"Apartamento p\/ 4\/6 pessoas\" class=\"img-responsive\" \/><\/a>\n                                    <\/div><div class=\"item lazy-load-item\">\n                                        <a href=\"https:\/\/www.praiadaferrugem.net\/aluguel\/imovel\/ref1\/\"><img  data-lazy-load-src=\"https:\/\/www.praiadaferrugem.net\/aluguel\/wp-content\/uploads\/2018\/07\/IMG_7106-525x328.jpg\" alt=\"Apartamento p\/ 4\/6 pessoas\" class=\"img-responsive\" \/><\/a>\n                                    <\/div><div class=\"item lazy-load-item\">\n                                        <a href=\"https:\/\/www.praiadaferrugem.net\/aluguel\/imovel\/ref1\/\"><img  data-lazy-load-src=\"https:\/\/www.praiadaferrugem.net\/aluguel\/wp-content\/uploads\/2018\/07\/IMG_7103-525x328.jpg\" alt=\"Apartamento p\/ 4\/6 pessoas\" class=\"img-responsive\" \/><\/a>\n                                    <\/div><div class=\"item lazy-load-item\">\n                                        <a href=\"https:\/\/www.praiadaferrugem.net\/aluguel\/imovel\/ref1\/\"><img  data-lazy-load-src=\"https:\/\/www.praiadaferrugem.net\/aluguel\/wp-content\/uploads\/2018\/07\/IMG_7096-525x328.jpg\" alt=\"Apartamento p\/ 4\/6 pessoas\" class=\"img-responsive\" \/><\/a>\n                                    <\/div><div class=\"item lazy-load-item\">\n                                        <a href=\"https:\/\/www.praiadaferrugem.net\/aluguel\/imovel\/ref1\/\"><img  data-lazy-load-src=\"https:\/\/www.praiadaferrugem.net\/aluguel\/wp-content\/uploads\/2018\/07\/IMG_7091-525x328.jpg\" alt=\"Apartamento p\/ 4\/6 pessoas\" class=\"img-responsive\" \/><\/a>\n                                    <\/div><div class=\"item lazy-load-item\">\n                                        <a href=\"https:\/\/www.praiadaferrugem.net\/aluguel\/imovel\/ref1\/\"><img  data-lazy-load-src=\"https:\/\/www.praiadaferrugem.net\/aluguel\/wp-content\/uploads\/2018\/07\/IMG_7248-525x328.jpg\" alt=\"Apartamento p\/ 4\/6 pessoas\" class=\"img-responsive\" \/><\/a>\n                                    <\/div><div class=\"item lazy-load-item\">\n                                        <a href=\"https:\/\/www.praiadaferrugem.net\/aluguel\/imovel\/ref1\/\"><img  data-lazy-load-src=\"https:\/\/www.praiadaferrugem.net\/aluguel\/wp-content\/uploads\/2018\/07\/IMG_7233-525x328.jpg\" alt=\"Apartamento p\/ 4\/6 pessoas\" class=\"img-responsive\" \/><\/a>\n                                    <\/div><div class=\"item lazy-load-item\">\n                                        <a href=\"https:\/\/www.praiadaferrugem.net\/aluguel\/imovel\/ref1\/\"><img  data-lazy-load-src=\"https:\/\/www.praiadaferrugem.net\/aluguel\/wp-content\/uploads\/2018\/07\/IMG_7231-525x328.jpg\" alt=\"Apartamento p\/ 4\/6 pessoas\" class=\"img-responsive\" \/><\/a>\n                                    <\/div><div class=\"item lazy-load-item\">\n                                        <a href=\"https:\/\/www.praiadaferrugem.net\/aluguel\/imovel\/ref1\/\"><img  data-lazy-load-src=\"https:\/\/www.praiadaferrugem.net\/aluguel\/wp-content\/uploads\/2018\/07\/IMG_7232-525x328.jpg\" alt=\"Apartamento p\/ 4\/6 pessoas\" class=\"img-responsive\" \/><\/a>\n                                    <\/div><div class=\"item lazy-load-item\">\n                                        <a href=\"https:\/\/www.praiadaferrugem.net\/aluguel\/imovel\/ref1\/\"><img  data-lazy-load-src=\"https:\/\/www.praiadaferrugem.net\/aluguel\/wp-content\/uploads\/2018\/07\/IMG_7227-525x328.jpg\" alt=\"Apartamento p\/ 4\/6 pessoas\" class=\"img-responsive\" \/><\/a>\n                                    <\/div><div class=\"item lazy-load-item\">\n                                        <a href=\"https:\/\/www.praiadaferrugem.net\/aluguel\/imovel\/ref1\/\"><img  data-lazy-load-src=\"https:\/\/www.praiadaferrugem.net\/aluguel\/wp-content\/uploads\/2018\/07\/5-1-525x328.jpg\" alt=\"Apartamento p\/ 4\/6 pessoas\" class=\"img-responsive\" \/><\/a>\n                                    <\/div><div class=\"item lazy-load-item\">\n                                        <a href=\"https:\/\/www.praiadaferrugem.net\/aluguel\/imovel\/ref1\/\"><img  data-lazy-load-src=\"https:\/\/www.praiadaferrugem.net\/aluguel\/wp-content\/uploads\/2018\/07\/IMG_7246-525x328.jpg\" alt=\"Apartamento p\/ 4\/6 pessoas\" class=\"img-responsive\" \/><\/a>\n                                    <\/div><div class=\"item lazy-load-item\">\n                                        <a href=\"https:\/\/www.praiadaferrugem.net\/aluguel\/imovel\/ref1\/\"><img  data-lazy-load-src=\"https:\/\/www.praiadaferrugem.net\/aluguel\/wp-content\/uploads\/2018\/07\/3-2-525x328.jpg\" alt=\"Apartamento p\/ 4\/6 pessoas\" class=\"img-responsive\" \/><\/a>\n                                    <\/div><div class=\"item lazy-load-item\">\n                                        <a href=\"https:\/\/www.praiadaferrugem.net\/aluguel\/imovel\/ref1\/\"><img  data-lazy-load-src=\"https:\/\/www.praiadaferrugem.net\/aluguel\/wp-content\/uploads\/2018\/07\/4-1-525x328.jpg\" alt=\"Apartamento p\/ 4\/6 pessoas\" class=\"img-responsive\" \/><\/a>\n                                    <\/div><div class=\"item lazy-load-item\">\n                                        <a href=\"https:\/\/www.praiadaferrugem.net\/aluguel\/imovel\/ref1\/\"><img  data-lazy-load-src=\"https:\/\/www.praiadaferrugem.net\/aluguel\/wp-content\/uploads\/2018\/07\/6-1-525x328.jpg\" alt=\"Apartamento p\/ 4\/6 pessoas\" class=\"img-responsive\" \/><\/a>\n                                    <\/div><div class=\"item lazy-load-item\">\n                                        <a href=\"https:\/\/www.praiadaferrugem.net\/aluguel\/imovel\/ref1\/\"><img  data-lazy-load-src=\"https:\/\/www.praiadaferrugem.net\/aluguel\/wp-content\/uploads\/2018\/07\/7-1-525x328.jpg\" alt=\"Apartamento p\/ 4\/6 pessoas\" class=\"img-responsive\" \/><\/a>\n                                    <\/div>\n                    <\/div>\n\n\n\n\n                    <a href=\"https:\/\/www.praiadaferrugem.net\/aluguel\/imovel\/ref1\/\"> <\/a><a class=\"left  carousel-control\" href=\"#property_unit_carousel_69f1a742cd24a\" data-slide=\"prev\">\n                            <i class=\"fas fa-angle-left\"><\/i>\n                        <\/a>\n\n                        <a class=\"right  carousel-control\" href=\"#property_unit_carousel_69f1a742cd24a\" data-slide=\"next\">\n                            <i class=\"fas fa-angle-right\"><\/i>\n                        <\/a>\n                <\/div><\/div><\/div><div class=\"property_unit_custom_element text unit_element_56983 \">REF<\/div><div class=\"property_unit_custom_element property-manual-id unit_element_62814 \">1<\/div><div class=\"property_unit_custom_element featured_icon unit_element_96450 \"><i class=\"fa fa-star\" aria-hidden=\"true\"><\/i><\/div><\/div><div class=\"property_unit_custom row_no_2 col-md-12  \"><div class=\"property_unit_custom_element title unit_element_8863 normal\" style=\" width:100%; \" ><h4><a href=\"https:\/\/www.praiadaferrugem.net\/aluguel\/imovel\/ref1\/\" target=\"_blank\" >Apartamento p\/ 4\/6 pessoas<\/a><\/h4><\/div><div class=\"property_unit_custom_element property_address unit_element_68937 \" style=\" width:100%; \" >Praia da Ferrugem, Garopaba\/SC<\/div><div class=\"property_unit_custom_element textominiaaturas unit_element_53439 bold\" style=\" width:100%; \" >AR | TV LED | 1 QUADRA MAR<\/div><\/div><div class=\"property_unit_custom row_no_3 col-md-12  \"><\/div><div class=\"property_unit_custom row_no_4 col-md-12  \"><div class=\"property_unit_custom_element icon unit_element_91418 \"><img src=\"http:\/\/www.praiadaferrugem.net\/aluguel\/icon_bed.png\" alt=\"featured icon\"><\/div><div class=\"property_unit_custom_element property_bedrooms unit_element_97441 \">1<\/div><div class=\"property_unit_custom_element text unit_element_28906 \"><\/div><div class=\"property_unit_custom_element icon unit_element_73983 \"><img src=\"http:\/\/www.praiadaferrugem.net\/aluguel\/icon_bath.png\" alt=\"featured icon\"><\/div><div class=\"property_unit_custom_element property_bathrooms unit_element_48632 \">1<\/div><div class=\"property_unit_custom_element text unit_element_32943 \"><\/div><div class=\"property_unit_custom_element icon unit_element_16610 \"><img src=\"http:\/\/www.praiadaferrugem.net\/aluguel\/icon_wave.png\" alt=\"featured icon\"><\/div><div class=\"property_unit_custom_element property_price unit_element_479 \">80 m <span class=\"price_label\">\/praia<\/span><\/div><\/div><div class=\"property_unit_custom row_no_5 col-md-12  \"><div class=\"property_unit_custom_element text  \"><\/div><\/div>        <\/div>             \n    <\/div><\/div><div class=\" slider_prop_wrapper   three_per_row  \" >  \n\n<div class=\"col-md- shortcode-col has_prop_slider  listing_wrapper \" \n    data-org=\"6\"   \n    data-main-modal=\"https:\/\/www.praiadaferrugem.net\/aluguel\/wp-content\/uploads\/2018\/06\/GOPR9060-835x467.jpg\"\n    data-modal-title=\"Casa p\/ 12 pessoas\"\n    data-modal-link=\"https:\/\/www.praiadaferrugem.net\/aluguel\/imovel\/ref460\/\"\n    data-listid=\"18879\" >    \n    \n        \n    <div class=\"property_listing  property_card_default property_listing_custom_design \" \n         data-link=\"\">    \n        \n        <div class=\"property_unit_custom row_no_1 col-md-12  \"><div class=\"property_unit_custom_element image unit_element_94767 \"><div class=\"listing-unit-img-wrapper\">\n                <div id=\"property_unit_carousel_69f1a742d0b7f\" class=\"carousel property_unit_carousel slide \" data-ride=\"carousel\" data-interval=\"false\">\n                    <div class=\"carousel-inner\">         \n                        <div class=\"item active\">    \n                            <a href=\"https:\/\/www.praiadaferrugem.net\/aluguel\/imovel\/ref460\/\"><img width=\"525\" height=\"328\" src=\"https:\/\/www.praiadaferrugem.net\/aluguel\/wp-content\/uploads\/2018\/06\/GOPR9060-525x328.jpg\" class=\"lazyload img-responsive wp-post-image\" alt=\"\" loading=\"lazy\" data-original=\"https:\/\/www.praiadaferrugem.net\/aluguel\/wp-content\/uploads\/2018\/06\/GOPR9060-525x328.jpg\" \/><\/a>     \n                        <\/div>\n                        <div class=\"item lazy-load-item\">\n                                        <a href=\"https:\/\/www.praiadaferrugem.net\/aluguel\/imovel\/ref460\/\"><img  data-lazy-load-src=\"https:\/\/www.praiadaferrugem.net\/aluguel\/wp-content\/uploads\/2018\/06\/WhatsApp-Image-2022-10-06-at-16.49.19-4-525x328.jpeg\" alt=\"Casa p\/ 12 pessoas\" class=\"img-responsive\" \/><\/a>\n                                    <\/div><div class=\"item lazy-load-item\">\n                                        <a href=\"https:\/\/www.praiadaferrugem.net\/aluguel\/imovel\/ref460\/\"><img  data-lazy-load-src=\"https:\/\/www.praiadaferrugem.net\/aluguel\/wp-content\/uploads\/2018\/06\/GOPR9067-525x328.jpg\" alt=\"Casa p\/ 12 pessoas\" class=\"img-responsive\" \/><\/a>\n                                    <\/div><div class=\"item lazy-load-item\">\n                                        <a href=\"https:\/\/www.praiadaferrugem.net\/aluguel\/imovel\/ref460\/\"><img  data-lazy-load-src=\"https:\/\/www.praiadaferrugem.net\/aluguel\/wp-content\/uploads\/2018\/06\/GOPR9075-525x328.jpg\" alt=\"Casa p\/ 12 pessoas\" class=\"img-responsive\" \/><\/a>\n                                    <\/div><div class=\"item lazy-load-item\">\n                                        <a href=\"https:\/\/www.praiadaferrugem.net\/aluguel\/imovel\/ref460\/\"><img  data-lazy-load-src=\"https:\/\/www.praiadaferrugem.net\/aluguel\/wp-content\/uploads\/2018\/06\/GOPR9073-525x328.jpg\" alt=\"Casa p\/ 12 pessoas\" class=\"img-responsive\" \/><\/a>\n                                    <\/div><div class=\"item lazy-load-item\">\n                                        <a href=\"https:\/\/www.praiadaferrugem.net\/aluguel\/imovel\/ref460\/\"><img  data-lazy-load-src=\"https:\/\/www.praiadaferrugem.net\/aluguel\/wp-content\/uploads\/2018\/06\/GOPR9054-525x328.jpg\" alt=\"Casa p\/ 12 pessoas\" class=\"img-responsive\" \/><\/a>\n                                    <\/div><div class=\"item lazy-load-item\">\n                                        <a href=\"https:\/\/www.praiadaferrugem.net\/aluguel\/imovel\/ref460\/\"><img  data-lazy-load-src=\"https:\/\/www.praiadaferrugem.net\/aluguel\/wp-content\/uploads\/2018\/06\/GOPR9043-525x328.jpg\" alt=\"Casa p\/ 12 pessoas\" class=\"img-responsive\" \/><\/a>\n                                    <\/div><div class=\"item lazy-load-item\">\n                                        <a href=\"https:\/\/www.praiadaferrugem.net\/aluguel\/imovel\/ref460\/\"><img  data-lazy-load-src=\"https:\/\/www.praiadaferrugem.net\/aluguel\/wp-content\/uploads\/2018\/06\/GOPR9045-525x328.jpg\" alt=\"Casa p\/ 12 pessoas\" class=\"img-responsive\" \/><\/a>\n                                    <\/div><div class=\"item lazy-load-item\">\n                                        <a href=\"https:\/\/www.praiadaferrugem.net\/aluguel\/imovel\/ref460\/\"><img  data-lazy-load-src=\"https:\/\/www.praiadaferrugem.net\/aluguel\/wp-content\/uploads\/2018\/06\/GOPR9041-525x328.jpg\" alt=\"Casa p\/ 12 pessoas\" class=\"img-responsive\" \/><\/a>\n                                    <\/div><div class=\"item lazy-load-item\">\n                                        <a href=\"https:\/\/www.praiadaferrugem.net\/aluguel\/imovel\/ref460\/\"><img  data-lazy-load-src=\"https:\/\/www.praiadaferrugem.net\/aluguel\/wp-content\/uploads\/2018\/06\/GOPR9047-525x328.jpg\" alt=\"Casa p\/ 12 pessoas\" class=\"img-responsive\" \/><\/a>\n                                    <\/div><div class=\"item lazy-load-item\">\n                                        <a href=\"https:\/\/www.praiadaferrugem.net\/aluguel\/imovel\/ref460\/\"><img  data-lazy-load-src=\"https:\/\/www.praiadaferrugem.net\/aluguel\/wp-content\/uploads\/2018\/06\/GOPR8988-525x328.jpg\" alt=\"Casa p\/ 12 pessoas\" class=\"img-responsive\" \/><\/a>\n                                    <\/div><div class=\"item lazy-load-item\">\n                                        <a href=\"https:\/\/www.praiadaferrugem.net\/aluguel\/imovel\/ref460\/\"><img  data-lazy-load-src=\"https:\/\/www.praiadaferrugem.net\/aluguel\/wp-content\/uploads\/2018\/06\/GOPR8996-525x328.jpg\" alt=\"Casa p\/ 12 pessoas\" class=\"img-responsive\" \/><\/a>\n                                    <\/div><div class=\"item lazy-load-item\">\n                                        <a href=\"https:\/\/www.praiadaferrugem.net\/aluguel\/imovel\/ref460\/\"><img  data-lazy-load-src=\"https:\/\/www.praiadaferrugem.net\/aluguel\/wp-content\/uploads\/2018\/06\/GOPR8998-525x328.jpg\" alt=\"Casa p\/ 12 pessoas\" class=\"img-responsive\" \/><\/a>\n                                    <\/div><div class=\"item lazy-load-item\">\n                                        <a href=\"https:\/\/www.praiadaferrugem.net\/aluguel\/imovel\/ref460\/\"><img  data-lazy-load-src=\"https:\/\/www.praiadaferrugem.net\/aluguel\/wp-content\/uploads\/2018\/06\/GOPR9000-525x328.jpg\" alt=\"Casa p\/ 12 pessoas\" class=\"img-responsive\" \/><\/a>\n                                    <\/div><div class=\"item lazy-load-item\">\n                                        <a href=\"https:\/\/www.praiadaferrugem.net\/aluguel\/imovel\/ref460\/\"><img  data-lazy-load-src=\"https:\/\/www.praiadaferrugem.net\/aluguel\/wp-content\/uploads\/2018\/06\/GOPR9002-525x328.jpg\" alt=\"Casa p\/ 12 pessoas\" class=\"img-responsive\" \/><\/a>\n                                    <\/div><div class=\"item lazy-load-item\">\n                                        <a href=\"https:\/\/www.praiadaferrugem.net\/aluguel\/imovel\/ref460\/\"><img  data-lazy-load-src=\"https:\/\/www.praiadaferrugem.net\/aluguel\/wp-content\/uploads\/2018\/06\/GOPR9003-525x328.jpg\" alt=\"Casa p\/ 12 pessoas\" class=\"img-responsive\" \/><\/a>\n                                    <\/div><div class=\"item lazy-load-item\">\n                                        <a href=\"https:\/\/www.praiadaferrugem.net\/aluguel\/imovel\/ref460\/\"><img  data-lazy-load-src=\"https:\/\/www.praiadaferrugem.net\/aluguel\/wp-content\/uploads\/2018\/06\/GOPR9006-525x328.jpg\" alt=\"Casa p\/ 12 pessoas\" class=\"img-responsive\" \/><\/a>\n                                    <\/div><div class=\"item lazy-load-item\">\n                                        <a href=\"https:\/\/www.praiadaferrugem.net\/aluguel\/imovel\/ref460\/\"><img  data-lazy-load-src=\"https:\/\/www.praiadaferrugem.net\/aluguel\/wp-content\/uploads\/2018\/06\/GOPR9008-525x328.jpg\" alt=\"Casa p\/ 12 pessoas\" class=\"img-responsive\" \/><\/a>\n                                    <\/div><div class=\"item lazy-load-item\">\n                                        <a href=\"https:\/\/www.praiadaferrugem.net\/aluguel\/imovel\/ref460\/\"><img  data-lazy-load-src=\"https:\/\/www.praiadaferrugem.net\/aluguel\/wp-content\/uploads\/2018\/06\/GOPR9010-525x328.jpg\" alt=\"Casa p\/ 12 pessoas\" class=\"img-responsive\" \/><\/a>\n                                    <\/div><div class=\"item lazy-load-item\">\n                                        <a href=\"https:\/\/www.praiadaferrugem.net\/aluguel\/imovel\/ref460\/\"><img  data-lazy-load-src=\"https:\/\/www.praiadaferrugem.net\/aluguel\/wp-content\/uploads\/2018\/06\/GOPR9013-525x328.jpg\" alt=\"Casa p\/ 12 pessoas\" class=\"img-responsive\" \/><\/a>\n                                    <\/div><div class=\"item lazy-load-item\">\n                                        <a href=\"https:\/\/www.praiadaferrugem.net\/aluguel\/imovel\/ref460\/\"><img  data-lazy-load-src=\"https:\/\/www.praiadaferrugem.net\/aluguel\/wp-content\/uploads\/2018\/06\/GOPR9015-525x328.jpg\" alt=\"Casa p\/ 12 pessoas\" class=\"img-responsive\" \/><\/a>\n                                    <\/div><div class=\"item lazy-load-item\">\n                                        <a href=\"https:\/\/www.praiadaferrugem.net\/aluguel\/imovel\/ref460\/\"><img  data-lazy-load-src=\"https:\/\/www.praiadaferrugem.net\/aluguel\/wp-content\/uploads\/2018\/06\/GOPR9017-525x328.jpg\" alt=\"Casa p\/ 12 pessoas\" class=\"img-responsive\" \/><\/a>\n                                    <\/div><div class=\"item lazy-load-item\">\n                                        <a href=\"https:\/\/www.praiadaferrugem.net\/aluguel\/imovel\/ref460\/\"><img  data-lazy-load-src=\"https:\/\/www.praiadaferrugem.net\/aluguel\/wp-content\/uploads\/2018\/06\/GOPR9019-525x328.jpg\" alt=\"Casa p\/ 12 pessoas\" class=\"img-responsive\" \/><\/a>\n                                    <\/div><div class=\"item lazy-load-item\">\n                                        <a href=\"https:\/\/www.praiadaferrugem.net\/aluguel\/imovel\/ref460\/\"><img  data-lazy-load-src=\"https:\/\/www.praiadaferrugem.net\/aluguel\/wp-content\/uploads\/2018\/06\/GOPR9022-525x328.jpg\" alt=\"Casa p\/ 12 pessoas\" class=\"img-responsive\" \/><\/a>\n                                    <\/div><div class=\"item lazy-load-item\">\n                                        <a href=\"https:\/\/www.praiadaferrugem.net\/aluguel\/imovel\/ref460\/\"><img  data-lazy-load-src=\"https:\/\/www.praiadaferrugem.net\/aluguel\/wp-content\/uploads\/2018\/06\/GOPR9025-525x328.jpg\" alt=\"Casa p\/ 12 pessoas\" class=\"img-responsive\" \/><\/a>\n                                    <\/div><div class=\"item lazy-load-item\">\n                                        <a href=\"https:\/\/www.praiadaferrugem.net\/aluguel\/imovel\/ref460\/\"><img  data-lazy-load-src=\"https:\/\/www.praiadaferrugem.net\/aluguel\/wp-content\/uploads\/2018\/06\/GOPR9027-525x328.jpg\" alt=\"Casa p\/ 12 pessoas\" class=\"img-responsive\" \/><\/a>\n                                    <\/div><div class=\"item lazy-load-item\">\n                                        <a href=\"https:\/\/www.praiadaferrugem.net\/aluguel\/imovel\/ref460\/\"><img  data-lazy-load-src=\"https:\/\/www.praiadaferrugem.net\/aluguel\/wp-content\/uploads\/2018\/06\/GOPR9031-525x328.jpg\" alt=\"Casa p\/ 12 pessoas\" class=\"img-responsive\" \/><\/a>\n                                    <\/div><div class=\"item lazy-load-item\">\n                                        <a href=\"https:\/\/www.praiadaferrugem.net\/aluguel\/imovel\/ref460\/\"><img  data-lazy-load-src=\"https:\/\/www.praiadaferrugem.net\/aluguel\/wp-content\/uploads\/2018\/06\/GOPR9033-525x328.jpg\" alt=\"Casa p\/ 12 pessoas\" class=\"img-responsive\" \/><\/a>\n                                    <\/div><div class=\"item lazy-load-item\">\n                                        <a href=\"https:\/\/www.praiadaferrugem.net\/aluguel\/imovel\/ref460\/\"><img  data-lazy-load-src=\"https:\/\/www.praiadaferrugem.net\/aluguel\/wp-content\/uploads\/2018\/06\/GOPR9035-525x328.jpg\" alt=\"Casa p\/ 12 pessoas\" class=\"img-responsive\" \/><\/a>\n                                    <\/div><div class=\"item lazy-load-item\">\n                                        <a href=\"https:\/\/www.praiadaferrugem.net\/aluguel\/imovel\/ref460\/\"><img  data-lazy-load-src=\"https:\/\/www.praiadaferrugem.net\/aluguel\/wp-content\/uploads\/2018\/06\/GOPR9037-525x328.jpg\" alt=\"Casa p\/ 12 pessoas\" class=\"img-responsive\" \/><\/a>\n                                    <\/div><div class=\"item lazy-load-item\">\n                                        <a href=\"https:\/\/www.praiadaferrugem.net\/aluguel\/imovel\/ref460\/\"><img  data-lazy-load-src=\"https:\/\/www.praiadaferrugem.net\/aluguel\/wp-content\/uploads\/2018\/06\/GOPR9039-525x328.jpg\" alt=\"Casa p\/ 12 pessoas\" class=\"img-responsive\" \/><\/a>\n                                    <\/div><div class=\"item lazy-load-item\">\n                                        <a href=\"https:\/\/www.praiadaferrugem.net\/aluguel\/imovel\/ref460\/\"><img  data-lazy-load-src=\"https:\/\/www.praiadaferrugem.net\/aluguel\/wp-content\/uploads\/2018\/06\/GOPR9049-525x328.jpg\" alt=\"Casa p\/ 12 pessoas\" class=\"img-responsive\" \/><\/a>\n                                    <\/div><div class=\"item lazy-load-item\">\n                                        <a href=\"https:\/\/www.praiadaferrugem.net\/aluguel\/imovel\/ref460\/\"><img  data-lazy-load-src=\"https:\/\/www.praiadaferrugem.net\/aluguel\/wp-content\/uploads\/2018\/06\/GOPR9052-525x328.jpg\" alt=\"Casa p\/ 12 pessoas\" class=\"img-responsive\" \/><\/a>\n                                    <\/div><div class=\"item lazy-load-item\">\n                                        <a href=\"https:\/\/www.praiadaferrugem.net\/aluguel\/imovel\/ref460\/\"><img  data-lazy-load-src=\"https:\/\/www.praiadaferrugem.net\/aluguel\/wp-content\/uploads\/2018\/06\/GOPR9056-525x328.jpg\" alt=\"Casa p\/ 12 pessoas\" class=\"img-responsive\" \/><\/a>\n                                    <\/div><div class=\"item lazy-load-item\">\n                                        <a href=\"https:\/\/www.praiadaferrugem.net\/aluguel\/imovel\/ref460\/\"><img  data-lazy-load-src=\"https:\/\/www.praiadaferrugem.net\/aluguel\/wp-content\/uploads\/2018\/06\/GOPR9058-525x328.jpg\" alt=\"Casa p\/ 12 pessoas\" class=\"img-responsive\" \/><\/a>\n                                    <\/div><div class=\"item lazy-load-item\">\n                                        <a href=\"https:\/\/www.praiadaferrugem.net\/aluguel\/imovel\/ref460\/\"><img  data-lazy-load-src=\"https:\/\/www.praiadaferrugem.net\/aluguel\/wp-content\/uploads\/2018\/06\/GOPR9062-525x328.jpg\" alt=\"Casa p\/ 12 pessoas\" class=\"img-responsive\" \/><\/a>\n                                    <\/div><div class=\"item lazy-load-item\">\n                                        <a href=\"https:\/\/www.praiadaferrugem.net\/aluguel\/imovel\/ref460\/\"><img  data-lazy-load-src=\"https:\/\/www.praiadaferrugem.net\/aluguel\/wp-content\/uploads\/2018\/06\/GOPR9064-525x328.jpg\" alt=\"Casa p\/ 12 pessoas\" class=\"img-responsive\" \/><\/a>\n                                    <\/div><div class=\"item lazy-load-item\">\n                                        <a href=\"https:\/\/www.praiadaferrugem.net\/aluguel\/imovel\/ref460\/\"><img  data-lazy-load-src=\"https:\/\/www.praiadaferrugem.net\/aluguel\/wp-content\/uploads\/2018\/06\/GOPR9069-525x328.jpg\" alt=\"Casa p\/ 12 pessoas\" class=\"img-responsive\" \/><\/a>\n                                    <\/div><div class=\"item lazy-load-item\">\n                                        <a href=\"https:\/\/www.praiadaferrugem.net\/aluguel\/imovel\/ref460\/\"><img  data-lazy-load-src=\"https:\/\/www.praiadaferrugem.net\/aluguel\/wp-content\/uploads\/2018\/06\/GOPR9071-525x328.jpg\" alt=\"Casa p\/ 12 pessoas\" class=\"img-responsive\" \/><\/a>\n                                    <\/div>\n                    <\/div>\n\n\n\n\n                    <a href=\"https:\/\/www.praiadaferrugem.net\/aluguel\/imovel\/ref460\/\"> <\/a><a class=\"left  carousel-control\" href=\"#property_unit_carousel_69f1a742d0b7f\" data-slide=\"prev\">\n                            <i class=\"fas fa-angle-left\"><\/i>\n                        <\/a>\n\n                        <a class=\"right  carousel-control\" href=\"#property_unit_carousel_69f1a742d0b7f\" data-slide=\"next\">\n                            <i class=\"fas fa-angle-right\"><\/i>\n                        <\/a>\n                <\/div><\/div><\/div><div class=\"property_unit_custom_element text unit_element_56983 \">REF<\/div><div class=\"property_unit_custom_element property-manual-id unit_element_62814 \">460<\/div><div class=\"property_unit_custom_element featured_icon unit_element_96450 \"><i class=\"fa fa-star\" aria-hidden=\"true\"><\/i><\/div><\/div><div class=\"property_unit_custom row_no_2 col-md-12  \"><div class=\"property_unit_custom_element title unit_element_8863 normal\" style=\" width:100%; \" ><h4><a href=\"https:\/\/www.praiadaferrugem.net\/aluguel\/imovel\/ref460\/\" target=\"_blank\" >Casa p\/ 12 pessoas<\/a><\/h4><\/div><div class=\"property_unit_custom_element property_address unit_element_68937 \" style=\" width:100%; \" >Praia da Ferrugem, Garopaba\/SC<\/div><div class=\"property_unit_custom_element textominiaaturas unit_element_53439 bold\" style=\" width:100%; \" >P\u00c1TIO PRIVADO | WIFI<\/div><\/div><div class=\"property_unit_custom row_no_3 col-md-12  \"><\/div><div class=\"property_unit_custom row_no_4 col-md-12  \"><div class=\"property_unit_custom_element icon unit_element_91418 \"><img src=\"http:\/\/www.praiadaferrugem.net\/aluguel\/icon_bed.png\" alt=\"featured icon\"><\/div><div class=\"property_unit_custom_element property_bedrooms unit_element_97441 \">5<\/div><div class=\"property_unit_custom_element text unit_element_28906 \"><\/div><div class=\"property_unit_custom_element icon unit_element_73983 \"><img src=\"http:\/\/www.praiadaferrugem.net\/aluguel\/icon_bath.png\" alt=\"featured icon\"><\/div><div class=\"property_unit_custom_element property_bathrooms unit_element_48632 \">3<\/div><div class=\"property_unit_custom_element text unit_element_32943 \"><\/div><div class=\"property_unit_custom_element icon unit_element_16610 \"><img src=\"http:\/\/www.praiadaferrugem.net\/aluguel\/icon_wave.png\" alt=\"featured icon\"><\/div><div class=\"property_unit_custom_element property_price unit_element_479 \">250 m <span class=\"price_label\">\/praia<\/span><\/div><\/div><div class=\"property_unit_custom row_no_5 col-md-12  \"><div class=\"property_unit_custom_element text  \"><\/div><\/div>        <\/div>             \n    <\/div><\/div><div class=\" slider_prop_wrapper   three_per_row  \" >  \n\n<div class=\"col-md- shortcode-col has_prop_slider  listing_wrapper \" \n    data-org=\"6\"   \n    data-main-modal=\"https:\/\/www.praiadaferrugem.net\/aluguel\/wp-content\/uploads\/2018\/06\/GOPR8842-835x467.jpg\"\n    data-modal-title=\"Casa p\/ 10\/12 pessoas\"\n    data-modal-link=\"https:\/\/www.praiadaferrugem.net\/aluguel\/imovel\/ref331\/\"\n    data-listid=\"18852\" >    \n    \n        \n    <div class=\"property_listing  property_card_default property_listing_custom_design \" \n         data-link=\"\">    \n        \n        <div class=\"property_unit_custom row_no_1 col-md-12  \"><div class=\"property_unit_custom_element image unit_element_94767 \"><div class=\"listing-unit-img-wrapper\">\n                <div id=\"property_unit_carousel_69f1a742d411e\" class=\"carousel property_unit_carousel slide \" data-ride=\"carousel\" data-interval=\"false\">\n                    <div class=\"carousel-inner\">         \n                        <div class=\"item active\">    \n                            <a href=\"https:\/\/www.praiadaferrugem.net\/aluguel\/imovel\/ref331\/\"><img width=\"525\" height=\"328\" src=\"https:\/\/www.praiadaferrugem.net\/aluguel\/wp-content\/uploads\/2018\/06\/GOPR8842-525x328.jpg\" class=\"lazyload img-responsive wp-post-image\" alt=\"\" loading=\"lazy\" data-original=\"https:\/\/www.praiadaferrugem.net\/aluguel\/wp-content\/uploads\/2018\/06\/GOPR8842-525x328.jpg\" \/><\/a>     \n                        <\/div>\n                        <div class=\"item lazy-load-item\">\n                                        <a href=\"https:\/\/www.praiadaferrugem.net\/aluguel\/imovel\/ref331\/\"><img  data-lazy-load-src=\"https:\/\/www.praiadaferrugem.net\/aluguel\/wp-content\/uploads\/2018\/06\/GOPR8854-525x328.jpg\" alt=\"Casa p\/ 10\/12 pessoas\" class=\"img-responsive\" \/><\/a>\n                                    <\/div><div class=\"item lazy-load-item\">\n                                        <a href=\"https:\/\/www.praiadaferrugem.net\/aluguel\/imovel\/ref331\/\"><img  data-lazy-load-src=\"https:\/\/www.praiadaferrugem.net\/aluguel\/wp-content\/uploads\/2018\/06\/GOPR8787-525x328.jpg\" alt=\"Casa p\/ 10\/12 pessoas\" class=\"img-responsive\" \/><\/a>\n                                    <\/div><div class=\"item lazy-load-item\">\n                                        <a href=\"https:\/\/www.praiadaferrugem.net\/aluguel\/imovel\/ref331\/\"><img  data-lazy-load-src=\"https:\/\/www.praiadaferrugem.net\/aluguel\/wp-content\/uploads\/2018\/06\/GOPR8789-525x328.jpg\" alt=\"Casa p\/ 10\/12 pessoas\" class=\"img-responsive\" \/><\/a>\n                                    <\/div><div class=\"item lazy-load-item\">\n                                        <a href=\"https:\/\/www.praiadaferrugem.net\/aluguel\/imovel\/ref331\/\"><img  data-lazy-load-src=\"https:\/\/www.praiadaferrugem.net\/aluguel\/wp-content\/uploads\/2018\/06\/GOPR8792-525x328.jpg\" alt=\"Casa p\/ 10\/12 pessoas\" class=\"img-responsive\" \/><\/a>\n                                    <\/div><div class=\"item lazy-load-item\">\n                                        <a href=\"https:\/\/www.praiadaferrugem.net\/aluguel\/imovel\/ref331\/\"><img  data-lazy-load-src=\"https:\/\/www.praiadaferrugem.net\/aluguel\/wp-content\/uploads\/2018\/06\/GOPR8794-525x328.jpg\" alt=\"Casa p\/ 10\/12 pessoas\" class=\"img-responsive\" \/><\/a>\n                                    <\/div><div class=\"item lazy-load-item\">\n                                        <a href=\"https:\/\/www.praiadaferrugem.net\/aluguel\/imovel\/ref331\/\"><img  data-lazy-load-src=\"https:\/\/www.praiadaferrugem.net\/aluguel\/wp-content\/uploads\/2018\/06\/GOPR8797-525x328.jpg\" alt=\"Casa p\/ 10\/12 pessoas\" class=\"img-responsive\" \/><\/a>\n                                    <\/div><div class=\"item lazy-load-item\">\n                                        <a href=\"https:\/\/www.praiadaferrugem.net\/aluguel\/imovel\/ref331\/\"><img  data-lazy-load-src=\"https:\/\/www.praiadaferrugem.net\/aluguel\/wp-content\/uploads\/2018\/06\/GOPR8799-525x328.jpg\" alt=\"Casa p\/ 10\/12 pessoas\" class=\"img-responsive\" \/><\/a>\n                                    <\/div><div class=\"item lazy-load-item\">\n                                        <a href=\"https:\/\/www.praiadaferrugem.net\/aluguel\/imovel\/ref331\/\"><img  data-lazy-load-src=\"https:\/\/www.praiadaferrugem.net\/aluguel\/wp-content\/uploads\/2018\/06\/GOPR8801-525x328.jpg\" alt=\"Casa p\/ 10\/12 pessoas\" class=\"img-responsive\" \/><\/a>\n                                    <\/div><div class=\"item lazy-load-item\">\n                                        <a href=\"https:\/\/www.praiadaferrugem.net\/aluguel\/imovel\/ref331\/\"><img  data-lazy-load-src=\"https:\/\/www.praiadaferrugem.net\/aluguel\/wp-content\/uploads\/2018\/06\/GOPR8803-525x328.jpg\" alt=\"Casa p\/ 10\/12 pessoas\" class=\"img-responsive\" \/><\/a>\n                                    <\/div><div class=\"item lazy-load-item\">\n                                        <a href=\"https:\/\/www.praiadaferrugem.net\/aluguel\/imovel\/ref331\/\"><img  data-lazy-load-src=\"https:\/\/www.praiadaferrugem.net\/aluguel\/wp-content\/uploads\/2018\/06\/GOPR8805-525x328.jpg\" alt=\"Casa p\/ 10\/12 pessoas\" class=\"img-responsive\" \/><\/a>\n                                    <\/div><div class=\"item lazy-load-item\">\n                                        <a href=\"https:\/\/www.praiadaferrugem.net\/aluguel\/imovel\/ref331\/\"><img  data-lazy-load-src=\"https:\/\/www.praiadaferrugem.net\/aluguel\/wp-content\/uploads\/2018\/06\/GOPR8807-525x328.jpg\" alt=\"Casa p\/ 10\/12 pessoas\" class=\"img-responsive\" \/><\/a>\n                                    <\/div><div class=\"item lazy-load-item\">\n                                        <a href=\"https:\/\/www.praiadaferrugem.net\/aluguel\/imovel\/ref331\/\"><img  data-lazy-load-src=\"https:\/\/www.praiadaferrugem.net\/aluguel\/wp-content\/uploads\/2018\/06\/GOPR8809-525x328.jpg\" alt=\"Casa p\/ 10\/12 pessoas\" class=\"img-responsive\" \/><\/a>\n                                    <\/div><div class=\"item lazy-load-item\">\n                                        <a href=\"https:\/\/www.praiadaferrugem.net\/aluguel\/imovel\/ref331\/\"><img  data-lazy-load-src=\"https:\/\/www.praiadaferrugem.net\/aluguel\/wp-content\/uploads\/2018\/06\/GOPR8811-525x328.jpg\" alt=\"Casa p\/ 10\/12 pessoas\" class=\"img-responsive\" \/><\/a>\n                                    <\/div><div class=\"item lazy-load-item\">\n                                        <a href=\"https:\/\/www.praiadaferrugem.net\/aluguel\/imovel\/ref331\/\"><img  data-lazy-load-src=\"https:\/\/www.praiadaferrugem.net\/aluguel\/wp-content\/uploads\/2018\/06\/GOPR8813-525x328.jpg\" alt=\"Casa p\/ 10\/12 pessoas\" class=\"img-responsive\" \/><\/a>\n                                    <\/div><div class=\"item lazy-load-item\">\n                                        <a href=\"https:\/\/www.praiadaferrugem.net\/aluguel\/imovel\/ref331\/\"><img  data-lazy-load-src=\"https:\/\/www.praiadaferrugem.net\/aluguel\/wp-content\/uploads\/2018\/06\/GOPR8815-525x328.jpg\" alt=\"Casa p\/ 10\/12 pessoas\" class=\"img-responsive\" \/><\/a>\n                                    <\/div><div class=\"item lazy-load-item\">\n                                        <a href=\"https:\/\/www.praiadaferrugem.net\/aluguel\/imovel\/ref331\/\"><img  data-lazy-load-src=\"https:\/\/www.praiadaferrugem.net\/aluguel\/wp-content\/uploads\/2018\/06\/GOPR8819-525x328.jpg\" alt=\"Casa p\/ 10\/12 pessoas\" class=\"img-responsive\" \/><\/a>\n                                    <\/div><div class=\"item lazy-load-item\">\n                                        <a href=\"https:\/\/www.praiadaferrugem.net\/aluguel\/imovel\/ref331\/\"><img  data-lazy-load-src=\"https:\/\/www.praiadaferrugem.net\/aluguel\/wp-content\/uploads\/2018\/06\/GOPR8821-525x328.jpg\" alt=\"Casa p\/ 10\/12 pessoas\" class=\"img-responsive\" \/><\/a>\n                                    <\/div><div class=\"item lazy-load-item\">\n                                        <a href=\"https:\/\/www.praiadaferrugem.net\/aluguel\/imovel\/ref331\/\"><img  data-lazy-load-src=\"https:\/\/www.praiadaferrugem.net\/aluguel\/wp-content\/uploads\/2018\/06\/GOPR8823-525x328.jpg\" alt=\"Casa p\/ 10\/12 pessoas\" class=\"img-responsive\" \/><\/a>\n                                    <\/div><div class=\"item lazy-load-item\">\n                                        <a href=\"https:\/\/www.praiadaferrugem.net\/aluguel\/imovel\/ref331\/\"><img  data-lazy-load-src=\"https:\/\/www.praiadaferrugem.net\/aluguel\/wp-content\/uploads\/2018\/06\/GOPR8827-525x328.jpg\" alt=\"Casa p\/ 10\/12 pessoas\" class=\"img-responsive\" \/><\/a>\n                                    <\/div><div class=\"item lazy-load-item\">\n                                        <a href=\"https:\/\/www.praiadaferrugem.net\/aluguel\/imovel\/ref331\/\"><img  data-lazy-load-src=\"https:\/\/www.praiadaferrugem.net\/aluguel\/wp-content\/uploads\/2018\/06\/GOPR8829-525x328.jpg\" alt=\"Casa p\/ 10\/12 pessoas\" class=\"img-responsive\" \/><\/a>\n                                    <\/div><div class=\"item lazy-load-item\">\n                                        <a href=\"https:\/\/www.praiadaferrugem.net\/aluguel\/imovel\/ref331\/\"><img  data-lazy-load-src=\"https:\/\/www.praiadaferrugem.net\/aluguel\/wp-content\/uploads\/2018\/06\/GOPR8832-525x328.jpg\" alt=\"Casa p\/ 10\/12 pessoas\" class=\"img-responsive\" \/><\/a>\n                                    <\/div><div class=\"item lazy-load-item\">\n                                        <a href=\"https:\/\/www.praiadaferrugem.net\/aluguel\/imovel\/ref331\/\"><img  data-lazy-load-src=\"https:\/\/www.praiadaferrugem.net\/aluguel\/wp-content\/uploads\/2018\/06\/GOPR8834-525x328.jpg\" alt=\"Casa p\/ 10\/12 pessoas\" class=\"img-responsive\" \/><\/a>\n                                    <\/div><div class=\"item lazy-load-item\">\n                                        <a href=\"https:\/\/www.praiadaferrugem.net\/aluguel\/imovel\/ref331\/\"><img  data-lazy-load-src=\"https:\/\/www.praiadaferrugem.net\/aluguel\/wp-content\/uploads\/2018\/06\/GOPR8836-525x328.jpg\" alt=\"Casa p\/ 10\/12 pessoas\" class=\"img-responsive\" \/><\/a>\n                                    <\/div><div class=\"item lazy-load-item\">\n                                        <a href=\"https:\/\/www.praiadaferrugem.net\/aluguel\/imovel\/ref331\/\"><img  data-lazy-load-src=\"https:\/\/www.praiadaferrugem.net\/aluguel\/wp-content\/uploads\/2018\/06\/GOPR8837-525x328.jpg\" alt=\"Casa p\/ 10\/12 pessoas\" class=\"img-responsive\" \/><\/a>\n                                    <\/div><div class=\"item lazy-load-item\">\n                                        <a href=\"https:\/\/www.praiadaferrugem.net\/aluguel\/imovel\/ref331\/\"><img  data-lazy-load-src=\"https:\/\/www.praiadaferrugem.net\/aluguel\/wp-content\/uploads\/2018\/06\/GOPR8840-525x328.jpg\" alt=\"Casa p\/ 10\/12 pessoas\" class=\"img-responsive\" \/><\/a>\n                                    <\/div><div class=\"item lazy-load-item\">\n                                        <a href=\"https:\/\/www.praiadaferrugem.net\/aluguel\/imovel\/ref331\/\"><img  data-lazy-load-src=\"https:\/\/www.praiadaferrugem.net\/aluguel\/wp-content\/uploads\/2018\/06\/GOPR8844-525x328.jpg\" alt=\"Casa p\/ 10\/12 pessoas\" class=\"img-responsive\" \/><\/a>\n                                    <\/div><div class=\"item lazy-load-item\">\n                                        <a href=\"https:\/\/www.praiadaferrugem.net\/aluguel\/imovel\/ref331\/\"><img  data-lazy-load-src=\"https:\/\/www.praiadaferrugem.net\/aluguel\/wp-content\/uploads\/2018\/06\/GOPR8846-525x328.jpg\" alt=\"Casa p\/ 10\/12 pessoas\" class=\"img-responsive\" \/><\/a>\n                                    <\/div><div class=\"item lazy-load-item\">\n                                        <a href=\"https:\/\/www.praiadaferrugem.net\/aluguel\/imovel\/ref331\/\"><img  data-lazy-load-src=\"https:\/\/www.praiadaferrugem.net\/aluguel\/wp-content\/uploads\/2018\/06\/GOPR8847-525x328.jpg\" alt=\"Casa p\/ 10\/12 pessoas\" class=\"img-responsive\" \/><\/a>\n                                    <\/div><div class=\"item lazy-load-item\">\n                                        <a href=\"https:\/\/www.praiadaferrugem.net\/aluguel\/imovel\/ref331\/\"><img  data-lazy-load-src=\"https:\/\/www.praiadaferrugem.net\/aluguel\/wp-content\/uploads\/2018\/06\/GOPR8851-525x328.jpg\" alt=\"Casa p\/ 10\/12 pessoas\" class=\"img-responsive\" \/><\/a>\n                                    <\/div>\n                    <\/div>\n\n\n\n\n                    <a href=\"https:\/\/www.praiadaferrugem.net\/aluguel\/imovel\/ref331\/\"> <\/a><a class=\"left  carousel-control\" href=\"#property_unit_carousel_69f1a742d411e\" data-slide=\"prev\">\n                            <i class=\"fas fa-angle-left\"><\/i>\n                        <\/a>\n\n                        <a class=\"right  carousel-control\" href=\"#property_unit_carousel_69f1a742d411e\" data-slide=\"next\">\n                            <i class=\"fas fa-angle-right\"><\/i>\n                        <\/a>\n                <\/div><\/div><\/div><div class=\"property_unit_custom_element text unit_element_56983 \">REF<\/div><div class=\"property_unit_custom_element property-manual-id unit_element_62814 \">331<\/div><div class=\"property_unit_custom_element featured_icon unit_element_96450 \"><i class=\"fa fa-star\" aria-hidden=\"true\"><\/i><\/div><\/div><div class=\"property_unit_custom row_no_2 col-md-12  \"><div class=\"property_unit_custom_element title unit_element_8863 normal\" style=\" width:100%; \" ><h4><a href=\"https:\/\/www.praiadaferrugem.net\/aluguel\/imovel\/ref331\/\" target=\"_blank\" >Casa p\/ 10\/12 pessoas<\/a><\/h4><\/div><div class=\"property_unit_custom_element property_address unit_element_68937 \" style=\" width:100%; \" >Praia da Ferrugem, Garopaba\/SC<\/div><div class=\"property_unit_custom_element textominiaaturas unit_element_53439 bold\" style=\" width:100%; \" >WIFI | P\u00c1TIO PRIVADO<\/div><\/div><div class=\"property_unit_custom row_no_3 col-md-12  \"><\/div><div class=\"property_unit_custom row_no_4 col-md-12  \"><div class=\"property_unit_custom_element icon unit_element_91418 \"><img src=\"http:\/\/www.praiadaferrugem.net\/aluguel\/icon_bed.png\" alt=\"featured icon\"><\/div><div class=\"property_unit_custom_element property_bedrooms unit_element_97441 \">4<\/div><div class=\"property_unit_custom_element text unit_element_28906 \"><\/div><div class=\"property_unit_custom_element icon unit_element_73983 \"><img src=\"http:\/\/www.praiadaferrugem.net\/aluguel\/icon_bath.png\" alt=\"featured icon\"><\/div><div class=\"property_unit_custom_element property_bathrooms unit_element_48632 \">2<\/div><div class=\"property_unit_custom_element text unit_element_32943 \"><\/div><div class=\"property_unit_custom_element icon unit_element_16610 \"><img src=\"http:\/\/www.praiadaferrugem.net\/aluguel\/icon_wave.png\" alt=\"featured icon\"><\/div><div class=\"property_unit_custom_element property_price unit_element_479 \">250 m <span class=\"price_label\">\/praia<\/span><\/div><\/div><div class=\"property_unit_custom row_no_5 col-md-12  \"><div class=\"property_unit_custom_element text  \"><\/div><\/div>        <\/div>             \n    <\/div><\/div><\/div><\/div><\/div>[\/vc_column][\/vc_row][vc_row full_width=&#8221;stretch_row_content_no_spaces&#8221; bg_type=&#8221;bg_color&#8221; seperator_enable=&#8221;seperator_enable_value&#8221; seperator_type=&#8221;triangle_svg_seperator&#8221; seperator_shape_background=&#8221;#ffffff&#8221; bg_color_value=&#8221;#0473aa&#8221;][vc_column]<div class=\"spacer\" style=\"height:40px;\"><\/div><div id=\"ultimate-heading-686769f1a742d4bbe\" class=\"uvc-heading ult-adjust-bottom-margin ultimate-heading-686769f1a742d4bbe uvc-7111 \" data-hspacer=\"no_spacer\"  data-halign=\"center\" style=\"text-align:center\"><div class=\"uvc-heading-spacer no_spacer\" style=\"top\"><\/div><div class=\"uvc-main-heading ult-responsive\"  data-ultimate-target='.uvc-heading.ultimate-heading-686769f1a742d4bbe h2'  data-responsive-json-new='{\"font-size\":\"\",\"line-height\":\"\"}' ><h2 style=\"font-weight:normal;color:#ffffff;margin-bottom:20px;\">INSTAGRAM @aluguelferrugem<\/h2><\/div><\/div>[vc_column_text]\r\n<div id=\"sb_instagram\"  class=\"sbi sbi_mob_col_3 sbi_tab_col_2 sbi_col_6 sbi_width_resp\" style=\"padding-bottom: 10px;\" data-feedid=\"*2\"  data-res=\"auto\" data-cols=\"6\" data-colsmobile=\"3\" data-colstablet=\"2\" data-num=\"12\" data-nummobile=\"6\" data-shortcode-atts=\"{&quot;feed&quot;:&quot;2&quot;,&quot;cachetime&quot;:720}\"  data-postid=\"18852\" data-locatornonce=\"075e8ee413\" data-sbi-flags=\"favorLocal\">\r\n\t\r\n    <div id=\"sbi_images\"  style=\"padding: 5px;\">\r\n\t\t<div class=\"sbi_item sbi_type_video sbi_new sbi_transition\" id=\"sbi_17984232881196419\" data-date=\"1694328651\">\r\n    <div class=\"sbi_photo_wrap\">\r\n        <a class=\"sbi_photo\" href=\"https:\/\/www.instagram.com\/reel\/Cw_zDNtNgEm\/\" target=\"_blank\" rel=\"noopener nofollow\" data-full-res=\"https:\/\/scontent-gru1-2.cdninstagram.com\/v\/t51.36329-15\/376268357_813572103777814_2847587007813954653_n.jpg?_nc_cat=110&#038;ccb=1-7&#038;_nc_sid=8ae9d6&#038;_nc_ohc=HKHGxcQDZPIAX-MCBCG&#038;_nc_ht=scontent-gru1-2.cdninstagram.com&#038;edm=ANo9K5cEAAAA&#038;oh=00_AfA6L3pD8adb8lZM4zL7VO_UxdyL7TBqNEhoKPg5t8cS2g&#038;oe=6529EBA9\" data-img-src-set=\"{&quot;d&quot;:&quot;https:\\\/\\\/scontent-gru1-2.cdninstagram.com\\\/v\\\/t51.36329-15\\\/376268357_813572103777814_2847587007813954653_n.jpg?_nc_cat=110&amp;ccb=1-7&amp;_nc_sid=8ae9d6&amp;_nc_ohc=HKHGxcQDZPIAX-MCBCG&amp;_nc_ht=scontent-gru1-2.cdninstagram.com&amp;edm=ANo9K5cEAAAA&amp;oh=00_AfA6L3pD8adb8lZM4zL7VO_UxdyL7TBqNEhoKPg5t8cS2g&amp;oe=6529EBA9&quot;,&quot;150&quot;:&quot;https:\\\/\\\/scontent-gru1-2.cdninstagram.com\\\/v\\\/t51.36329-15\\\/376268357_813572103777814_2847587007813954653_n.jpg?_nc_cat=110&amp;ccb=1-7&amp;_nc_sid=8ae9d6&amp;_nc_ohc=HKHGxcQDZPIAX-MCBCG&amp;_nc_ht=scontent-gru1-2.cdninstagram.com&amp;edm=ANo9K5cEAAAA&amp;oh=00_AfA6L3pD8adb8lZM4zL7VO_UxdyL7TBqNEhoKPg5t8cS2g&amp;oe=6529EBA9&quot;,&quot;320&quot;:&quot;https:\\\/\\\/scontent-gru1-2.cdninstagram.com\\\/v\\\/t51.36329-15\\\/376268357_813572103777814_2847587007813954653_n.jpg?_nc_cat=110&amp;ccb=1-7&amp;_nc_sid=8ae9d6&amp;_nc_ohc=HKHGxcQDZPIAX-MCBCG&amp;_nc_ht=scontent-gru1-2.cdninstagram.com&amp;edm=ANo9K5cEAAAA&amp;oh=00_AfA6L3pD8adb8lZM4zL7VO_UxdyL7TBqNEhoKPg5t8cS2g&amp;oe=6529EBA9&quot;,&quot;640&quot;:&quot;https:\\\/\\\/scontent-gru1-2.cdninstagram.com\\\/v\\\/t51.36329-15\\\/376268357_813572103777814_2847587007813954653_n.jpg?_nc_cat=110&amp;ccb=1-7&amp;_nc_sid=8ae9d6&amp;_nc_ohc=HKHGxcQDZPIAX-MCBCG&amp;_nc_ht=scontent-gru1-2.cdninstagram.com&amp;edm=ANo9K5cEAAAA&amp;oh=00_AfA6L3pD8adb8lZM4zL7VO_UxdyL7TBqNEhoKPg5t8cS2g&amp;oe=6529EBA9&quot;}\">\r\n            <span class=\"sbi-screenreader\">Post do Instagram 17984232881196419<\/span>\r\n            \t        <svg style=\"color: rgba(255,255,255,1)\" class=\"svg-inline--fa fa-play fa-w-14 sbi_playbtn\" aria-label=\"Play\" aria-hidden=\"true\" data-fa-processed=\"\" data-prefix=\"fa\" data-icon=\"play\" role=\"presentation\" xmlns=\"http:\/\/www.w3.org\/2000\/svg\" viewBox=\"0 0 448 512\"><path fill=\"currentColor\" d=\"M424.4 214.7L72.4 6.6C43.8-10.3 0 6.1 0 47.9V464c0 37.5 40.7 60.1 72.4 41.3l352-208c31.4-18.5 31.5-64.1 0-82.6z\"><\/path><\/svg>            <img src=\"https:\/\/www.praiadaferrugem.net\/aluguel\/wp-content\/plugins\/instagram-feed\/img\/placeholder.png\" alt=\"Post do Instagram 17984232881196419\">\r\n        <\/a>\r\n    <\/div>\r\n<\/div><div class=\"sbi_item sbi_type_video sbi_new sbi_transition\" id=\"sbi_18049023220395219\" data-date=\"1676795274\">\r\n    <div class=\"sbi_photo_wrap\">\r\n        <a class=\"sbi_photo\" href=\"https:\/\/www.instagram.com\/reel\/Co1J6uwA7zp\/\" target=\"_blank\" rel=\"noopener nofollow\" data-full-res=\"https:\/\/scontent-gru1-2.cdninstagram.com\/v\/t51.36329-15\/332160412_993451081631562_2943619953902357295_n.jpg?_nc_cat=106&#038;ccb=1-7&#038;_nc_sid=8ae9d6&#038;_nc_ohc=Ab3sIxP1hggAX_fiHfz&#038;_nc_ht=scontent-gru1-2.cdninstagram.com&#038;edm=ANo9K5cEAAAA&#038;oh=00_AfBov8OVV-LTb4imPFm-dZRFZIbVEBOA5udPfcCnX0niIg&#038;oe=652A195A\" data-img-src-set=\"{&quot;d&quot;:&quot;https:\\\/\\\/scontent-gru1-2.cdninstagram.com\\\/v\\\/t51.36329-15\\\/332160412_993451081631562_2943619953902357295_n.jpg?_nc_cat=106&amp;ccb=1-7&amp;_nc_sid=8ae9d6&amp;_nc_ohc=Ab3sIxP1hggAX_fiHfz&amp;_nc_ht=scontent-gru1-2.cdninstagram.com&amp;edm=ANo9K5cEAAAA&amp;oh=00_AfBov8OVV-LTb4imPFm-dZRFZIbVEBOA5udPfcCnX0niIg&amp;oe=652A195A&quot;,&quot;150&quot;:&quot;https:\\\/\\\/scontent-gru1-2.cdninstagram.com\\\/v\\\/t51.36329-15\\\/332160412_993451081631562_2943619953902357295_n.jpg?_nc_cat=106&amp;ccb=1-7&amp;_nc_sid=8ae9d6&amp;_nc_ohc=Ab3sIxP1hggAX_fiHfz&amp;_nc_ht=scontent-gru1-2.cdninstagram.com&amp;edm=ANo9K5cEAAAA&amp;oh=00_AfBov8OVV-LTb4imPFm-dZRFZIbVEBOA5udPfcCnX0niIg&amp;oe=652A195A&quot;,&quot;320&quot;:&quot;https:\\\/\\\/scontent-gru1-2.cdninstagram.com\\\/v\\\/t51.36329-15\\\/332160412_993451081631562_2943619953902357295_n.jpg?_nc_cat=106&amp;ccb=1-7&amp;_nc_sid=8ae9d6&amp;_nc_ohc=Ab3sIxP1hggAX_fiHfz&amp;_nc_ht=scontent-gru1-2.cdninstagram.com&amp;edm=ANo9K5cEAAAA&amp;oh=00_AfBov8OVV-LTb4imPFm-dZRFZIbVEBOA5udPfcCnX0niIg&amp;oe=652A195A&quot;,&quot;640&quot;:&quot;https:\\\/\\\/scontent-gru1-2.cdninstagram.com\\\/v\\\/t51.36329-15\\\/332160412_993451081631562_2943619953902357295_n.jpg?_nc_cat=106&amp;ccb=1-7&amp;_nc_sid=8ae9d6&amp;_nc_ohc=Ab3sIxP1hggAX_fiHfz&amp;_nc_ht=scontent-gru1-2.cdninstagram.com&amp;edm=ANo9K5cEAAAA&amp;oh=00_AfBov8OVV-LTb4imPFm-dZRFZIbVEBOA5udPfcCnX0niIg&amp;oe=652A195A&quot;}\">\r\n            <span class=\"sbi-screenreader\">Post do Instagram 18049023220395219<\/span>\r\n            \t        <svg style=\"color: rgba(255,255,255,1)\" class=\"svg-inline--fa fa-play fa-w-14 sbi_playbtn\" aria-label=\"Play\" aria-hidden=\"true\" data-fa-processed=\"\" data-prefix=\"fa\" data-icon=\"play\" role=\"presentation\" xmlns=\"http:\/\/www.w3.org\/2000\/svg\" viewBox=\"0 0 448 512\"><path fill=\"currentColor\" d=\"M424.4 214.7L72.4 6.6C43.8-10.3 0 6.1 0 47.9V464c0 37.5 40.7 60.1 72.4 41.3l352-208c31.4-18.5 31.5-64.1 0-82.6z\"><\/path><\/svg>            <img src=\"https:\/\/www.praiadaferrugem.net\/aluguel\/wp-content\/plugins\/instagram-feed\/img\/placeholder.png\" alt=\"Post do Instagram 18049023220395219\">\r\n        <\/a>\r\n    <\/div>\r\n<\/div><div class=\"sbi_item sbi_type_carousel sbi_new sbi_transition\" id=\"sbi_18019307212419972\" data-date=\"1661800645\">\r\n    <div class=\"sbi_photo_wrap\">\r\n        <a class=\"sbi_photo\" href=\"https:\/\/www.instagram.com\/p\/Ch2Y1ASOt35\/\" target=\"_blank\" rel=\"noopener nofollow\" data-full-res=\"https:\/\/scontent-gru1-2.cdninstagram.com\/v\/t51.29350-15\/301650819_1007820946561505_953753318353729325_n.jpg?_nc_cat=103&#038;ccb=1-7&#038;_nc_sid=8ae9d6&#038;_nc_ohc=ddTjx1_s86oAX9rrL2Z&#038;_nc_ht=scontent-gru1-2.cdninstagram.com&#038;edm=ANo9K5cEAAAA&#038;oh=00_AfAX2lL4rNzo2fG-bPBVbU5Lh3Wtt7rdRzph1nYvW9gC2g&#038;oe=65291CB6\" data-img-src-set=\"{&quot;d&quot;:&quot;https:\\\/\\\/scontent-gru1-2.cdninstagram.com\\\/v\\\/t51.29350-15\\\/301650819_1007820946561505_953753318353729325_n.jpg?_nc_cat=103&amp;ccb=1-7&amp;_nc_sid=8ae9d6&amp;_nc_ohc=ddTjx1_s86oAX9rrL2Z&amp;_nc_ht=scontent-gru1-2.cdninstagram.com&amp;edm=ANo9K5cEAAAA&amp;oh=00_AfAX2lL4rNzo2fG-bPBVbU5Lh3Wtt7rdRzph1nYvW9gC2g&amp;oe=65291CB6&quot;,&quot;150&quot;:&quot;https:\\\/\\\/scontent-gru1-2.cdninstagram.com\\\/v\\\/t51.29350-15\\\/301650819_1007820946561505_953753318353729325_n.jpg?_nc_cat=103&amp;ccb=1-7&amp;_nc_sid=8ae9d6&amp;_nc_ohc=ddTjx1_s86oAX9rrL2Z&amp;_nc_ht=scontent-gru1-2.cdninstagram.com&amp;edm=ANo9K5cEAAAA&amp;oh=00_AfAX2lL4rNzo2fG-bPBVbU5Lh3Wtt7rdRzph1nYvW9gC2g&amp;oe=65291CB6&quot;,&quot;320&quot;:&quot;https:\\\/\\\/scontent-gru1-2.cdninstagram.com\\\/v\\\/t51.29350-15\\\/301650819_1007820946561505_953753318353729325_n.jpg?_nc_cat=103&amp;ccb=1-7&amp;_nc_sid=8ae9d6&amp;_nc_ohc=ddTjx1_s86oAX9rrL2Z&amp;_nc_ht=scontent-gru1-2.cdninstagram.com&amp;edm=ANo9K5cEAAAA&amp;oh=00_AfAX2lL4rNzo2fG-bPBVbU5Lh3Wtt7rdRzph1nYvW9gC2g&amp;oe=65291CB6&quot;,&quot;640&quot;:&quot;https:\\\/\\\/scontent-gru1-2.cdninstagram.com\\\/v\\\/t51.29350-15\\\/301650819_1007820946561505_953753318353729325_n.jpg?_nc_cat=103&amp;ccb=1-7&amp;_nc_sid=8ae9d6&amp;_nc_ohc=ddTjx1_s86oAX9rrL2Z&amp;_nc_ht=scontent-gru1-2.cdninstagram.com&amp;edm=ANo9K5cEAAAA&amp;oh=00_AfAX2lL4rNzo2fG-bPBVbU5Lh3Wtt7rdRzph1nYvW9gC2g&amp;oe=65291CB6&quot;}\">\r\n            <span class=\"sbi-screenreader\">Aquela foto cl\u00e1ssica antiga da paradis\u00edaca Praia<\/span>\r\n            <svg class=\"svg-inline--fa fa-clone fa-w-16 sbi_lightbox_carousel_icon\" aria-hidden=\"true\" aria-label=\"Clone\" data-fa-pro\u0192cessed=\"\" data-prefix=\"far\" data-icon=\"clone\" role=\"img\" xmlns=\"http:\/\/www.w3.org\/2000\/svg\" viewBox=\"0 0 512 512\">\n\t                <path fill=\"currentColor\" d=\"M464 0H144c-26.51 0-48 21.49-48 48v48H48c-26.51 0-48 21.49-48 48v320c0 26.51 21.49 48 48 48h320c26.51 0 48-21.49 48-48v-48h48c26.51 0 48-21.49 48-48V48c0-26.51-21.49-48-48-48zM362 464H54a6 6 0 0 1-6-6V150a6 6 0 0 1 6-6h42v224c0 26.51 21.49 48 48 48h224v42a6 6 0 0 1-6 6zm96-96H150a6 6 0 0 1-6-6V54a6 6 0 0 1 6-6h308a6 6 0 0 1 6 6v308a6 6 0 0 1-6 6z\"><\/path>\n\t            <\/svg>\t                    <img src=\"https:\/\/www.praiadaferrugem.net\/aluguel\/wp-content\/plugins\/instagram-feed\/img\/placeholder.png\" alt=\"Aquela foto cl\u00e1ssica antiga da paradis\u00edaca Praia da Ferrugem! Arrasta pro lado e veja mais fotos do nosso para\u00edso, e aproveita e j\u00e1 chama para decidir suas f\u00e9rias!\n\n#garopaba #sc #flrorianapolis #floripa #tubarao #surf #paraiso #ferrugembeach #bardozado #praiadorosa #rosabeach #pitaya #carnaferrugem #reveillon #natureza #brazil #praiadaferrugem #turismosc #turismo #surf #viajar #viagem #brasil #trip #vacaciones #natureza #fotografia #ferias #praia\">\r\n        <\/a>\r\n    <\/div>\r\n<\/div><div class=\"sbi_item sbi_type_image sbi_new sbi_transition\" id=\"sbi_17956643149877656\" data-date=\"1661094287\">\r\n    <div class=\"sbi_photo_wrap\">\r\n        <a class=\"sbi_photo\" href=\"https:\/\/www.instagram.com\/p\/ChhVjnfOtcQ\/\" target=\"_blank\" rel=\"noopener nofollow\" data-full-res=\"https:\/\/scontent-gru1-2.cdninstagram.com\/v\/t51.29350-15\/300531593_1233083440567421_5282289626206454482_n.jpg?_nc_cat=100&#038;ccb=1-7&#038;_nc_sid=8ae9d6&#038;_nc_ohc=X18J_i6n0ToAX_9GXPk&#038;_nc_oc=AQkS5SU6-NMvSBcfdiNvDBk4VcRs088Gz058yHwkprzXcjzkR6qL2L-z5Ce2Vx8qH-Q&#038;_nc_ht=scontent-gru1-2.cdninstagram.com&#038;edm=ANo9K5cEAAAA&#038;oh=00_AfAwGutDenhuohXPaiDP1vResOlseyCdjlFxxWzZlXOHDw&#038;oe=6528F0A7\" data-img-src-set=\"{&quot;d&quot;:&quot;https:\\\/\\\/scontent-gru1-2.cdninstagram.com\\\/v\\\/t51.29350-15\\\/300531593_1233083440567421_5282289626206454482_n.jpg?_nc_cat=100&amp;ccb=1-7&amp;_nc_sid=8ae9d6&amp;_nc_ohc=X18J_i6n0ToAX_9GXPk&amp;_nc_oc=AQkS5SU6-NMvSBcfdiNvDBk4VcRs088Gz058yHwkprzXcjzkR6qL2L-z5Ce2Vx8qH-Q&amp;_nc_ht=scontent-gru1-2.cdninstagram.com&amp;edm=ANo9K5cEAAAA&amp;oh=00_AfAwGutDenhuohXPaiDP1vResOlseyCdjlFxxWzZlXOHDw&amp;oe=6528F0A7&quot;,&quot;150&quot;:&quot;https:\\\/\\\/scontent-gru1-2.cdninstagram.com\\\/v\\\/t51.29350-15\\\/300531593_1233083440567421_5282289626206454482_n.jpg?_nc_cat=100&amp;ccb=1-7&amp;_nc_sid=8ae9d6&amp;_nc_ohc=X18J_i6n0ToAX_9GXPk&amp;_nc_oc=AQkS5SU6-NMvSBcfdiNvDBk4VcRs088Gz058yHwkprzXcjzkR6qL2L-z5Ce2Vx8qH-Q&amp;_nc_ht=scontent-gru1-2.cdninstagram.com&amp;edm=ANo9K5cEAAAA&amp;oh=00_AfAwGutDenhuohXPaiDP1vResOlseyCdjlFxxWzZlXOHDw&amp;oe=6528F0A7&quot;,&quot;320&quot;:&quot;https:\\\/\\\/scontent-gru1-2.cdninstagram.com\\\/v\\\/t51.29350-15\\\/300531593_1233083440567421_5282289626206454482_n.jpg?_nc_cat=100&amp;ccb=1-7&amp;_nc_sid=8ae9d6&amp;_nc_ohc=X18J_i6n0ToAX_9GXPk&amp;_nc_oc=AQkS5SU6-NMvSBcfdiNvDBk4VcRs088Gz058yHwkprzXcjzkR6qL2L-z5Ce2Vx8qH-Q&amp;_nc_ht=scontent-gru1-2.cdninstagram.com&amp;edm=ANo9K5cEAAAA&amp;oh=00_AfAwGutDenhuohXPaiDP1vResOlseyCdjlFxxWzZlXOHDw&amp;oe=6528F0A7&quot;,&quot;640&quot;:&quot;https:\\\/\\\/scontent-gru1-2.cdninstagram.com\\\/v\\\/t51.29350-15\\\/300531593_1233083440567421_5282289626206454482_n.jpg?_nc_cat=100&amp;ccb=1-7&amp;_nc_sid=8ae9d6&amp;_nc_ohc=X18J_i6n0ToAX_9GXPk&amp;_nc_oc=AQkS5SU6-NMvSBcfdiNvDBk4VcRs088Gz058yHwkprzXcjzkR6qL2L-z5Ce2Vx8qH-Q&amp;_nc_ht=scontent-gru1-2.cdninstagram.com&amp;edm=ANo9K5cEAAAA&amp;oh=00_AfAwGutDenhuohXPaiDP1vResOlseyCdjlFxxWzZlXOHDw&amp;oe=6528F0A7&quot;}\">\r\n            <span class=\"sbi-screenreader\">Uma das passarelas que te levam ao para\u00edso! \ud83c\udfdd <\/span>\r\n            \t                    <img src=\"https:\/\/www.praiadaferrugem.net\/aluguel\/wp-content\/plugins\/instagram-feed\/img\/placeholder.png\" alt=\"Uma das passarelas que te levam ao para\u00edso! \ud83c\udfdd \n\n#praiadaferrugem\n#pousadapetfriendly\n#garopaba\n#turismoresponsavel\n#turismosc\n#turismo\n#feriado\n#travel \n#surf\n#viajar \n#viagem \n#brasil \n#trip \n#nature \n#photography \n#tourism \n#viajes \n#vacaciones \n#natureza\n#fotografia \n#ferias \n#instatravel \n#travelgram \n#aventura \n#instagood \n#love \n#praia\">\r\n        <\/a>\r\n    <\/div>\r\n<\/div><div class=\"sbi_item sbi_type_carousel sbi_new sbi_transition\" id=\"sbi_17853995834786776\" data-date=\"1661022278\">\r\n    <div class=\"sbi_photo_wrap\">\r\n        <a class=\"sbi_photo\" href=\"https:\/\/www.instagram.com\/p\/ChfMNituoe0\/\" target=\"_blank\" rel=\"noopener nofollow\" data-full-res=\"https:\/\/scontent-gru1-2.cdninstagram.com\/v\/t51.29350-15\/299987740_556453059560976_1417799813575764222_n.jpg?_nc_cat=102&#038;ccb=1-7&#038;_nc_sid=8ae9d6&#038;_nc_ohc=eioI3M-XHFwAX9zZ-Gb&#038;_nc_ht=scontent-gru1-2.cdninstagram.com&#038;edm=ANo9K5cEAAAA&#038;oh=00_AfCN4VTqFT3POqXdPsHyVKEAxVZMwpX5b3Hri_kl2dn7Tw&#038;oe=65289EE4\" data-img-src-set=\"{&quot;d&quot;:&quot;https:\\\/\\\/scontent-gru1-2.cdninstagram.com\\\/v\\\/t51.29350-15\\\/299987740_556453059560976_1417799813575764222_n.jpg?_nc_cat=102&amp;ccb=1-7&amp;_nc_sid=8ae9d6&amp;_nc_ohc=eioI3M-XHFwAX9zZ-Gb&amp;_nc_ht=scontent-gru1-2.cdninstagram.com&amp;edm=ANo9K5cEAAAA&amp;oh=00_AfCN4VTqFT3POqXdPsHyVKEAxVZMwpX5b3Hri_kl2dn7Tw&amp;oe=65289EE4&quot;,&quot;150&quot;:&quot;https:\\\/\\\/scontent-gru1-2.cdninstagram.com\\\/v\\\/t51.29350-15\\\/299987740_556453059560976_1417799813575764222_n.jpg?_nc_cat=102&amp;ccb=1-7&amp;_nc_sid=8ae9d6&amp;_nc_ohc=eioI3M-XHFwAX9zZ-Gb&amp;_nc_ht=scontent-gru1-2.cdninstagram.com&amp;edm=ANo9K5cEAAAA&amp;oh=00_AfCN4VTqFT3POqXdPsHyVKEAxVZMwpX5b3Hri_kl2dn7Tw&amp;oe=65289EE4&quot;,&quot;320&quot;:&quot;https:\\\/\\\/scontent-gru1-2.cdninstagram.com\\\/v\\\/t51.29350-15\\\/299987740_556453059560976_1417799813575764222_n.jpg?_nc_cat=102&amp;ccb=1-7&amp;_nc_sid=8ae9d6&amp;_nc_ohc=eioI3M-XHFwAX9zZ-Gb&amp;_nc_ht=scontent-gru1-2.cdninstagram.com&amp;edm=ANo9K5cEAAAA&amp;oh=00_AfCN4VTqFT3POqXdPsHyVKEAxVZMwpX5b3Hri_kl2dn7Tw&amp;oe=65289EE4&quot;,&quot;640&quot;:&quot;https:\\\/\\\/scontent-gru1-2.cdninstagram.com\\\/v\\\/t51.29350-15\\\/299987740_556453059560976_1417799813575764222_n.jpg?_nc_cat=102&amp;ccb=1-7&amp;_nc_sid=8ae9d6&amp;_nc_ohc=eioI3M-XHFwAX9zZ-Gb&amp;_nc_ht=scontent-gru1-2.cdninstagram.com&amp;edm=ANo9K5cEAAAA&amp;oh=00_AfCN4VTqFT3POqXdPsHyVKEAxVZMwpX5b3Hri_kl2dn7Tw&amp;oe=65289EE4&quot;}\">\r\n            <span class=\"sbi-screenreader\">Um s\u00e1bado de sol em nosso inverno \u2764\ufe0f<\/span>\r\n            <svg class=\"svg-inline--fa fa-clone fa-w-16 sbi_lightbox_carousel_icon\" aria-hidden=\"true\" aria-label=\"Clone\" data-fa-pro\u0192cessed=\"\" data-prefix=\"far\" data-icon=\"clone\" role=\"img\" xmlns=\"http:\/\/www.w3.org\/2000\/svg\" viewBox=\"0 0 512 512\">\n\t                <path fill=\"currentColor\" d=\"M464 0H144c-26.51 0-48 21.49-48 48v48H48c-26.51 0-48 21.49-48 48v320c0 26.51 21.49 48 48 48h320c26.51 0 48-21.49 48-48v-48h48c26.51 0 48-21.49 48-48V48c0-26.51-21.49-48-48-48zM362 464H54a6 6 0 0 1-6-6V150a6 6 0 0 1 6-6h42v224c0 26.51 21.49 48 48 48h224v42a6 6 0 0 1-6 6zm96-96H150a6 6 0 0 1-6-6V54a6 6 0 0 1 6-6h308a6 6 0 0 1 6 6v308a6 6 0 0 1-6 6z\"><\/path>\n\t            <\/svg>\t                    <img src=\"https:\/\/www.praiadaferrugem.net\/aluguel\/wp-content\/plugins\/instagram-feed\/img\/placeholder.png\" alt=\"Um s\u00e1bado de sol em nosso inverno \u2764\ufe0f\">\r\n        <\/a>\r\n    <\/div>\r\n<\/div><div class=\"sbi_item sbi_type_image sbi_new sbi_transition\" id=\"sbi_17847183515803983\" data-date=\"1658293630\">\r\n    <div class=\"sbi_photo_wrap\">\r\n        <a class=\"sbi_photo\" href=\"https:\/\/www.instagram.com\/p\/CgN3uobujG4\/\" target=\"_blank\" rel=\"noopener nofollow\" data-full-res=\"https:\/\/scontent-gru1-2.cdninstagram.com\/v\/t51.29350-15\/294591269_611821226902666_7991060942033452189_n.jpg?_nc_cat=107&#038;ccb=1-7&#038;_nc_sid=8ae9d6&#038;_nc_ohc=MnLjFu1XA7MAX8cWQsN&#038;_nc_ht=scontent-gru1-2.cdninstagram.com&#038;edm=ANo9K5cEAAAA&#038;oh=00_AfBpPAbLFHVPxvlyDmuer4pHQ7n6NQVreWWmQXQOHpR24Q&#038;oe=6529EB25\" data-img-src-set=\"{&quot;d&quot;:&quot;https:\\\/\\\/scontent-gru1-2.cdninstagram.com\\\/v\\\/t51.29350-15\\\/294591269_611821226902666_7991060942033452189_n.jpg?_nc_cat=107&amp;ccb=1-7&amp;_nc_sid=8ae9d6&amp;_nc_ohc=MnLjFu1XA7MAX8cWQsN&amp;_nc_ht=scontent-gru1-2.cdninstagram.com&amp;edm=ANo9K5cEAAAA&amp;oh=00_AfBpPAbLFHVPxvlyDmuer4pHQ7n6NQVreWWmQXQOHpR24Q&amp;oe=6529EB25&quot;,&quot;150&quot;:&quot;https:\\\/\\\/scontent-gru1-2.cdninstagram.com\\\/v\\\/t51.29350-15\\\/294591269_611821226902666_7991060942033452189_n.jpg?_nc_cat=107&amp;ccb=1-7&amp;_nc_sid=8ae9d6&amp;_nc_ohc=MnLjFu1XA7MAX8cWQsN&amp;_nc_ht=scontent-gru1-2.cdninstagram.com&amp;edm=ANo9K5cEAAAA&amp;oh=00_AfBpPAbLFHVPxvlyDmuer4pHQ7n6NQVreWWmQXQOHpR24Q&amp;oe=6529EB25&quot;,&quot;320&quot;:&quot;https:\\\/\\\/scontent-gru1-2.cdninstagram.com\\\/v\\\/t51.29350-15\\\/294591269_611821226902666_7991060942033452189_n.jpg?_nc_cat=107&amp;ccb=1-7&amp;_nc_sid=8ae9d6&amp;_nc_ohc=MnLjFu1XA7MAX8cWQsN&amp;_nc_ht=scontent-gru1-2.cdninstagram.com&amp;edm=ANo9K5cEAAAA&amp;oh=00_AfBpPAbLFHVPxvlyDmuer4pHQ7n6NQVreWWmQXQOHpR24Q&amp;oe=6529EB25&quot;,&quot;640&quot;:&quot;https:\\\/\\\/scontent-gru1-2.cdninstagram.com\\\/v\\\/t51.29350-15\\\/294591269_611821226902666_7991060942033452189_n.jpg?_nc_cat=107&amp;ccb=1-7&amp;_nc_sid=8ae9d6&amp;_nc_ohc=MnLjFu1XA7MAX8cWQsN&amp;_nc_ht=scontent-gru1-2.cdninstagram.com&amp;edm=ANo9K5cEAAAA&amp;oh=00_AfBpPAbLFHVPxvlyDmuer4pHQ7n6NQVreWWmQXQOHpR24Q&amp;oe=6529EB25&quot;}\">\r\n            <span class=\"sbi-screenreader\">Lagoa Encantada pura magia!<\/span>\r\n            \t                    <img src=\"https:\/\/www.praiadaferrugem.net\/aluguel\/wp-content\/plugins\/instagram-feed\/img\/placeholder.png\" alt=\"Lagoa Encantada pura magia!\">\r\n        <\/a>\r\n    <\/div>\r\n<\/div><div class=\"sbi_item sbi_type_image sbi_new sbi_transition\" id=\"sbi_18300874519032599\" data-date=\"1653182959\">\r\n    <div class=\"sbi_photo_wrap\">\r\n        <a class=\"sbi_photo\" href=\"https:\/\/www.instagram.com\/p\/Cd1j5ZdOZSj\/\" target=\"_blank\" rel=\"noopener nofollow\" data-full-res=\"https:\/\/scontent-gru1-2.cdninstagram.com\/v\/t51.29350-15\/282859953_545619557229861_1991768333553259645_n.webp?stp=dst-jpg&#038;_nc_cat=101&#038;ccb=1-7&#038;_nc_sid=8ae9d6&#038;_nc_ohc=6ewMRtmIeLoAX-USrHV&#038;_nc_ht=scontent-gru1-2.cdninstagram.com&#038;edm=ANo9K5cEAAAA&#038;oh=00_AfBF9ThotZ7ln6dm2jj7FvY1A9G8WBYuHbaOMVhtAkDBuw&#038;oe=652A2078\" data-img-src-set=\"{&quot;d&quot;:&quot;https:\\\/\\\/scontent-gru1-2.cdninstagram.com\\\/v\\\/t51.29350-15\\\/282859953_545619557229861_1991768333553259645_n.webp?stp=dst-jpg&amp;_nc_cat=101&amp;ccb=1-7&amp;_nc_sid=8ae9d6&amp;_nc_ohc=6ewMRtmIeLoAX-USrHV&amp;_nc_ht=scontent-gru1-2.cdninstagram.com&amp;edm=ANo9K5cEAAAA&amp;oh=00_AfBF9ThotZ7ln6dm2jj7FvY1A9G8WBYuHbaOMVhtAkDBuw&amp;oe=652A2078&quot;,&quot;150&quot;:&quot;https:\\\/\\\/scontent-gru1-2.cdninstagram.com\\\/v\\\/t51.29350-15\\\/282859953_545619557229861_1991768333553259645_n.webp?stp=dst-jpg&amp;_nc_cat=101&amp;ccb=1-7&amp;_nc_sid=8ae9d6&amp;_nc_ohc=6ewMRtmIeLoAX-USrHV&amp;_nc_ht=scontent-gru1-2.cdninstagram.com&amp;edm=ANo9K5cEAAAA&amp;oh=00_AfBF9ThotZ7ln6dm2jj7FvY1A9G8WBYuHbaOMVhtAkDBuw&amp;oe=652A2078&quot;,&quot;320&quot;:&quot;https:\\\/\\\/scontent-gru1-2.cdninstagram.com\\\/v\\\/t51.29350-15\\\/282859953_545619557229861_1991768333553259645_n.webp?stp=dst-jpg&amp;_nc_cat=101&amp;ccb=1-7&amp;_nc_sid=8ae9d6&amp;_nc_ohc=6ewMRtmIeLoAX-USrHV&amp;_nc_ht=scontent-gru1-2.cdninstagram.com&amp;edm=ANo9K5cEAAAA&amp;oh=00_AfBF9ThotZ7ln6dm2jj7FvY1A9G8WBYuHbaOMVhtAkDBuw&amp;oe=652A2078&quot;,&quot;640&quot;:&quot;https:\\\/\\\/scontent-gru1-2.cdninstagram.com\\\/v\\\/t51.29350-15\\\/282859953_545619557229861_1991768333553259645_n.webp?stp=dst-jpg&amp;_nc_cat=101&amp;ccb=1-7&amp;_nc_sid=8ae9d6&amp;_nc_ohc=6ewMRtmIeLoAX-USrHV&amp;_nc_ht=scontent-gru1-2.cdninstagram.com&amp;edm=ANo9K5cEAAAA&amp;oh=00_AfBF9ThotZ7ln6dm2jj7FvY1A9G8WBYuHbaOMVhtAkDBuw&amp;oe=652A2078&quot;}\">\r\n            <span class=\"sbi-screenreader\">Praia da Ferrugem, a melhor vibe\u2600\ufe0f\ud83c\udf0a\ud83d\udc0b\ud83c\udfc4<\/span>\r\n            \t                    <img src=\"https:\/\/www.praiadaferrugem.net\/aluguel\/wp-content\/plugins\/instagram-feed\/img\/placeholder.png\" alt=\"Praia da Ferrugem, a melhor vibe\u2600\ufe0f\ud83c\udf0a\ud83d\udc0b\ud83c\udfc4\">\r\n        <\/a>\r\n    <\/div>\r\n<\/div><div class=\"sbi_item sbi_type_image sbi_new sbi_transition\" id=\"sbi_17923065596111441\" data-date=\"1648190419\">\r\n    <div class=\"sbi_photo_wrap\">\r\n        <a class=\"sbi_photo\" href=\"https:\/\/www.instagram.com\/p\/CbgxYa9MEKm\/\" target=\"_blank\" rel=\"noopener nofollow\" data-full-res=\"https:\/\/scontent-gru1-2.cdninstagram.com\/v\/t51.29350-15\/277078264_3109626642626154_579831720758731779_n.webp?stp=dst-jpg&#038;_nc_cat=100&#038;ccb=1-7&#038;_nc_sid=8ae9d6&#038;_nc_ohc=b3WlpDia6NUAX-SCVqt&#038;_nc_ht=scontent-gru1-2.cdninstagram.com&#038;edm=ANo9K5cEAAAA&#038;oh=00_AfBg8uvX8oQZnOWh7XkXdpz5WZGnJCig7i-MxpQL1J2b3A&#038;oe=6528746D\" data-img-src-set=\"{&quot;d&quot;:&quot;https:\\\/\\\/scontent-gru1-2.cdninstagram.com\\\/v\\\/t51.29350-15\\\/277078264_3109626642626154_579831720758731779_n.webp?stp=dst-jpg&amp;_nc_cat=100&amp;ccb=1-7&amp;_nc_sid=8ae9d6&amp;_nc_ohc=b3WlpDia6NUAX-SCVqt&amp;_nc_ht=scontent-gru1-2.cdninstagram.com&amp;edm=ANo9K5cEAAAA&amp;oh=00_AfBg8uvX8oQZnOWh7XkXdpz5WZGnJCig7i-MxpQL1J2b3A&amp;oe=6528746D&quot;,&quot;150&quot;:&quot;https:\\\/\\\/scontent-gru1-2.cdninstagram.com\\\/v\\\/t51.29350-15\\\/277078264_3109626642626154_579831720758731779_n.webp?stp=dst-jpg&amp;_nc_cat=100&amp;ccb=1-7&amp;_nc_sid=8ae9d6&amp;_nc_ohc=b3WlpDia6NUAX-SCVqt&amp;_nc_ht=scontent-gru1-2.cdninstagram.com&amp;edm=ANo9K5cEAAAA&amp;oh=00_AfBg8uvX8oQZnOWh7XkXdpz5WZGnJCig7i-MxpQL1J2b3A&amp;oe=6528746D&quot;,&quot;320&quot;:&quot;https:\\\/\\\/scontent-gru1-2.cdninstagram.com\\\/v\\\/t51.29350-15\\\/277078264_3109626642626154_579831720758731779_n.webp?stp=dst-jpg&amp;_nc_cat=100&amp;ccb=1-7&amp;_nc_sid=8ae9d6&amp;_nc_ohc=b3WlpDia6NUAX-SCVqt&amp;_nc_ht=scontent-gru1-2.cdninstagram.com&amp;edm=ANo9K5cEAAAA&amp;oh=00_AfBg8uvX8oQZnOWh7XkXdpz5WZGnJCig7i-MxpQL1J2b3A&amp;oe=6528746D&quot;,&quot;640&quot;:&quot;https:\\\/\\\/scontent-gru1-2.cdninstagram.com\\\/v\\\/t51.29350-15\\\/277078264_3109626642626154_579831720758731779_n.webp?stp=dst-jpg&amp;_nc_cat=100&amp;ccb=1-7&amp;_nc_sid=8ae9d6&amp;_nc_ohc=b3WlpDia6NUAX-SCVqt&amp;_nc_ht=scontent-gru1-2.cdninstagram.com&amp;edm=ANo9K5cEAAAA&amp;oh=00_AfBg8uvX8oQZnOWh7XkXdpz5WZGnJCig7i-MxpQL1J2b3A&amp;oe=6528746D&quot;}\">\r\n            <span class=\"sbi-screenreader\">Pousada Canoa Azul!\n\ud83d\udcaf\ud83c\udfc4\ud83d\udc63\ud83c\udf0a\u2600\ufe0f\ud83c\udf79\ud83c\udfd6<\/span>\r\n            \t                    <img src=\"https:\/\/www.praiadaferrugem.net\/aluguel\/wp-content\/plugins\/instagram-feed\/img\/placeholder.png\" alt=\"Pousada Canoa Azul!\n\ud83d\udcaf\ud83c\udfc4\ud83d\udc63\ud83c\udf0a\u2600\ufe0f\ud83c\udf79\ud83c\udfd6\ufe0f\n#praia #praiadaferrugem #garopaba #sc #flrorianapolis #floripa #tubarao #surf #paraiso #ferrugembeach #bardozado #praiadorosa #rosabeach #rosa #pitaya #carnaferrugem #reveillon #feriado #p\u00e1scoa #mar #sol #natureza #lifestyle #alquilerbrasil #brazil\">\r\n        <\/a>\r\n    <\/div>\r\n<\/div><div class=\"sbi_item sbi_type_image sbi_new sbi_transition\" id=\"sbi_17857525106718790\" data-date=\"1648190331\">\r\n    <div class=\"sbi_photo_wrap\">\r\n        <a class=\"sbi_photo\" href=\"https:\/\/www.instagram.com\/p\/CbgxNwHstUa\/\" target=\"_blank\" rel=\"noopener nofollow\" data-full-res=\"https:\/\/scontent-gru1-2.cdninstagram.com\/v\/t51.29350-15\/277375104_640751857014543_1057670751163108497_n.webp?stp=dst-jpg&#038;_nc_cat=101&#038;ccb=1-7&#038;_nc_sid=8ae9d6&#038;_nc_ohc=nNYRhsqKZ3cAX9Ry1iC&#038;_nc_ht=scontent-gru1-2.cdninstagram.com&#038;edm=ANo9K5cEAAAA&#038;oh=00_AfDPSvI-9GlD4Qu68xY0RQTwZUyZ11OyZn4CRwEoo7LGmQ&#038;oe=6529F45E\" data-img-src-set=\"{&quot;d&quot;:&quot;https:\\\/\\\/scontent-gru1-2.cdninstagram.com\\\/v\\\/t51.29350-15\\\/277375104_640751857014543_1057670751163108497_n.webp?stp=dst-jpg&amp;_nc_cat=101&amp;ccb=1-7&amp;_nc_sid=8ae9d6&amp;_nc_ohc=nNYRhsqKZ3cAX9Ry1iC&amp;_nc_ht=scontent-gru1-2.cdninstagram.com&amp;edm=ANo9K5cEAAAA&amp;oh=00_AfDPSvI-9GlD4Qu68xY0RQTwZUyZ11OyZn4CRwEoo7LGmQ&amp;oe=6529F45E&quot;,&quot;150&quot;:&quot;https:\\\/\\\/scontent-gru1-2.cdninstagram.com\\\/v\\\/t51.29350-15\\\/277375104_640751857014543_1057670751163108497_n.webp?stp=dst-jpg&amp;_nc_cat=101&amp;ccb=1-7&amp;_nc_sid=8ae9d6&amp;_nc_ohc=nNYRhsqKZ3cAX9Ry1iC&amp;_nc_ht=scontent-gru1-2.cdninstagram.com&amp;edm=ANo9K5cEAAAA&amp;oh=00_AfDPSvI-9GlD4Qu68xY0RQTwZUyZ11OyZn4CRwEoo7LGmQ&amp;oe=6529F45E&quot;,&quot;320&quot;:&quot;https:\\\/\\\/scontent-gru1-2.cdninstagram.com\\\/v\\\/t51.29350-15\\\/277375104_640751857014543_1057670751163108497_n.webp?stp=dst-jpg&amp;_nc_cat=101&amp;ccb=1-7&amp;_nc_sid=8ae9d6&amp;_nc_ohc=nNYRhsqKZ3cAX9Ry1iC&amp;_nc_ht=scontent-gru1-2.cdninstagram.com&amp;edm=ANo9K5cEAAAA&amp;oh=00_AfDPSvI-9GlD4Qu68xY0RQTwZUyZ11OyZn4CRwEoo7LGmQ&amp;oe=6529F45E&quot;,&quot;640&quot;:&quot;https:\\\/\\\/scontent-gru1-2.cdninstagram.com\\\/v\\\/t51.29350-15\\\/277375104_640751857014543_1057670751163108497_n.webp?stp=dst-jpg&amp;_nc_cat=101&amp;ccb=1-7&amp;_nc_sid=8ae9d6&amp;_nc_ohc=nNYRhsqKZ3cAX9Ry1iC&amp;_nc_ht=scontent-gru1-2.cdninstagram.com&amp;edm=ANo9K5cEAAAA&amp;oh=00_AfDPSvI-9GlD4Qu68xY0RQTwZUyZ11OyZn4CRwEoo7LGmQ&amp;oe=6529F45E&quot;}\">\r\n            <span class=\"sbi-screenreader\">\ud83d\udcaf\ud83c\udfc4\ud83d\udc63\ud83c\udf0a\u2600\ufe0f\ud83c\udf79\ud83c\udfd6\ufe0f\n#praia #praiadaf<\/span>\r\n            \t                    <img src=\"https:\/\/www.praiadaferrugem.net\/aluguel\/wp-content\/plugins\/instagram-feed\/img\/placeholder.png\" alt=\"\ud83d\udcaf\ud83c\udfc4\ud83d\udc63\ud83c\udf0a\u2600\ufe0f\ud83c\udf79\ud83c\udfd6\ufe0f\n#praia #praiadaferrugem #garopaba #sc #flrorianapolis #floripa #tubarao #surf #paraiso #ferrugembeach #bardozado #praiadorosa #rosabeach #rosa #pitaya #carnaferrugem #reveillon #feriado #pascoa2022 #mar #sol #natureza #lifestyle #alquilerbrasil #brazil\">\r\n        <\/a>\r\n    <\/div>\r\n<\/div><div class=\"sbi_item sbi_type_image sbi_new sbi_transition\" id=\"sbi_17901213749484318\" data-date=\"1648190250\">\r\n    <div class=\"sbi_photo_wrap\">\r\n        <a class=\"sbi_photo\" href=\"https:\/\/www.instagram.com\/p\/CbgxDxfsjLA\/\" target=\"_blank\" rel=\"noopener nofollow\" data-full-res=\"https:\/\/scontent-gru1-2.cdninstagram.com\/v\/t51.29350-15\/277177565_293109306230732_4933405336831142145_n.webp?stp=dst-jpg&#038;_nc_cat=101&#038;ccb=1-7&#038;_nc_sid=8ae9d6&#038;_nc_ohc=zZeOaOzD_UgAX_IOQMn&#038;_nc_ht=scontent-gru1-2.cdninstagram.com&#038;edm=ANo9K5cEAAAA&#038;oh=00_AfBPGrph9wEynCaVW8Q3FcCJcGIRb8h3dxU_Mp9WDKEmVQ&#038;oe=6529B2B4\" data-img-src-set=\"{&quot;d&quot;:&quot;https:\\\/\\\/scontent-gru1-2.cdninstagram.com\\\/v\\\/t51.29350-15\\\/277177565_293109306230732_4933405336831142145_n.webp?stp=dst-jpg&amp;_nc_cat=101&amp;ccb=1-7&amp;_nc_sid=8ae9d6&amp;_nc_ohc=zZeOaOzD_UgAX_IOQMn&amp;_nc_ht=scontent-gru1-2.cdninstagram.com&amp;edm=ANo9K5cEAAAA&amp;oh=00_AfBPGrph9wEynCaVW8Q3FcCJcGIRb8h3dxU_Mp9WDKEmVQ&amp;oe=6529B2B4&quot;,&quot;150&quot;:&quot;https:\\\/\\\/scontent-gru1-2.cdninstagram.com\\\/v\\\/t51.29350-15\\\/277177565_293109306230732_4933405336831142145_n.webp?stp=dst-jpg&amp;_nc_cat=101&amp;ccb=1-7&amp;_nc_sid=8ae9d6&amp;_nc_ohc=zZeOaOzD_UgAX_IOQMn&amp;_nc_ht=scontent-gru1-2.cdninstagram.com&amp;edm=ANo9K5cEAAAA&amp;oh=00_AfBPGrph9wEynCaVW8Q3FcCJcGIRb8h3dxU_Mp9WDKEmVQ&amp;oe=6529B2B4&quot;,&quot;320&quot;:&quot;https:\\\/\\\/scontent-gru1-2.cdninstagram.com\\\/v\\\/t51.29350-15\\\/277177565_293109306230732_4933405336831142145_n.webp?stp=dst-jpg&amp;_nc_cat=101&amp;ccb=1-7&amp;_nc_sid=8ae9d6&amp;_nc_ohc=zZeOaOzD_UgAX_IOQMn&amp;_nc_ht=scontent-gru1-2.cdninstagram.com&amp;edm=ANo9K5cEAAAA&amp;oh=00_AfBPGrph9wEynCaVW8Q3FcCJcGIRb8h3dxU_Mp9WDKEmVQ&amp;oe=6529B2B4&quot;,&quot;640&quot;:&quot;https:\\\/\\\/scontent-gru1-2.cdninstagram.com\\\/v\\\/t51.29350-15\\\/277177565_293109306230732_4933405336831142145_n.webp?stp=dst-jpg&amp;_nc_cat=101&amp;ccb=1-7&amp;_nc_sid=8ae9d6&amp;_nc_ohc=zZeOaOzD_UgAX_IOQMn&amp;_nc_ht=scontent-gru1-2.cdninstagram.com&amp;edm=ANo9K5cEAAAA&amp;oh=00_AfBPGrph9wEynCaVW8Q3FcCJcGIRb8h3dxU_Mp9WDKEmVQ&amp;oe=6529B2B4&quot;}\">\r\n            <span class=\"sbi-screenreader\">\ud83d\udcaf\ud83c\udfc4\ud83d\udc63\ud83c\udf0a\u2600\ufe0f\ud83c\udf79\ud83c\udfd6\ufe0f\n#praia #praiadaf<\/span>\r\n            \t                    <img src=\"https:\/\/www.praiadaferrugem.net\/aluguel\/wp-content\/plugins\/instagram-feed\/img\/placeholder.png\" alt=\"\ud83d\udcaf\ud83c\udfc4\ud83d\udc63\ud83c\udf0a\u2600\ufe0f\ud83c\udf79\ud83c\udfd6\ufe0f\n#praia #praiadaferrugem #garopaba #sc #flrorianapolis #floripa #tubarao #surf #paraiso #ferrugembeach #bardozado #praiadorosa #rosabeach #rosa #pitaya #carnaferrugem #reveillon #feriado #pascoa2022 #mar #sol #natureza #lifestyle #alquilerbrasil #brazil\">\r\n        <\/a>\r\n    <\/div>\r\n<\/div><div class=\"sbi_item sbi_type_image sbi_new sbi_transition\" id=\"sbi_18026933560319152\" data-date=\"1635010179\">\r\n    <div class=\"sbi_photo_wrap\">\r\n        <a class=\"sbi_photo\" href=\"https:\/\/www.instagram.com\/p\/CVX-EfjrTy4\/\" target=\"_blank\" rel=\"noopener nofollow\" data-full-res=\"https:\/\/scontent-gru1-2.cdninstagram.com\/v\/t51.29350-15\/247701350_409257770649395_6444818684228523754_n.jpg?_nc_cat=104&#038;ccb=1-7&#038;_nc_sid=8ae9d6&#038;_nc_ohc=DURy6iCnwhgAX8yQOg3&#038;_nc_ht=scontent-gru1-2.cdninstagram.com&#038;edm=ANo9K5cEAAAA&#038;oh=00_AfDrntR5JRBv0BX4IeB_a7WxXYYT12BkCcAM6Q2_3Y9nxQ&#038;oe=6529C04D\" data-img-src-set=\"{&quot;d&quot;:&quot;https:\\\/\\\/scontent-gru1-2.cdninstagram.com\\\/v\\\/t51.29350-15\\\/247701350_409257770649395_6444818684228523754_n.jpg?_nc_cat=104&amp;ccb=1-7&amp;_nc_sid=8ae9d6&amp;_nc_ohc=DURy6iCnwhgAX8yQOg3&amp;_nc_ht=scontent-gru1-2.cdninstagram.com&amp;edm=ANo9K5cEAAAA&amp;oh=00_AfDrntR5JRBv0BX4IeB_a7WxXYYT12BkCcAM6Q2_3Y9nxQ&amp;oe=6529C04D&quot;,&quot;150&quot;:&quot;https:\\\/\\\/scontent-gru1-2.cdninstagram.com\\\/v\\\/t51.29350-15\\\/247701350_409257770649395_6444818684228523754_n.jpg?_nc_cat=104&amp;ccb=1-7&amp;_nc_sid=8ae9d6&amp;_nc_ohc=DURy6iCnwhgAX8yQOg3&amp;_nc_ht=scontent-gru1-2.cdninstagram.com&amp;edm=ANo9K5cEAAAA&amp;oh=00_AfDrntR5JRBv0BX4IeB_a7WxXYYT12BkCcAM6Q2_3Y9nxQ&amp;oe=6529C04D&quot;,&quot;320&quot;:&quot;https:\\\/\\\/scontent-gru1-2.cdninstagram.com\\\/v\\\/t51.29350-15\\\/247701350_409257770649395_6444818684228523754_n.jpg?_nc_cat=104&amp;ccb=1-7&amp;_nc_sid=8ae9d6&amp;_nc_ohc=DURy6iCnwhgAX8yQOg3&amp;_nc_ht=scontent-gru1-2.cdninstagram.com&amp;edm=ANo9K5cEAAAA&amp;oh=00_AfDrntR5JRBv0BX4IeB_a7WxXYYT12BkCcAM6Q2_3Y9nxQ&amp;oe=6529C04D&quot;,&quot;640&quot;:&quot;https:\\\/\\\/scontent-gru1-2.cdninstagram.com\\\/v\\\/t51.29350-15\\\/247701350_409257770649395_6444818684228523754_n.jpg?_nc_cat=104&amp;ccb=1-7&amp;_nc_sid=8ae9d6&amp;_nc_ohc=DURy6iCnwhgAX8yQOg3&amp;_nc_ht=scontent-gru1-2.cdninstagram.com&amp;edm=ANo9K5cEAAAA&amp;oh=00_AfDrntR5JRBv0BX4IeB_a7WxXYYT12BkCcAM6Q2_3Y9nxQ&amp;oe=6529C04D&quot;}\">\r\n            <span class=\"sbi-screenreader\">Praia da Ferrugem, praia de surfistas, praia de ba<\/span>\r\n            \t                    <img src=\"https:\/\/www.praiadaferrugem.net\/aluguel\/wp-content\/plugins\/instagram-feed\/img\/placeholder.png\" alt=\"Praia da Ferrugem, praia de surfistas, praia de banhistas, muitas trilhas, natureza, encantos.\n\n\ud83d\udcaf\ud83c\udfc4\ud83d\udc63\ud83c\udf0a\u2600\ufe0f\ud83c\udf79\ud83c\udfd6\ufe0f\n#praia #praiadaferrugem #garopaba #sc #flrorianapolis #floripa #tubarao #surf #paraiso #ferrugembeach #bardozado #praiadorosa #rosabeach #rosa #pitaya #carnaferrugem #reveillon #feriado #f\u00e9rias #mar #sol #natureza #lifestyle #alquilerbrasil #brazil\">\r\n        <\/a>\r\n    <\/div>\r\n<\/div><div class=\"sbi_item sbi_type_image sbi_new sbi_transition\" id=\"sbi_17893305356456231\" data-date=\"1635010012\">\r\n    <div class=\"sbi_photo_wrap\">\r\n        <a class=\"sbi_photo\" href=\"https:\/\/www.instagram.com\/p\/CVX9wHNLrie\/\" target=\"_blank\" rel=\"noopener nofollow\" data-full-res=\"https:\/\/scontent-gru1-2.cdninstagram.com\/v\/t51.29350-15\/247348601_119600923815073_3701375663067767003_n.jpg?_nc_cat=102&#038;ccb=1-7&#038;_nc_sid=8ae9d6&#038;_nc_ohc=0x2ZCgOetX8AX9HY7Dy&#038;_nc_ht=scontent-gru1-2.cdninstagram.com&#038;edm=ANo9K5cEAAAA&#038;oh=00_AfABQGZZCU59Dt8tJW9_fTw05VS3d3zMx6WRkb_d3wHONQ&#038;oe=652A399B\" data-img-src-set=\"{&quot;d&quot;:&quot;https:\\\/\\\/scontent-gru1-2.cdninstagram.com\\\/v\\\/t51.29350-15\\\/247348601_119600923815073_3701375663067767003_n.jpg?_nc_cat=102&amp;ccb=1-7&amp;_nc_sid=8ae9d6&amp;_nc_ohc=0x2ZCgOetX8AX9HY7Dy&amp;_nc_ht=scontent-gru1-2.cdninstagram.com&amp;edm=ANo9K5cEAAAA&amp;oh=00_AfABQGZZCU59Dt8tJW9_fTw05VS3d3zMx6WRkb_d3wHONQ&amp;oe=652A399B&quot;,&quot;150&quot;:&quot;https:\\\/\\\/scontent-gru1-2.cdninstagram.com\\\/v\\\/t51.29350-15\\\/247348601_119600923815073_3701375663067767003_n.jpg?_nc_cat=102&amp;ccb=1-7&amp;_nc_sid=8ae9d6&amp;_nc_ohc=0x2ZCgOetX8AX9HY7Dy&amp;_nc_ht=scontent-gru1-2.cdninstagram.com&amp;edm=ANo9K5cEAAAA&amp;oh=00_AfABQGZZCU59Dt8tJW9_fTw05VS3d3zMx6WRkb_d3wHONQ&amp;oe=652A399B&quot;,&quot;320&quot;:&quot;https:\\\/\\\/scontent-gru1-2.cdninstagram.com\\\/v\\\/t51.29350-15\\\/247348601_119600923815073_3701375663067767003_n.jpg?_nc_cat=102&amp;ccb=1-7&amp;_nc_sid=8ae9d6&amp;_nc_ohc=0x2ZCgOetX8AX9HY7Dy&amp;_nc_ht=scontent-gru1-2.cdninstagram.com&amp;edm=ANo9K5cEAAAA&amp;oh=00_AfABQGZZCU59Dt8tJW9_fTw05VS3d3zMx6WRkb_d3wHONQ&amp;oe=652A399B&quot;,&quot;640&quot;:&quot;https:\\\/\\\/scontent-gru1-2.cdninstagram.com\\\/v\\\/t51.29350-15\\\/247348601_119600923815073_3701375663067767003_n.jpg?_nc_cat=102&amp;ccb=1-7&amp;_nc_sid=8ae9d6&amp;_nc_ohc=0x2ZCgOetX8AX9HY7Dy&amp;_nc_ht=scontent-gru1-2.cdninstagram.com&amp;edm=ANo9K5cEAAAA&amp;oh=00_AfABQGZZCU59Dt8tJW9_fTw05VS3d3zMx6WRkb_d3wHONQ&amp;oe=652A399B&quot;}\">\r\n            <span class=\"sbi-screenreader\">Que tal tirar suas f\u00e9rias com essa vista para o m<\/span>\r\n            \t                    <img src=\"https:\/\/www.praiadaferrugem.net\/aluguel\/wp-content\/plugins\/instagram-feed\/img\/placeholder.png\" alt=\"Que tal tirar suas f\u00e9rias com essa vista para o mar na Praia da Ferrugem?\n\n\ud83d\udcaf\ud83c\udfc4\ud83d\udc63\ud83c\udf0a\u2600\ufe0f\ud83c\udf79\ud83c\udfd6\ufe0f\n#praia #praiadaferrugem #garopaba #sc #flrorianapolis #floripa #tubarao #surf #paraiso #ferrugembeach #bardozado #praiadorosa #rosabeach #rosa #pitaya #carnaferrugem #reveillon #feriado #natal #mar #sol #natureza #lifestyle #alquilerbrasil #brazil\">\r\n        <\/a>\r\n    <\/div>\r\n<\/div>    <\/div>\r\n\r\n\t<div id=\"sbi_load\" >\r\n\r\n\t\t\t<a class=\"sbi_load_btn\" href=\"javascript:void(0);\">\r\n\t\t\t<span class=\"sbi_btn_text\">Ver mais<\/span>\r\n\t\t\t<span class=\"sbi_loader sbi_hidden\" style=\"background-color: rgb(255, 255, 255);\" aria-hidden=\"true\"><\/span>\r\n\t\t<\/a>\r\n\t\r\n\t\t\t<span class=\"sbi_follow_btn sbi_custom\">\r\n        <a href=\"https:\/\/www.instagram.com\/aluguelferrugem\/\" style=\"background: rgb(64,139,209);\" target=\"_blank\" rel=\"nofollow noopener\">\r\n            <svg class=\"svg-inline--fa fa-instagram fa-w-14\" aria-hidden=\"true\" data-fa-processed=\"\" aria-label=\"Instagram\" data-prefix=\"fab\" data-icon=\"instagram\" role=\"img\" viewBox=\"0 0 448 512\">\n\t                <path fill=\"currentColor\" d=\"M224.1 141c-63.6 0-114.9 51.3-114.9 114.9s51.3 114.9 114.9 114.9S339 319.5 339 255.9 287.7 141 224.1 141zm0 189.6c-41.1 0-74.7-33.5-74.7-74.7s33.5-74.7 74.7-74.7 74.7 33.5 74.7 74.7-33.6 74.7-74.7 74.7zm146.4-194.3c0 14.9-12 26.8-26.8 26.8-14.9 0-26.8-12-26.8-26.8s12-26.8 26.8-26.8 26.8 12 26.8 26.8zm76.1 27.2c-1.7-35.9-9.9-67.7-36.2-93.9-26.2-26.2-58-34.4-93.9-36.2-37-2.1-147.9-2.1-184.9 0-35.8 1.7-67.6 9.9-93.9 36.1s-34.4 58-36.2 93.9c-2.1 37-2.1 147.9 0 184.9 1.7 35.9 9.9 67.7 36.2 93.9s58 34.4 93.9 36.2c37 2.1 147.9 2.1 184.9 0 35.9-1.7 67.7-9.9 93.9-36.2 26.2-26.2 34.4-58 36.2-93.9 2.1-37 2.1-147.8 0-184.8zM398.8 388c-7.8 19.6-22.9 34.7-42.6 42.6-29.5 11.7-99.5 9-132.1 9s-102.7 2.6-132.1-9c-19.6-7.8-34.7-22.9-42.6-42.6-11.7-29.5-9-99.5-9-132.1s-2.6-102.7 9-132.1c7.8-19.6 22.9-34.7 42.6-42.6 29.5-11.7 99.5-9 132.1-9s102.7-2.6 132.1 9c19.6 7.8 34.7 22.9 42.6 42.6 11.7 29.5 9 99.5 9 132.1s2.7 102.7-9 132.1z\"><\/path>\n\t            <\/svg>            <span>SIGA no Instagram<\/span>\r\n        <\/a>\r\n    <\/span>\r\n\t\r\n<\/div>\r\n\r\n\t    <span class=\"sbi_resized_image_data\" data-feed-id=\"*2\" data-resized=\"{&quot;18026933560319152&quot;:{&quot;id&quot;:&quot;247701350_409257770649395_6444818684228523754_n&quot;,&quot;ratio&quot;:&quot;1.00&quot;,&quot;sizes&quot;:{&quot;full&quot;:640,&quot;low&quot;:320}},&quot;17893305356456231&quot;:{&quot;id&quot;:&quot;247348601_119600923815073_3701375663067767003_n&quot;,&quot;ratio&quot;:&quot;1.00&quot;,&quot;sizes&quot;:{&quot;full&quot;:640,&quot;low&quot;:320}},&quot;17923065596111441&quot;:{&quot;id&quot;:&quot;277078264_3109626642626154_579831720758731779_n.webp&quot;,&quot;ratio&quot;:&quot;1.00&quot;,&quot;sizes&quot;:{&quot;full&quot;:640,&quot;low&quot;:320}},&quot;17857525106718790&quot;:{&quot;id&quot;:&quot;277375104_640751857014543_1057670751163108497_n.webp&quot;,&quot;ratio&quot;:&quot;1.00&quot;,&quot;sizes&quot;:{&quot;full&quot;:640,&quot;low&quot;:320}},&quot;17901213749484318&quot;:{&quot;id&quot;:&quot;277177565_293109306230732_4933405336831142145_n.webp&quot;,&quot;ratio&quot;:&quot;1.00&quot;,&quot;sizes&quot;:{&quot;full&quot;:640,&quot;low&quot;:320}},&quot;18300874519032599&quot;:{&quot;id&quot;:&quot;282859953_545619557229861_1991768333553259645_n.webp&quot;,&quot;ratio&quot;:&quot;1.00&quot;,&quot;sizes&quot;:{&quot;full&quot;:640,&quot;low&quot;:320}},&quot;17847183515803983&quot;:{&quot;id&quot;:&quot;294591269_611821226902666_7991060942033452189_n&quot;,&quot;ratio&quot;:&quot;0.80&quot;,&quot;sizes&quot;:{&quot;full&quot;:640,&quot;low&quot;:320}},&quot;17853995834786776&quot;:{&quot;id&quot;:&quot;299987740_556453059560976_1417799813575764222_n&quot;,&quot;ratio&quot;:&quot;0.80&quot;,&quot;sizes&quot;:{&quot;full&quot;:640,&quot;low&quot;:320}},&quot;17956643149877656&quot;:{&quot;id&quot;:&quot;300531593_1233083440567421_5282289626206454482_n&quot;,&quot;ratio&quot;:&quot;0.80&quot;,&quot;sizes&quot;:{&quot;full&quot;:640,&quot;low&quot;:320}},&quot;18019307212419972&quot;:{&quot;id&quot;:&quot;301650819_1007820946561505_953753318353729325_n&quot;,&quot;ratio&quot;:&quot;0.80&quot;,&quot;sizes&quot;:{&quot;full&quot;:640,&quot;low&quot;:320,&quot;thumb&quot;:150}},&quot;17984232881196419&quot;:{&quot;id&quot;:&quot;376268357_813572103777814_2847587007813954653_n&quot;,&quot;ratio&quot;:&quot;0.56&quot;,&quot;sizes&quot;:{&quot;full&quot;:640,&quot;low&quot;:320,&quot;thumb&quot;:150}},&quot;18049023220395219&quot;:{&quot;id&quot;:&quot;332160412_993451081631562_2943619953902357295_n&quot;,&quot;ratio&quot;:&quot;0.56&quot;,&quot;sizes&quot;:{&quot;full&quot;:640,&quot;low&quot;:320,&quot;thumb&quot;:150}}}\">\n\t<\/span>\n\t<\/div>\r\n\r\n[\/vc_column_text]<div class=\"spacer\" style=\"height:15px;\"><\/div>[\/vc_column][\/vc_row][vc_row bg_type=&#8221;bg_color&#8221; seperator_enable=&#8221;seperator_enable_value&#8221; seperator_type=&#8221;triangle_svg_seperator&#8221; seperator_shape_background=&#8221;#0473aa&#8221; bg_color_value=&#8221;#f7f7f7&#8243;][vc_column]<div class=\"spacer\" style=\"height:45px;\"><\/div>[vc_column_text]\n<p style=\"text-align: center;\"><span style=\"color: #000000; font-family: tahoma, arial, helvetica, sans-serif; font-size: 18pt;\"><strong>Clique abaixo e acesse o <span style=\"color: #3366ff;\">SITE OFICIAL<\/span> de nossos estabelecimentos:<\/strong><\/span><\/p>\n[\/vc_column_text][vc_gallery interval=&#8221;5&#8243; images=&#8221;31154,31155,31156&#8243; img_size=&#8221;full&#8221; onclick=&#8221;custom_link&#8221; custom_links_target=&#8221;_blank&#8221; custom_links=&#8221;#E-8_aHR0cHMlM0ElMkYlMkZ3d3cucG91c2FkYWVscGF0aW8uY29tLmJyJTJGc2l0ZSUyQ2h0dHBzJTNBJTJGJTJGd3d3LnBvdXNhZGFjYW5vYWF6dWwuY29tLmJyJTJGc2l0ZSUyQ2h0dHBzJTNBJTJGJTJGd3d3LnBvdXNhZGFiZWxlemFwdXJhLmNvbS5iciUyRg==&#8221;][\/vc_column][\/vc_row][vc_row equal_height=&#8221;yes&#8221; bg_type=&#8221;bg_color&#8221; bg_override=&#8221;ex-full&#8221; seperator_enable=&#8221;seperator_enable_value&#8221; seperator_type=&#8221;triangle_svg_seperator&#8221; seperator_shape_background=&#8221;#f7f7f7&#8243; css=&#8221;.vc_custom_1669823597878{padding-top: 40px !important;padding-right: 5px !important;padding-bottom: 50px !important;padding-left: 5px !important;background-color: #ffffff !important;}&#8221; bg_color_value=&#8221;#eded8b&#8221;][vc_column]<div class=\"spacer\" style=\"height:15px;\"><\/div><div id=\"ultimate-heading-598269f1a742e09b2\" class=\"uvc-heading ult-adjust-bottom-margin ultimate-heading-598269f1a742e09b2 uvc-2244 \" data-hspacer=\"no_spacer\"  data-halign=\"center\" style=\"text-align:center\"><div class=\"uvc-heading-spacer no_spacer\" style=\"top\"><\/div><div class=\"uvc-main-heading ult-responsive\"  data-ultimate-target='.uvc-heading.ultimate-heading-598269f1a742e09b2 h2'  data-responsive-json-new='{\"font-size\":\"\",\"line-height\":\"\"}' ><h2 style=\"font-weight:normal;\">O que fazer pela regi\u00e3o?<\/h2><\/div><div class=\"uvc-sub-heading ult-responsive\"  data-ultimate-target='.uvc-heading.ultimate-heading-598269f1a742e09b2 .uvc-sub-heading '  data-responsive-json-new='{\"font-size\":\"\",\"line-height\":\"\"}'  style=\"font-weight:normal;margin-bottom:10px;\">Veja os principais atrativos locais aqui ou informe-se com nossa equipe!<\/div><\/div><div class=\"spacer\" style=\"height:15px;\"><\/div>[vc_basic_grid post_type=&#8221;post&#8221; max_items=&#8221;-1&#8243; element_width=&#8221;3&#8243; orderby=&#8221;rand&#8221; item=&#8221;18244&#8243; grid_id=&#8221;vc_gid:1757647468306-9deb6886-60f0-6&#8243;][\/vc_column][\/vc_row][vc_row full_width=&#8221;stretch_row_content_no_spaces&#8221; equal_height=&#8221;yes&#8221; bg_type=&#8221;image&#8221; parallax_style=&#8221;vcpb-default&#8221; bg_image_new=&#8221;id^28756|url^http:\/\/www.praiadaferrugem.net\/aluguel\/wp-content\/uploads\/2020\/08\/2.jpg|caption^null|alt^null|title^2|description^null&#8221; bg_image_repeat=&#8221;no-repeat&#8221; bg_img_attach=&#8221;fixed&#8221; parallax_content=&#8221;parallax_content_value&#8221; enable_overlay=&#8221;enable_overlay_value&#8221; overlay_pattern=&#8221;01.png&#8221; overlay_pattern_opacity=&#8221;40&#8243; seperator_enable=&#8221;seperator_enable_value&#8221; seperator_type=&#8221;triangle_svg_seperator&#8221; seperator_shape_background=&#8221;#eded8b&#8221; css=&#8221;.vc_custom_1669824035743{margin-bottom: 0px !important;border-bottom-width: 0px !important;padding-top: 80px !important;padding-bottom: 70px !important;}&#8221;][vc_column width=&#8221;1\/4&#8243;]<div class=\"stats-block stats-left   vc_custom_1669822093159 stat_counter\"><div class=\"aio-icon-left\"><div class=\"ult-just-icon-wrapper   just_icon\"><div class=\"align-icon\" style=\"text-align:center;\"><\/div><\/div><\/div><div class=\"stats-desc\" id=\"counter-responsv-wrap-7514\"><div class=\"counter_prefix mycust ult-responsive\"  data-ultimate-target='#counter-responsv-wrap-7514 .mycust'  data-responsive-json-new='{\"font-size\":\"desktop:25px;\",\"line-height\":\"\"}'  style=\" font-weight:bold;color:#ffdc00\">DESDE<\/div><div id=\"counter_53248475969f1a742e1182\" data-id=\"counter_53248475969f1a742e1182\"  data-ultimate-target='#counter-responsv-wrap-7514 .stats-number'  data-responsive-json-new='{\"font-size\":\"desktop:57px;\",\"line-height\":\"\"}'  class=\"stats-number ult-responsive\" style=\" color:#ffffff; color:#ffdc00;\" data-speed=\"3\" data-counter-value=\"2013\" data-separator=\"none\" data-decimal=\".\">0<\/div><div id=\"counter_53248475969f1a742e1182\"  data-ultimate-target='#counter-responsv-wrap-7514 .stats-text'  data-responsive-json-new='{\"font-size\":\"desktop:18px;\",\"line-height\":\"\"}'  class=\"stats-text ult-responsive\" style=\"font-size:px; color:#ffffff; \">alugando im\u00f3veis para suas f\u00e9rias dos sonhos!<\/div><\/div><\/div>[\/vc_column][vc_column width=&#8221;1\/4&#8243;]<div class=\"stats-block stats-left   stat_counter\"><div class=\"aio-icon-left\"><div class=\"ult-just-icon-wrapper   just_icon\"><div class=\"align-icon\" style=\"text-align:center;\"><\/div><\/div><\/div><div class=\"stats-desc\" id=\"counter-responsv-wrap-9435\"><div class=\"counter_prefix mycust ult-responsive\"  data-ultimate-target='#counter-responsv-wrap-9435 .mycust'  data-responsive-json-new='{\"font-size\":\"desktop:25px;\",\"line-height\":\"\"}'  style=\" font-weight:bold;color:#ffdc00\">APROX.<\/div><div id=\"counter_166708125069f1a742e125a\" data-id=\"counter_166708125069f1a742e125a\"  data-ultimate-target='#counter-responsv-wrap-9435 .stats-number'  data-responsive-json-new='{\"font-size\":\"desktop:57px;\",\"line-height\":\"\"}'  class=\"stats-number ult-responsive\" style=\" color:#ffffff; color:#ffdc00;\" data-speed=\"3\" data-counter-value=\"27423\" data-separator=\",\" data-decimal=\".\">0<\/div><div id=\"counter_166708125069f1a742e125a\"  data-ultimate-target='#counter-responsv-wrap-9435 .stats-text'  data-responsive-json-new='{\"font-size\":\"desktop:18px;\",\"line-height\":\"\"}'  class=\"stats-text ult-responsive\" style=\"font-size:px; color:#ffffff; \">clientes j\u00e1 reservaram conosco \ud83d\ude42<\/div><\/div><\/div>[\/vc_column][vc_column width=&#8221;1\/4&#8243;]<div class=\"stats-block stats-left   stat_counter\"><div class=\"aio-icon-left\"><div class=\"ult-just-icon-wrapper   just_icon\"><div class=\"align-icon\" style=\"text-align:center;\"><\/div><\/div><\/div><div class=\"stats-desc\" id=\"counter-responsv-wrap-7809\"><div class=\"counter_prefix mycust ult-responsive\"  data-ultimate-target='#counter-responsv-wrap-7809 .mycust'  data-responsive-json-new='{\"font-size\":\"desktop:25px;\",\"line-height\":\"\"}'  style=\" font-weight:bold;color:#ffdc00\">+ DE<\/div><div id=\"counter_388398079569f1a742e12f4\" data-id=\"counter_388398079569f1a742e12f4\"  data-ultimate-target='#counter-responsv-wrap-7809 .stats-number'  data-responsive-json-new='{\"font-size\":\"desktop:57px;\",\"line-height\":\"\"}'  class=\"stats-number ult-responsive\" style=\" color:#ffffff; color:#ffdc00;\" data-speed=\"3\" data-counter-value=\"8124\" data-separator=\",\" data-decimal=\".\">0<\/div><div id=\"counter_388398079569f1a742e12f4\"  data-ultimate-target='#counter-responsv-wrap-7809 .stats-text'  data-responsive-json-new='{\"font-size\":\"desktop:18px;\",\"line-height\":\"\"}'  class=\"stats-text ult-responsive\" style=\"font-size:px; color:#ffffff; \">seguidores em nosso instagram!<\/div><\/div><\/div>[\/vc_column][vc_column width=&#8221;1\/4&#8243;]<div class=\"stats-block stats-left   stat_counter\"><div class=\"aio-icon-left\"><div class=\"ult-just-icon-wrapper   just_icon\"><div class=\"align-icon\" style=\"text-align:center;\"><\/div><\/div><\/div><div class=\"stats-desc\" id=\"counter-responsv-wrap-4955\"><div class=\"counter_prefix mycust ult-responsive\"  data-ultimate-target='#counter-responsv-wrap-4955 .mycust'  data-responsive-json-new='{\"font-size\":\"desktop:25px;\",\"line-height\":\"\"}'  style=\" font-weight:bold;color:#ffdc00\">+ DE<\/div><div id=\"counter_357177755969f1a742e1389\" data-id=\"counter_357177755969f1a742e1389\"  data-ultimate-target='#counter-responsv-wrap-4955 .stats-number'  data-responsive-json-new='{\"font-size\":\"desktop:57px;\",\"line-height\":\"\"}'  class=\"stats-number ult-responsive\" style=\" color:#ffffff; color:#ffdc00;\" data-speed=\"3\" data-counter-value=\"12146\" data-separator=\",\" data-decimal=\".\">0<\/div><div id=\"counter_357177755969f1a742e1389\"  data-ultimate-target='#counter-responsv-wrap-4955 .stats-text'  data-responsive-json-new='{\"font-size\":\"desktop:18px;\",\"line-height\":\"\"}'  class=\"stats-text ult-responsive\" style=\"font-size:px; color:#ffffff; \">LIKES em nossa p\u00e1gina do Facebook!<\/div><\/div><\/div>[\/vc_column][\/vc_row]\n","protected":false},"excerpt":{"rendered":"<p>[vc_row full_width=&#8221;stretch_row_content_no_spaces&#8221; bg_type=&#8221;bg_color&#8221; bg_color_value=&#8221;#ffffff&#8221;][vc_column][\/vc_column][\/vc_row][vc_row full_width=&#8221;stretch_row_content_no_spaces&#8221; bg_type=&#8221;bg_color&#8221; seperator_enable=&#8221;seperator_enable_value&#8221; seperator_type=&#8221;triangle_svg_seperator&#8221; seperator_shape_background=&#8221;#ffffff&#8221; bg_color_value=&#8221;#0473aa&#8221;][vc_column][vc_column_text][\/vc_column_text][\/vc_column][\/vc_row][vc_row bg_type=&#8221;bg_color&#8221; seperator_enable=&#8221;seperator_enable_value&#8221; seperator_type=&#8221;triangle_svg_seperator&#8221; seperator_shape_background=&#8221;#0473aa&#8221; bg_color_value=&#8221;#f7f7f7&#8243;][vc_column][vc_column_text] Clique abaixo e acesse o SITE OFICIAL de nossos estabelecimentos: [\/vc_column_text][vc_gallery interval=&#8221;5&#8243; images=&#8221;31154,31155,31156&#8243; img_size=&#8221;full&#8221; onclick=&#8221;custom_link&#8221; custom_links_target=&#8221;_blank&#8221; custom_links=&#8221;#E-8_aHR0cHMlM0ElMkYlMkZ3d3cucG91c2FkYWVscGF0aW8uY29tLmJyJTJGc2l0ZSUyQ2h0dHBzJTNBJTJGJTJGd3d3LnBvdXNhZGFjYW5vYWF6dWwuY29tLmJyJTJGc2l0ZSUyQ2h0dHBzJTNBJTJGJTJGd3d3LnBvdXNhZGFiZWxlemFwdXJhLmNvbS5iciUyRg==&#8221;][\/vc_column][\/vc_row][vc_row equal_height=&#8221;yes&#8221; bg_type=&#8221;bg_color&#8221; bg_override=&#8221;ex-full&#8221; seperator_enable=&#8221;seperator_enable_value&#8221; seperator_type=&#8221;triangle_svg_seperator&#8221; seperator_shape_background=&#8221;#f7f7f7&#8243; css=&#8221;.vc_custom_1669823597878{padding-top: 40px !important;padding-right: 5px !important;padding-bottom: 50px !important;padding-left: 5px !important;background-color: #ffffff !important;}&#8221; bg_color_value=&#8221;#eded8b&#8221;][vc_column][vc_basic_grid post_type=&#8221;post&#8221; max_items=&#8221;-1&#8243; element_width=&#8221;3&#8243; orderby=&#8221;rand&#8221; item=&#8221;18244&#8243; grid_id=&#8221;vc_gid:1757647468306-9deb6886-60f0-6&#8243;][\/vc_column][\/vc_row][vc_row full_width=&#8221;stretch_row_content_no_spaces&#8221; equal_height=&#8221;yes&#8221; bg_type=&#8221;image&#8221; parallax_style=&#8221;vcpb-default&#8221; bg_image_new=&#8221;id^28756|url^http:\/\/www.praiadaferrugem.net\/aluguel\/wp-content\/uploads\/2020\/08\/2.jpg|caption^null|alt^null|title^2|description^null&#8221; bg_image_repeat=&#8221;no-repeat&#8221; bg_img_attach=&#8221;fixed&#8221; parallax_content=&#8221;parallax_content_value&#8221; &#8230;<\/p>\n","protected":false},"author":1,"featured_media":0,"parent":0,"menu_order":0,"comment_status":"closed","ping_status":"closed","template":"","meta":[],"_links":{"self":[{"href":"https:\/\/www.praiadaferrugem.net\/aluguel\/wp-json\/wp\/v2\/pages\/17707"}],"collection":[{"href":"https:\/\/www.praiadaferrugem.net\/aluguel\/wp-json\/wp\/v2\/pages"}],"about":[{"href":"https:\/\/www.praiadaferrugem.net\/aluguel\/wp-json\/wp\/v2\/types\/page"}],"author":[{"embeddable":true,"href":"https:\/\/www.praiadaferrugem.net\/aluguel\/wp-json\/wp\/v2\/users\/1"}],"replies":[{"embeddable":true,"href":"https:\/\/www.praiadaferrugem.net\/aluguel\/wp-json\/wp\/v2\/comments?post=17707"}],"version-history":[{"count":153,"href":"https:\/\/www.praiadaferrugem.net\/aluguel\/wp-json\/wp\/v2\/pages\/17707\/revisions"}],"predecessor-version":[{"id":32377,"href":"https:\/\/www.praiadaferrugem.net\/aluguel\/wp-json\/wp\/v2\/pages\/17707\/revisions\/32377"}],"wp:attachment":[{"href":"https:\/\/www.praiadaferrugem.net\/aluguel\/wp-json\/wp\/v2\/media?parent=17707"}],"curies":[{"name":"wp","href":"https:\/\/api.w.org\/{rel}","templated":true}]}}